{"id":11403,"date":"2017-01-15T17:11:33","date_gmt":"2017-01-15T16:11:33","guid":{"rendered":"https:\/\/www.gymnasium-rhauderfehn.de\/?page_id=11403"},"modified":"2022-04-18T15:13:16","modified_gmt":"2022-04-18T13:13:16","slug":"bildung-fuer-nachhaltige-entwicklung-bne","status":"publish","type":"page","link":"https:\/\/www.gymnasium-rhauderfehn.de\/?page_id=11403","title":{"rendered":"Bildung f\u00fcr nachhaltige Entwicklung (BNE)"},"content":{"rendered":"<table style=\"border-collapse: collapse; width: 100%;\">\n<tbody>\n<tr>\n<td style=\"width: 78.9806%;\">\n<h1>BILDUNG F\u00dcR NACHHALTIGE ENTWICKLUNG &#8211; was ist das?<\/h1>\n<\/td>\n<td style=\"width: 1.11607%;\">&nbsp;<\/td>\n<td style=\"width: 33.3333%;\">&nbsp;<\/td>\n<\/tr>\n<\/tbody>\n<\/table>\n<p><strong>BNE<\/strong> ist die Abk\u00fcrzung von Bildung f\u00fcr nachhaltige Entwicklung.<\/p>\n<p>Gemeint ist eine Bildung, die Menschen zu komplexem, zukunftsf\u00e4higem Denken und empathischem Handeln bef\u00e4higt: Wie beeinflussen meine Entscheidungen in der Gegenwart das aktuelle und zuk\u00fcnftige Leben auf diesem Planeten? Welche Auswirkungen hat mein Konsumverhalten, die Wahl meines Fortbewegungsmittels, mein Energieverbrauch?<\/p>\n<p>Gleichzeitig geht eine Bildung f\u00fcr nachhaltige Entwicklung \u00fcber die reine Wissensvermittlung zum Klimawandel und seine Folgen hinaus. Durch eigenes Engagement machen die Sch\u00fcler:innen Selbstwirksamkeitserfahrungen und erleben ihre Handlungskompetenz. Dies gilt es besonders durch den Whole School und Whole System Approach zu f\u00f6rdern.<\/p>\n<p>F\u00fcr Interessierte geht es zum besseren Verst\u00e4ndnis hier entlang:&nbsp;<a href=\"https:\/\/www.youtube.com\/watch?v=dQqBvjcB7CM\">https:\/\/www.youtube.com\/watch?v=dQqBvjcB7CM<\/a><\/p>\n<p>Der Bildungsforscher Prof. Gerhard de Haan spricht in einer Vortragsveranstaltung der Universit\u00e4t G\u00f6ttingen (2019) \u00fcber die Frage &#8222;Was ist gute Bildung f\u00fcr nachhaltige Entwicklung?&#8220;<\/p>\n<p>&nbsp;<\/p>\n<p><strong>Erlasse und Bez\u00fcge: <\/strong><\/p>\n<ul>\n<li><strong>Nationaler Aktionsplan<\/strong> Bildung f\u00fcr nachhaltige Entwicklung als Deutscher Beitrag zum <strong>UNESCO-Weltaktionsprogramm<\/strong><\/li>\n<li><strong>Orientierungsrahmen f\u00fcr den Lernbereich Globale Entwicklung<\/strong> (BMZ, KMK-Bericht, 2007 und 2. aktualisierte und erweiterte Auflage 2020). G\u00fcltig f\u00fcr alle schulischen F\u00e4cher.<\/li>\n<li><strong>Erlass de Kultusministeriums: <\/strong>Bildung f\u00fcr nachhaltige Entwicklung (BNE) an \u00f6ffentlichen allgemein bildenden und berufsbildenden Schulen sowie Schulen in freier Tr\u00e4gerschaft. RdErl. d. MK v. 1.3.2021 &#8211; Az. 23.5 80009\/1 -VORIS 22410 (G\u00fcltigkeit vom 1.6.2021 bis 31.12.2026)<\/li>\n<li><strong>Schulkonzept BNE<\/strong> des Albrecht-Weinberg-Gymnasiums Rhauderfehn (seit 2014 bestehend, 2020 aktualisiert)<\/li>\n<li><strong>Fachcurricula: <\/strong>Besondere BNE Verpflichtung in den Fachcurricula und schuleigenen Curricula der F\u00e4cher Biologie und Erdkunde<\/li>\n<\/ul>\n<p><strong>Zielsetzung: <\/strong><\/p>\n<p>Die Zielsetzung des Konzepts zur F\u00f6rderung einer BNE (kurz BNE Konzept) am Albrecht-Weinberg-Gymnasium Rhauderfehn ist es, die fachspezifischen curricularen Vorgaben insbesondere der F\u00e4cher Erdkunde und Biologie zu erf\u00fcllen und in besonderem Ma\u00dfe die Kernkompetenzen Erkennen, Bewerten und Handeln durch einen f\u00e4cherverbindenden Ansatz zu f\u00f6rdern.<\/p>\n<p>Mit der Gr\u00fcndung des <strong>Teams for Future<\/strong>, einer aus Sch\u00fcler:innen, Lehrer:innen und Eltern des Albrecht-Weinberg-Gymnasiums bestehenden Gruppe, die sich f\u00fcr mehr Nachhaltigkeit im Schulleben engagiert, wird dem <strong>Whole School Approach<\/strong> Rechnung getragen.<\/p>\n<p>&nbsp;<\/p>\n<p><strong>Beteiligte Personen und ihre Aufgaben<br \/>\n<\/strong><\/p>\n<p>Katharina Killmann&nbsp;&nbsp;&nbsp;&nbsp;&nbsp; Oberstudienr\u00e4tin,Fachkonferenzleitung Erdkunde<\/p>\n<p style=\"padding-left: 160px;\">BNE-Multiplikatorin des Landes Niedersachsen (NLQ)<\/p>\n<p>Dr. Sabine Baumann&nbsp;&nbsp; Oberstudienr\u00e4tin, Fachkonferenzleitung Biologie<\/p>\n<p>Tina Redenius &nbsp; &nbsp; &nbsp; &nbsp; &nbsp; &nbsp; Studiendirektorin, BNE-Ansprechpartnerin des Albrecht-Weinberg-Gymnasiums<\/p>\n<table style=\"border-collapse: collapse; width: 100%;\">\n<tbody>\n<tr>\n<td style=\"width: 100%;\">\n<h2><img loading=\"lazy\" decoding=\"async\" class=\"\" src=\"https:\/\/www.gymnasium-rhauderfehn.de\/wp-content\/uploads\/2017\/01\/Sustainable-Development-Goals_icons-01-e1533414326361.jpg\" alt=\"\" width=\"103\" height=\"103\"><img loading=\"lazy\" decoding=\"async\" class=\"\" src=\"https:\/\/www.gymnasium-rhauderfehn.de\/wp-content\/uploads\/2017\/01\/Sustainable-Development-Goals_icons-02.jpg\" alt=\"\" width=\"103\" height=\"103\"><img loading=\"lazy\" decoding=\"async\" class=\"\" title=\"\" src=\"https:\/\/www.gymnasium-rhauderfehn.de\/wp-content\/uploads\/2017\/01\/Sustainable-Development-Goals_icons-03.jpg\" alt=\"\" width=\"103\" height=\"103\"><img loading=\"lazy\" decoding=\"async\" class=\"\" title=\"\" src=\"https:\/\/www.gymnasium-rhauderfehn.de\/wp-content\/uploads\/2017\/01\/Sustainable-Development-Goals_icons-04.jpg\" alt=\"\" width=\"103\" height=\"103\"><img loading=\"lazy\" decoding=\"async\" class=\"\" title=\"\" src=\"https:\/\/www.gymnasium-rhauderfehn.de\/wp-content\/uploads\/2017\/01\/Sustainable-Development-Goals_icons-05.jpg\" alt=\"\" width=\"104\" height=\"104\"><img loading=\"lazy\" decoding=\"async\" class=\"\" title=\"\" src=\"https:\/\/www.gymnasium-rhauderfehn.de\/wp-content\/uploads\/2017\/01\/Sustainable-Development-Goals_icons-06.jpg\" alt=\"\" width=\"103\" height=\"103\"><img loading=\"lazy\" decoding=\"async\" class=\"\" title=\"\" src=\"https:\/\/www.gymnasium-rhauderfehn.de\/wp-content\/uploads\/2017\/01\/Sustainable-Development-Goals_icons-07.jpg\" alt=\"\" width=\"103\" height=\"103\"><\/h2>\n<p><img loading=\"lazy\" decoding=\"async\" class=\"\" title=\"\" src=\"https:\/\/www.gymnasium-rhauderfehn.de\/wp-content\/uploads\/2017\/01\/Sustainable-Development-Goals_icons-08.jpg\" alt=\"\" width=\"102\" height=\"102\"><img loading=\"lazy\" decoding=\"async\" class=\"\" title=\"\" src=\"https:\/\/www.gymnasium-rhauderfehn.de\/wp-content\/uploads\/2017\/01\/Sustainable-Development-Goals_icons-09.jpg\" alt=\"\" width=\"103\" height=\"103\"><img loading=\"lazy\" decoding=\"async\" class=\"\" title=\"\" src=\"https:\/\/www.gymnasium-rhauderfehn.de\/wp-content\/uploads\/2017\/01\/Sustainable-Development-Goals_icons-10.jpg\" alt=\"\" width=\"102\" height=\"102\"><img loading=\"lazy\" decoding=\"async\" class=\"\" title=\"\" src=\"https:\/\/www.gymnasium-rhauderfehn.de\/wp-content\/uploads\/2017\/01\/Sustainable-Development-Goals_icons-11.jpg\" alt=\"\" width=\"103\" height=\"103\"><img loading=\"lazy\" decoding=\"async\" class=\"\" title=\"\" src=\"https:\/\/www.gymnasium-rhauderfehn.de\/wp-content\/uploads\/2017\/01\/Sustainable-Development-Goals_icons-12.jpg\" alt=\"\" width=\"103\" height=\"103\"><img loading=\"lazy\" decoding=\"async\" class=\"\" title=\"\" src=\"https:\/\/www.gymnasium-rhauderfehn.de\/wp-content\/uploads\/2017\/01\/Sustainable-Development-Goals_icons-13.jpg\" alt=\"\" width=\"103\" height=\"103\"><img loading=\"lazy\" decoding=\"async\" class=\"\" title=\"\" src=\"https:\/\/www.gymnasium-rhauderfehn.de\/wp-content\/uploads\/2017\/01\/Sustainable-Development-Goals_icons-14.jpg\" alt=\"\" width=\"103\" height=\"103\"><\/p>\n<h2><img loading=\"lazy\" decoding=\"async\" class=\"\" title=\"\" src=\"https:\/\/www.gymnasium-rhauderfehn.de\/wp-content\/uploads\/2017\/01\/Sustainable-Development-Goals_icons-15.jpg\" alt=\"\" width=\"103\" height=\"103\"><img loading=\"lazy\" decoding=\"async\" class=\"\" title=\"\" src=\"https:\/\/www.gymnasium-rhauderfehn.de\/wp-content\/uploads\/2017\/01\/Sustainable-Development-Goals_icons-16.jpg\" alt=\"\" width=\"103\" height=\"103\"><img loading=\"lazy\" decoding=\"async\" class=\"\" title=\"\" src=\"https:\/\/www.gymnasium-rhauderfehn.de\/wp-content\/uploads\/2017\/01\/Sustainable-Development-Goals_icons-17.jpg\" alt=\"\" width=\"103\" height=\"103\"><\/h2>\n<p><strong>Siehe auch<\/strong>: https:\/\/www.kmk.org\/fileadmin\/veroeffentlichungen_beschluesse\/2015\/2015_06_00-Orientierungsrahmen-Globale-Entwicklung.pdf<\/td>\n<\/tr>\n<\/tbody>\n<\/table>\n<p>&nbsp;<\/p>\n<h1 style=\"text-align: center;\"><strong>Alle Projekte im Bereich Bildung f\u00fcr nachhaltige Entwicklung (BNE) und Klimaschutz<\/strong><\/h1>\n<table style=\"height: 12298px; width: 101.243%;\" width=\"976\">\n<thead>\n<tr style=\"height: 22px;\">\n<td style=\"height: 22px; width: 11.6071%;\"><strong>&nbsp;Schuljahr<\/strong><\/td>\n<td style=\"height: 22px; width: 37.7232%;\"><strong>&nbsp;Projektbezeichnung<\/strong><\/td>\n<td style=\"height: 22px; width: 12.5%;\"><strong>F\u00e4cherbezug und Beteiligte<\/strong><\/td>\n<td style=\"height: 22px; width: 39.3032%;\"><strong>&nbsp;Dokumentation\/ Fotos<\/strong><\/td>\n<\/tr>\n<\/thead>\n<tbody>\n<tr style=\"height: 314px;\">\n<td style=\"height: 314px; width: 11.6071%;\">&nbsp;J\u00e4hrlich<\/p>\n<p>&nbsp;<\/p>\n<p>&nbsp;<\/p>\n<p>&nbsp;<\/p>\n<p>&nbsp;<\/p>\n<p>&nbsp;<\/p>\n<p>&nbsp;<\/td>\n<td style=\"height: 314px; width: 37.7232%;\">Besuch des <strong>Klimahaus Bremerhaven<\/strong> unter besonderer Ber\u00fccksichtigung der Mensch-Umwelt Beziehungen und Formen der nachhaltigen Bewirtschaftung in Abh\u00e4ngigkeit der klimatischen Voraussetzungen.<\/p>\n<p><img loading=\"lazy\" decoding=\"async\" src=\"https:\/\/www.gymnasium-rhauderfehn.de\/wp-content\/uploads\/2017\/01\/Sustainable-Development-Goals_icons-13.jpg\" alt=\"\" width=\"90\" height=\"90\"><\/td>\n<td style=\"height: 314px; width: 12.5%;\">&nbsp;Erdkunde<\/td>\n<td style=\"height: 314px; width: 39.3032%;\">&nbsp;<a href=\"https:\/\/www.gymnasium-rhauderfehn.de\/wp-content\/uploads\/2017\/01\/1-DSCI0092-001.jpg\"><img loading=\"lazy\" decoding=\"async\" class=\"alignnone wp-image-11420\" src=\"https:\/\/www.gymnasium-rhauderfehn.de\/wp-content\/uploads\/2017\/01\/1-DSCI0092-001-300x225.jpg\" alt=\"20170116_v1.0_klimahaus\" width=\"237\" height=\"178\" srcset=\"https:\/\/www.gymnasium-rhauderfehn.de\/wp-content\/uploads\/2017\/01\/1-DSCI0092-001-300x225.jpg 300w, https:\/\/www.gymnasium-rhauderfehn.de\/wp-content\/uploads\/2017\/01\/1-DSCI0092-001.jpg 800w\" sizes=\"auto, (max-width: 237px) 100vw, 237px\" \/><\/a><\/td>\n<\/tr>\n<tr>\n<td style=\"width: 11.6071%;\">&nbsp;<\/td>\n<td style=\"width: 37.7232%;\">&nbsp;<\/td>\n<td style=\"width: 12.5%;\">&nbsp;<\/td>\n<td style=\"width: 39.3032%;\">&nbsp;<\/td>\n<\/tr>\n<tr>\n<td style=\"width: 11.6071%;\">Mai 2021<\/td>\n<td style=\"width: 37.7232%;\">Teilnahme am CitizenScience-Projekt des Bundesministeriums f\u00fcr Bildung und Forschung &#8222;<strong>Expedition ins Erdreich&#8220;<\/strong><\/p>\n<p>Bodenforschung anhand des Tea-bag Index<\/p>\n<p><a href=\"https:\/\/www.gymnasium-rhauderfehn.de\/wp-content\/uploads\/2017\/01\/Sustainable-Development-Goals_icons-15.jpg\"><img loading=\"lazy\" decoding=\"async\" class=\"alignnone wp-image-13970\" src=\"https:\/\/www.gymnasium-rhauderfehn.de\/wp-content\/uploads\/2017\/01\/Sustainable-Development-Goals_icons-15-300x300.jpg\" alt=\"\" width=\"101\" height=\"101\" srcset=\"https:\/\/www.gymnasium-rhauderfehn.de\/wp-content\/uploads\/2017\/01\/Sustainable-Development-Goals_icons-15-300x300.jpg 300w, https:\/\/www.gymnasium-rhauderfehn.de\/wp-content\/uploads\/2017\/01\/Sustainable-Development-Goals_icons-15-150x150.jpg 150w, https:\/\/www.gymnasium-rhauderfehn.de\/wp-content\/uploads\/2017\/01\/Sustainable-Development-Goals_icons-15.jpg 886w\" sizes=\"auto, (max-width: 101px) 100vw, 101px\" \/><\/a> <a href=\"https:\/\/www.gymnasium-rhauderfehn.de\/wp-content\/uploads\/2017\/01\/Sustainable-Development-Goals_icons-13.jpg\"><img loading=\"lazy\" decoding=\"async\" class=\"alignnone wp-image-13968\" src=\"https:\/\/www.gymnasium-rhauderfehn.de\/wp-content\/uploads\/2017\/01\/Sustainable-Development-Goals_icons-13-300x300.jpg\" alt=\"\" width=\"102\" height=\"102\" srcset=\"https:\/\/www.gymnasium-rhauderfehn.de\/wp-content\/uploads\/2017\/01\/Sustainable-Development-Goals_icons-13-300x300.jpg 300w, https:\/\/www.gymnasium-rhauderfehn.de\/wp-content\/uploads\/2017\/01\/Sustainable-Development-Goals_icons-13-150x150.jpg 150w, https:\/\/www.gymnasium-rhauderfehn.de\/wp-content\/uploads\/2017\/01\/Sustainable-Development-Goals_icons-13.jpg 886w\" sizes=\"auto, (max-width: 102px) 100vw, 102px\" \/><\/a> <a href=\"https:\/\/www.gymnasium-rhauderfehn.de\/wp-content\/uploads\/2017\/01\/Sustainable-Development-Goals_icons-04.jpg\"><img loading=\"lazy\" decoding=\"async\" class=\"alignnone wp-image-13959\" src=\"https:\/\/www.gymnasium-rhauderfehn.de\/wp-content\/uploads\/2017\/01\/Sustainable-Development-Goals_icons-04-300x300.jpg\" alt=\"\" width=\"103\" height=\"103\" srcset=\"https:\/\/www.gymnasium-rhauderfehn.de\/wp-content\/uploads\/2017\/01\/Sustainable-Development-Goals_icons-04-300x300.jpg 300w, https:\/\/www.gymnasium-rhauderfehn.de\/wp-content\/uploads\/2017\/01\/Sustainable-Development-Goals_icons-04-150x150.jpg 150w, https:\/\/www.gymnasium-rhauderfehn.de\/wp-content\/uploads\/2017\/01\/Sustainable-Development-Goals_icons-04.jpg 886w\" sizes=\"auto, (max-width: 103px) 100vw, 103px\" \/><\/a><\/td>\n<td style=\"width: 12.5%;\">Team for Future<\/td>\n<td style=\"width: 39.3032%;\"><a href=\"https:\/\/www.gymnasium-rhauderfehn.de\/wp-content\/uploads\/2021\/04\/Exp_Erdreich_KV_450x253.jpg\"><img loading=\"lazy\" decoding=\"async\" class=\"alignnone size-medium wp-image-17987\" src=\"https:\/\/www.gymnasium-rhauderfehn.de\/wp-content\/uploads\/2021\/04\/Exp_Erdreich_KV_450x253-300x169.jpg\" alt=\"\" width=\"300\" height=\"169\" srcset=\"https:\/\/www.gymnasium-rhauderfehn.de\/wp-content\/uploads\/2021\/04\/Exp_Erdreich_KV_450x253-300x169.jpg 300w, https:\/\/www.gymnasium-rhauderfehn.de\/wp-content\/uploads\/2021\/04\/Exp_Erdreich_KV_450x253.jpg 450w\" sizes=\"auto, (max-width: 300px) 100vw, 300px\" \/><\/a><\/td>\n<\/tr>\n<tr>\n<td style=\"width: 11.6071%;\">April bis Juni 2021<\/td>\n<td style=\"width: 37.7232%;\">Teilnahme am virtuellen Sch\u00fcleraustausch mit Irland \u00fcber das Goethe Institut Irland in Kooperation mit BildungsCent e.V.<\/p>\n<p>&nbsp;<\/p>\n<p>Sch\u00fcler:innen des Albrecht-Weinberg Gymnasiums der Klassen 6 bis 11 kooperieren mit irischen Sch\u00fcler:innen in deutscher und englischer Sprache. Sie \u00fcberlegen sich gemeinsam, mit welchen Projekten das Schulleben an ihrer jeweiligen Schule nachhaltiger gestaltet werden kann.<\/p>\n<p><a href=\"https:\/\/www.gymnasium-rhauderfehn.de\/wp-content\/uploads\/2017\/01\/Sustainable-Development-Goals_icons-04.jpg\"><img loading=\"lazy\" decoding=\"async\" class=\"alignnone wp-image-13959\" src=\"https:\/\/www.gymnasium-rhauderfehn.de\/wp-content\/uploads\/2017\/01\/Sustainable-Development-Goals_icons-04-300x300.jpg\" alt=\"\" width=\"103\" height=\"103\" srcset=\"https:\/\/www.gymnasium-rhauderfehn.de\/wp-content\/uploads\/2017\/01\/Sustainable-Development-Goals_icons-04-300x300.jpg 300w, https:\/\/www.gymnasium-rhauderfehn.de\/wp-content\/uploads\/2017\/01\/Sustainable-Development-Goals_icons-04-150x150.jpg 150w, https:\/\/www.gymnasium-rhauderfehn.de\/wp-content\/uploads\/2017\/01\/Sustainable-Development-Goals_icons-04.jpg 886w\" sizes=\"auto, (max-width: 103px) 100vw, 103px\" \/><\/a> <a href=\"https:\/\/www.gymnasium-rhauderfehn.de\/wp-content\/uploads\/2017\/01\/Sustainable-Development-Goals_icons-17.jpg\"><img loading=\"lazy\" decoding=\"async\" class=\"alignnone wp-image-13972\" src=\"https:\/\/www.gymnasium-rhauderfehn.de\/wp-content\/uploads\/2017\/01\/Sustainable-Development-Goals_icons-17-300x300.jpg\" alt=\"\" width=\"103\" height=\"103\" srcset=\"https:\/\/www.gymnasium-rhauderfehn.de\/wp-content\/uploads\/2017\/01\/Sustainable-Development-Goals_icons-17-300x300.jpg 300w, https:\/\/www.gymnasium-rhauderfehn.de\/wp-content\/uploads\/2017\/01\/Sustainable-Development-Goals_icons-17-150x150.jpg 150w, https:\/\/www.gymnasium-rhauderfehn.de\/wp-content\/uploads\/2017\/01\/Sustainable-Development-Goals_icons-17.jpg 886w\" sizes=\"auto, (max-width: 103px) 100vw, 103px\" \/><\/a> <a href=\"https:\/\/www.gymnasium-rhauderfehn.de\/wp-content\/uploads\/2017\/01\/Sustainable-Development-Goals_icons-13.jpg\"><img loading=\"lazy\" decoding=\"async\" class=\"alignnone wp-image-13968\" src=\"https:\/\/www.gymnasium-rhauderfehn.de\/wp-content\/uploads\/2017\/01\/Sustainable-Development-Goals_icons-13-300x300.jpg\" alt=\"\" width=\"103\" height=\"103\" srcset=\"https:\/\/www.gymnasium-rhauderfehn.de\/wp-content\/uploads\/2017\/01\/Sustainable-Development-Goals_icons-13-300x300.jpg 300w, https:\/\/www.gymnasium-rhauderfehn.de\/wp-content\/uploads\/2017\/01\/Sustainable-Development-Goals_icons-13-150x150.jpg 150w, https:\/\/www.gymnasium-rhauderfehn.de\/wp-content\/uploads\/2017\/01\/Sustainable-Development-Goals_icons-13.jpg 886w\" sizes=\"auto, (max-width: 103px) 100vw, 103px\" \/><\/a><\/td>\n<td style=\"width: 12.5%;\">Erdkunde, Schul-gemeinschaft und Team for Future<\/td>\n<td style=\"width: 39.3032%;\"><a href=\"https:\/\/www.gymnasium-rhauderfehn.de\/wp-content\/uploads\/2020\/11\/banner-formatkey-jpg-w983.jpg\"><img loading=\"lazy\" decoding=\"async\" class=\"alignnone size-medium wp-image-17947\" src=\"https:\/\/www.gymnasium-rhauderfehn.de\/wp-content\/uploads\/2020\/11\/banner-formatkey-jpg-w983-300x130.jpg\" alt=\"\" width=\"300\" height=\"130\" srcset=\"https:\/\/www.gymnasium-rhauderfehn.de\/wp-content\/uploads\/2020\/11\/banner-formatkey-jpg-w983-300x130.jpg 300w, https:\/\/www.gymnasium-rhauderfehn.de\/wp-content\/uploads\/2020\/11\/banner-formatkey-jpg-w983-768x334.jpg 768w, https:\/\/www.gymnasium-rhauderfehn.de\/wp-content\/uploads\/2020\/11\/banner-formatkey-jpg-w983.jpg 983w\" sizes=\"auto, (max-width: 300px) 100vw, 300px\" \/><\/a><\/td>\n<\/tr>\n<tr style=\"height: 488px;\">\n<td style=\"width: 11.6071%; height: 488px;\">25. M\u00e4rz 2021<\/td>\n<td style=\"width: 37.7232%; height: 488px;\">Teilnahme am KlimaWissen-Projekttag der Universit\u00e4t Oldenburg und am anschlie\u00dfenden KlimaTalk mit den Wissenschaftler:innen Mara Heinrichs (Universit\u00e4t Oldenburg, ICBM) und Nicolas Stoll (Alfred-Wegener-Institut) mit der Klasse 8S1 sowie Sch\u00fcler:innen der KLassen 7B und 7S2.<\/p>\n<p>Die Sch\u00fcler:innen haben sich zur Vorbereitung auf den Klimatalk zun\u00e4chst die Fachvortr\u00e4ge der Wissenschaftler:innen per Videostream angeschaut. Diese haben wir im Unterricht nachbesprochen.<\/p>\n<p>Daraus entwickelten sich dann verschiedene Fachfragen, die sich die Sch\u00fcler:innen selbst\u00e4ndig f\u00fcr den Klimtalk am 25.03. \u00fcberlegt und im Plenum mutig gestellt haben.<\/p>\n<p>Inhaltliche Ankn\u00fcpfung waren die Themen &#8222;Meere und Ozeane&#8220; in Klasse 7 und &#8222;Klimazonen&#8220; in Erdkunde Klasse 8<\/p>\n<p><a href=\"https:\/\/www.gymnasium-rhauderfehn.de\/wp-content\/uploads\/2017\/01\/Sustainable-Development-Goals_icons-04.jpg\"><img loading=\"lazy\" decoding=\"async\" class=\"alignnone wp-image-13959\" src=\"https:\/\/www.gymnasium-rhauderfehn.de\/wp-content\/uploads\/2017\/01\/Sustainable-Development-Goals_icons-04-300x300.jpg\" alt=\"\" width=\"103\" height=\"103\" srcset=\"https:\/\/www.gymnasium-rhauderfehn.de\/wp-content\/uploads\/2017\/01\/Sustainable-Development-Goals_icons-04-300x300.jpg 300w, https:\/\/www.gymnasium-rhauderfehn.de\/wp-content\/uploads\/2017\/01\/Sustainable-Development-Goals_icons-04-150x150.jpg 150w, https:\/\/www.gymnasium-rhauderfehn.de\/wp-content\/uploads\/2017\/01\/Sustainable-Development-Goals_icons-04.jpg 886w\" sizes=\"auto, (max-width: 103px) 100vw, 103px\" \/><\/a> <a href=\"https:\/\/www.gymnasium-rhauderfehn.de\/wp-content\/uploads\/2017\/01\/Sustainable-Development-Goals_icons-14.jpg\"><img loading=\"lazy\" decoding=\"async\" class=\"alignnone wp-image-13969\" src=\"https:\/\/www.gymnasium-rhauderfehn.de\/wp-content\/uploads\/2017\/01\/Sustainable-Development-Goals_icons-14-300x300.jpg\" alt=\"\" width=\"103\" height=\"103\" srcset=\"https:\/\/www.gymnasium-rhauderfehn.de\/wp-content\/uploads\/2017\/01\/Sustainable-Development-Goals_icons-14-300x300.jpg 300w, https:\/\/www.gymnasium-rhauderfehn.de\/wp-content\/uploads\/2017\/01\/Sustainable-Development-Goals_icons-14-150x150.jpg 150w, https:\/\/www.gymnasium-rhauderfehn.de\/wp-content\/uploads\/2017\/01\/Sustainable-Development-Goals_icons-14.jpg 886w\" sizes=\"auto, (max-width: 103px) 100vw, 103px\" \/><\/a><\/td>\n<td style=\"width: 12.5%; height: 488px;\">Erdkunde<\/td>\n<td style=\"width: 39.3032%; height: 488px;\"><a href=\"https:\/\/www.gymnasium-rhauderfehn.de\/wp-content\/uploads\/2021\/04\/Sharepic.png\"><img loading=\"lazy\" decoding=\"async\" class=\"alignnone size-medium wp-image-17975\" src=\"https:\/\/www.gymnasium-rhauderfehn.de\/wp-content\/uploads\/2021\/04\/Sharepic-300x300.png\" alt=\"\" width=\"300\" height=\"300\" srcset=\"https:\/\/www.gymnasium-rhauderfehn.de\/wp-content\/uploads\/2021\/04\/Sharepic-300x300.png 300w, https:\/\/www.gymnasium-rhauderfehn.de\/wp-content\/uploads\/2021\/04\/Sharepic-1024x1024.png 1024w, https:\/\/www.gymnasium-rhauderfehn.de\/wp-content\/uploads\/2021\/04\/Sharepic-150x150.png 150w, https:\/\/www.gymnasium-rhauderfehn.de\/wp-content\/uploads\/2021\/04\/Sharepic-768x768.png 768w, https:\/\/www.gymnasium-rhauderfehn.de\/wp-content\/uploads\/2021\/04\/Sharepic.png 1080w\" sizes=\"auto, (max-width: 300px) 100vw, 300px\" \/><\/a><\/p>\n<p><a href=\"https:\/\/www.gymnasium-rhauderfehn.de\/wp-content\/uploads\/2021\/04\/3.png\"><img loading=\"lazy\" decoding=\"async\" class=\"alignnone size-medium wp-image-17984\" src=\"https:\/\/www.gymnasium-rhauderfehn.de\/wp-content\/uploads\/2021\/04\/3-300x300.png\" alt=\"\" width=\"300\" height=\"300\" srcset=\"https:\/\/www.gymnasium-rhauderfehn.de\/wp-content\/uploads\/2021\/04\/3-300x300.png 300w, https:\/\/www.gymnasium-rhauderfehn.de\/wp-content\/uploads\/2021\/04\/3-1024x1024.png 1024w, https:\/\/www.gymnasium-rhauderfehn.de\/wp-content\/uploads\/2021\/04\/3-150x150.png 150w, https:\/\/www.gymnasium-rhauderfehn.de\/wp-content\/uploads\/2021\/04\/3-768x768.png 768w, https:\/\/www.gymnasium-rhauderfehn.de\/wp-content\/uploads\/2021\/04\/3.png 1080w\" sizes=\"auto, (max-width: 300px) 100vw, 300px\" \/><\/a><\/td>\n<\/tr>\n<tr style=\"height: 295px;\">\n<td style=\"width: 11.6071%; height: 295px;\">M\u00e4rz 2021<\/td>\n<td style=\"width: 37.7232%; height: 295px;\">Teilnahme des Teams for Future am <strong>Wettbewerb des Kultusministeriums #ProjektErde<\/strong><\/p>\n<p>Wir haben unser Saatbombenprojekt in einem dreimin\u00fctigen Fim dokumentiert, gemeinsam das Storyboard, die Film- und Musikauswahl getroffen und sind nun sehr gespannt auf die R\u00fcckemldung aus Hannover<\/p>\n<p><a href=\"https:\/\/www.gymnasium-rhauderfehn.de\/wp-content\/uploads\/2017\/01\/Sustainable-Development-Goals_icons-04.jpg\"><img loading=\"lazy\" decoding=\"async\" class=\"alignnone wp-image-13959\" src=\"https:\/\/www.gymnasium-rhauderfehn.de\/wp-content\/uploads\/2017\/01\/Sustainable-Development-Goals_icons-04-300x300.jpg\" alt=\"\" width=\"103\" height=\"103\" srcset=\"https:\/\/www.gymnasium-rhauderfehn.de\/wp-content\/uploads\/2017\/01\/Sustainable-Development-Goals_icons-04-300x300.jpg 300w, https:\/\/www.gymnasium-rhauderfehn.de\/wp-content\/uploads\/2017\/01\/Sustainable-Development-Goals_icons-04-150x150.jpg 150w, https:\/\/www.gymnasium-rhauderfehn.de\/wp-content\/uploads\/2017\/01\/Sustainable-Development-Goals_icons-04.jpg 886w\" sizes=\"auto, (max-width: 103px) 100vw, 103px\" \/><\/a><\/td>\n<td style=\"width: 12.5%; height: 295px;\">Team for Future und Mitstreiter:innen aus der Schul-gemeinschaft<\/td>\n<td style=\"width: 39.3032%; height: 295px;\"><a href=\"https:\/\/www.gymnasium-rhauderfehn.de\/wp-content\/uploads\/2021\/04\/Vollbildaufzeichnung-07.04.2021-154143.jpg\"><img loading=\"lazy\" decoding=\"async\" class=\"alignnone size-medium wp-image-17935\" src=\"https:\/\/www.gymnasium-rhauderfehn.de\/wp-content\/uploads\/2021\/04\/Vollbildaufzeichnung-07.04.2021-154143-300x244.jpg\" alt=\"\" width=\"300\" height=\"244\" srcset=\"https:\/\/www.gymnasium-rhauderfehn.de\/wp-content\/uploads\/2021\/04\/Vollbildaufzeichnung-07.04.2021-154143-300x244.jpg 300w, https:\/\/www.gymnasium-rhauderfehn.de\/wp-content\/uploads\/2021\/04\/Vollbildaufzeichnung-07.04.2021-154143-768x625.jpg 768w, https:\/\/www.gymnasium-rhauderfehn.de\/wp-content\/uploads\/2021\/04\/Vollbildaufzeichnung-07.04.2021-154143.jpg 773w\" sizes=\"auto, (max-width: 300px) 100vw, 300px\" \/><\/a><\/td>\n<\/tr>\n<tr style=\"height: 44px;\">\n<td style=\"width: 11.6071%; height: 44px;\">Dezember 2020<\/td>\n<td style=\"width: 37.7232%; height: 44px;\">Auf der Suche nach neuen Projektideen entstand zu Beginn des Schuljahres 2020\/21 das Saatbombenprojekt. Das Kernteam des TfF besorgte die Ton- und Gartenerde. Ein regionaler Vogelfuttererzeuger sponsorte uns das ben\u00f6tigte Saatgut.<\/p>\n<p>Der Clou der von uns verwendeten Saatmischung ist deren Eignung als Insektenfutter im Sommer und Vogelfutter im Herbst.<\/p>\n<p>Im November haben coronakonform 5 Jahrg\u00e4nge 400 Saatkugeln gebastelt und noch vor dem Lockdown kostenlos an \u00fcber 200 Mitglieder der Schulgemeinschaft verteilt. Diese nehmen dadurch an der Challenge &#8222;Rhauderfehn bl\u00fcht auf&#8220; teil und dokumentieren fotografisch oder filmisch das Wachsen ihrer Bl\u00fchwiese.<\/p>\n<p>Im Sommer 2021 werden die sch\u00f6nsten Bl\u00fchergebnisse durch das Team for Future pr\u00e4miert<\/p>\n<p>Der GA berichtete.<\/p>\n<p><a href=\"https:\/\/www.gymnasium-rhauderfehn.de\/wp-content\/uploads\/2017\/01\/Sustainable-Development-Goals_icons-15.jpg\"><img loading=\"lazy\" decoding=\"async\" class=\"alignnone wp-image-13970\" src=\"https:\/\/www.gymnasium-rhauderfehn.de\/wp-content\/uploads\/2017\/01\/Sustainable-Development-Goals_icons-15-300x300.jpg\" alt=\"\" width=\"103\" height=\"103\" srcset=\"https:\/\/www.gymnasium-rhauderfehn.de\/wp-content\/uploads\/2017\/01\/Sustainable-Development-Goals_icons-15-300x300.jpg 300w, https:\/\/www.gymnasium-rhauderfehn.de\/wp-content\/uploads\/2017\/01\/Sustainable-Development-Goals_icons-15-150x150.jpg 150w, https:\/\/www.gymnasium-rhauderfehn.de\/wp-content\/uploads\/2017\/01\/Sustainable-Development-Goals_icons-15.jpg 886w\" sizes=\"auto, (max-width: 103px) 100vw, 103px\" \/><\/a> <a href=\"https:\/\/www.gymnasium-rhauderfehn.de\/wp-content\/uploads\/2017\/01\/Sustainable-Development-Goals_icons-04.jpg\"><img loading=\"lazy\" decoding=\"async\" class=\"alignnone wp-image-13959\" src=\"https:\/\/www.gymnasium-rhauderfehn.de\/wp-content\/uploads\/2017\/01\/Sustainable-Development-Goals_icons-04-300x300.jpg\" alt=\"\" width=\"103\" height=\"103\" srcset=\"https:\/\/www.gymnasium-rhauderfehn.de\/wp-content\/uploads\/2017\/01\/Sustainable-Development-Goals_icons-04-300x300.jpg 300w, https:\/\/www.gymnasium-rhauderfehn.de\/wp-content\/uploads\/2017\/01\/Sustainable-Development-Goals_icons-04-150x150.jpg 150w, https:\/\/www.gymnasium-rhauderfehn.de\/wp-content\/uploads\/2017\/01\/Sustainable-Development-Goals_icons-04.jpg 886w\" sizes=\"auto, (max-width: 103px) 100vw, 103px\" \/><\/a> <a href=\"https:\/\/www.gymnasium-rhauderfehn.de\/wp-content\/uploads\/2017\/01\/Sustainable-Development-Goals_icons-13.jpg\"><img loading=\"lazy\" decoding=\"async\" class=\"alignnone wp-image-13968\" src=\"https:\/\/www.gymnasium-rhauderfehn.de\/wp-content\/uploads\/2017\/01\/Sustainable-Development-Goals_icons-13-300x300.jpg\" alt=\"\" width=\"103\" height=\"103\" srcset=\"https:\/\/www.gymnasium-rhauderfehn.de\/wp-content\/uploads\/2017\/01\/Sustainable-Development-Goals_icons-13-300x300.jpg 300w, https:\/\/www.gymnasium-rhauderfehn.de\/wp-content\/uploads\/2017\/01\/Sustainable-Development-Goals_icons-13-150x150.jpg 150w, https:\/\/www.gymnasium-rhauderfehn.de\/wp-content\/uploads\/2017\/01\/Sustainable-Development-Goals_icons-13.jpg 886w\" sizes=\"auto, (max-width: 103px) 100vw, 103px\" \/><\/a><\/td>\n<td style=\"width: 12.5%; height: 44px;\">Team for Future und Schul-gemeinschaft<\/td>\n<td style=\"width: 39.3032%; height: 44px;\"><a href=\"https:\/\/www.gymnasium-rhauderfehn.de\/wp-content\/uploads\/2020\/11\/IMG_3820.jpg\"><img loading=\"lazy\" decoding=\"async\" class=\"alignnone size-medium wp-image-17942\" src=\"https:\/\/www.gymnasium-rhauderfehn.de\/wp-content\/uploads\/2020\/11\/IMG_3820-225x300.jpg\" alt=\"\" width=\"225\" height=\"300\" srcset=\"https:\/\/www.gymnasium-rhauderfehn.de\/wp-content\/uploads\/2020\/11\/IMG_3820-225x300.jpg 225w, https:\/\/www.gymnasium-rhauderfehn.de\/wp-content\/uploads\/2020\/11\/IMG_3820.jpg 600w\" sizes=\"auto, (max-width: 225px) 100vw, 225px\" \/><\/a><a href=\"https:\/\/www.gymnasium-rhauderfehn.de\/wp-content\/uploads\/2020\/11\/IMG_3806.jpg\"><img loading=\"lazy\" decoding=\"async\" class=\"alignnone size-medium wp-image-17941\" src=\"https:\/\/www.gymnasium-rhauderfehn.de\/wp-content\/uploads\/2020\/11\/IMG_3806-300x225.jpg\" alt=\"\" width=\"300\" height=\"225\" srcset=\"https:\/\/www.gymnasium-rhauderfehn.de\/wp-content\/uploads\/2020\/11\/IMG_3806-300x225.jpg 300w, https:\/\/www.gymnasium-rhauderfehn.de\/wp-content\/uploads\/2020\/11\/IMG_3806-768x576.jpg 768w, https:\/\/www.gymnasium-rhauderfehn.de\/wp-content\/uploads\/2020\/11\/IMG_3806.jpg 800w\" sizes=\"auto, (max-width: 300px) 100vw, 300px\" \/><\/a><\/td>\n<\/tr>\n<tr style=\"height: 839px;\">\n<td style=\"width: 11.6071%; height: 839px;\">23.11.-27.11.2020<\/td>\n<td style=\"width: 37.7232%; height: 839px;\">Teinahme an der ersten <strong>Public Climate School<\/strong> f\u00fcr Sch\u00fcler*innen, organisiert von Students for Future.<\/p>\n<p>Im analog-digitalen Team-Teaching, unter Verwendung von analogen und digitalen Medien und dem pers\u00f6nlichen Austausch \u00fcber social Media, erlebte die 10.2 am 19.11.2020 eine Unterrichtsstunde zum Thema Migration und Klimawandel der Mainzer Studentin Inga Thao My Bui.<\/p>\n<p>Eine zweite Unterrichtsstunde, die von der 10.2 im Rahmen der Public Climate School besucht wurde, bezog sich auf die Frage nach der rassistischen Klimakrise. Referentin war Sandra Kebede.<\/p>\n<p>&nbsp;<\/p>\n<p><a href=\"https:\/\/www.gymnasium-rhauderfehn.de\/wp-content\/uploads\/2017\/01\/Sustainable-Development-Goals_icons-17.jpg\"><img loading=\"lazy\" decoding=\"async\" class=\"alignnone wp-image-13972\" src=\"https:\/\/www.gymnasium-rhauderfehn.de\/wp-content\/uploads\/2017\/01\/Sustainable-Development-Goals_icons-17-300x300.jpg\" alt=\"\" width=\"100\" height=\"100\" srcset=\"https:\/\/www.gymnasium-rhauderfehn.de\/wp-content\/uploads\/2017\/01\/Sustainable-Development-Goals_icons-17-300x300.jpg 300w, https:\/\/www.gymnasium-rhauderfehn.de\/wp-content\/uploads\/2017\/01\/Sustainable-Development-Goals_icons-17-150x150.jpg 150w, https:\/\/www.gymnasium-rhauderfehn.de\/wp-content\/uploads\/2017\/01\/Sustainable-Development-Goals_icons-17.jpg 886w\" sizes=\"auto, (max-width: 100px) 100vw, 100px\" \/> &nbsp; &nbsp; <\/a><a href=\"https:\/\/www.gymnasium-rhauderfehn.de\/wp-content\/uploads\/2017\/01\/Sustainable-Development-Goals_icons-04.jpg\"><img loading=\"lazy\" decoding=\"async\" class=\"alignnone wp-image-13959\" src=\"https:\/\/www.gymnasium-rhauderfehn.de\/wp-content\/uploads\/2017\/01\/Sustainable-Development-Goals_icons-04-300x300.jpg\" alt=\"\" width=\"102\" height=\"102\" srcset=\"https:\/\/www.gymnasium-rhauderfehn.de\/wp-content\/uploads\/2017\/01\/Sustainable-Development-Goals_icons-04-300x300.jpg 300w, https:\/\/www.gymnasium-rhauderfehn.de\/wp-content\/uploads\/2017\/01\/Sustainable-Development-Goals_icons-04-150x150.jpg 150w, https:\/\/www.gymnasium-rhauderfehn.de\/wp-content\/uploads\/2017\/01\/Sustainable-Development-Goals_icons-04.jpg 886w\" sizes=\"auto, (max-width: 102px) 100vw, 102px\" \/><\/a><\/p>\n<p>Der <em>Deutschlandfunk<\/em> berichtete \u00fcber die Teilnahme unserer Schule am 24.11.2020 um 14h30 in seinem Bildungsmagazin &#8222;Campus und Karriere&#8220;.<\/p>\n<p>Zum Nachh\u00f6ren geht es hier entlang<\/p>\n<p><a href=\"https:\/\/www.deutschlandfunk.de\/campus-karriere-das-bildungsmagazin.679.de.html\">https:\/\/www.deutschlandfunk.de\/campus-karriere-das-bildungsmagazin.679.de.html<\/a><\/p>\n<p>&nbsp;<\/td>\n<td style=\"width: 12.5%; height: 839px;\">Erdkunde<\/td>\n<td style=\"width: 39.3032%; height: 839px;\"><a href=\"https:\/\/www.gymnasium-rhauderfehn.de\/wp-content\/uploads\/2020\/11\/Stundenplan-der-PCS.png\"><img loading=\"lazy\" decoding=\"async\" class=\"alignnone size-medium wp-image-17426\" src=\"https:\/\/www.gymnasium-rhauderfehn.de\/wp-content\/uploads\/2020\/11\/Stundenplan-der-PCS-300x300.png\" alt=\"\" width=\"300\" height=\"300\" srcset=\"https:\/\/www.gymnasium-rhauderfehn.de\/wp-content\/uploads\/2020\/11\/Stundenplan-der-PCS-300x300.png 300w, https:\/\/www.gymnasium-rhauderfehn.de\/wp-content\/uploads\/2020\/11\/Stundenplan-der-PCS-150x150.png 150w, https:\/\/www.gymnasium-rhauderfehn.de\/wp-content\/uploads\/2020\/11\/Stundenplan-der-PCS-768x768.png 768w, https:\/\/www.gymnasium-rhauderfehn.de\/wp-content\/uploads\/2020\/11\/Stundenplan-der-PCS.png 1024w\" sizes=\"auto, (max-width: 300px) 100vw, 300px\" \/><\/a><\/p>\n<p><a href=\"https:\/\/www.gymnasium-rhauderfehn.de\/wp-content\/uploads\/2020\/11\/MG_3822.jpg\"><img loading=\"lazy\" decoding=\"async\" class=\"alignnone size-medium wp-image-17428\" src=\"https:\/\/www.gymnasium-rhauderfehn.de\/wp-content\/uploads\/2020\/11\/MG_3822-300x200.jpg\" alt=\"\" width=\"300\" height=\"200\" srcset=\"https:\/\/www.gymnasium-rhauderfehn.de\/wp-content\/uploads\/2020\/11\/MG_3822-300x200.jpg 300w, https:\/\/www.gymnasium-rhauderfehn.de\/wp-content\/uploads\/2020\/11\/MG_3822-768x512.jpg 768w, https:\/\/www.gymnasium-rhauderfehn.de\/wp-content\/uploads\/2020\/11\/MG_3822-1024x683.jpg 1024w\" sizes=\"auto, (max-width: 300px) 100vw, 300px\" \/><\/a><\/p>\n<p><a href=\"https:\/\/www.gymnasium-rhauderfehn.de\/wp-content\/uploads\/2020\/11\/20201123-11-14-28-_MG_3901-Albrecht-Weinberg-Gymnasium-Rhauderfehn.jpg\"><img loading=\"lazy\" decoding=\"async\" class=\"alignnone size-medium wp-image-17427\" src=\"https:\/\/www.gymnasium-rhauderfehn.de\/wp-content\/uploads\/2020\/11\/20201123-11-14-28-_MG_3901-Albrecht-Weinberg-Gymnasium-Rhauderfehn-300x200.jpg\" alt=\"\" width=\"300\" height=\"200\" srcset=\"https:\/\/www.gymnasium-rhauderfehn.de\/wp-content\/uploads\/2020\/11\/20201123-11-14-28-_MG_3901-Albrecht-Weinberg-Gymnasium-Rhauderfehn-300x200.jpg 300w, https:\/\/www.gymnasium-rhauderfehn.de\/wp-content\/uploads\/2020\/11\/20201123-11-14-28-_MG_3901-Albrecht-Weinberg-Gymnasium-Rhauderfehn-768x512.jpg 768w, https:\/\/www.gymnasium-rhauderfehn.de\/wp-content\/uploads\/2020\/11\/20201123-11-14-28-_MG_3901-Albrecht-Weinberg-Gymnasium-Rhauderfehn-1024x683.jpg 1024w\" sizes=\"auto, (max-width: 300px) 100vw, 300px\" \/><\/a><\/td>\n<\/tr>\n<tr style=\"height: 553px;\">\n<td style=\"width: 11.6071%; height: 553px;\">2020<\/td>\n<td style=\"width: 37.7232%; height: 553px;\">Am 19.02.2020 berichtet <strong>Pfarrer Peter Kossen<\/strong> Sch\u00fcler*inenn der 11. Klassen von Formen moderner Sklaverei in Deutschen Schlachtbetrieben. Eingebettet ist die Veranstaltung in die Thematissierung der sozialen Dimension von Nachhaltigkeit.<strong><br \/>\n<\/strong><a href=\"https:\/\/www.gymnasium-rhauderfehn.de\/wp-content\/uploads\/2017\/01\/Sustainable-Development-Goals_icons-12.jpg\"><img loading=\"lazy\" decoding=\"async\" class=\"alignnone wp-image-13967\" src=\"https:\/\/www.gymnasium-rhauderfehn.de\/wp-content\/uploads\/2017\/01\/Sustainable-Development-Goals_icons-12-300x300.jpg\" alt=\"\" width=\"103\" height=\"103\" srcset=\"https:\/\/www.gymnasium-rhauderfehn.de\/wp-content\/uploads\/2017\/01\/Sustainable-Development-Goals_icons-12-300x300.jpg 300w, https:\/\/www.gymnasium-rhauderfehn.de\/wp-content\/uploads\/2017\/01\/Sustainable-Development-Goals_icons-12-150x150.jpg 150w, https:\/\/www.gymnasium-rhauderfehn.de\/wp-content\/uploads\/2017\/01\/Sustainable-Development-Goals_icons-12.jpg 886w\" sizes=\"auto, (max-width: 103px) 100vw, 103px\" \/><\/a><a href=\"https:\/\/www.gymnasium-rhauderfehn.de\/wp-content\/uploads\/2017\/01\/Sustainable-Development-Goals_icons-03.jpg\"><img loading=\"lazy\" decoding=\"async\" class=\"alignnone wp-image-13958 alignleft\" src=\"https:\/\/www.gymnasium-rhauderfehn.de\/wp-content\/uploads\/2017\/01\/Sustainable-Development-Goals_icons-03-300x300.jpg\" alt=\"\" width=\"103\" height=\"103\" srcset=\"https:\/\/www.gymnasium-rhauderfehn.de\/wp-content\/uploads\/2017\/01\/Sustainable-Development-Goals_icons-03-300x300.jpg 300w, https:\/\/www.gymnasium-rhauderfehn.de\/wp-content\/uploads\/2017\/01\/Sustainable-Development-Goals_icons-03-150x150.jpg 150w, https:\/\/www.gymnasium-rhauderfehn.de\/wp-content\/uploads\/2017\/01\/Sustainable-Development-Goals_icons-03.jpg 886w\" sizes=\"auto, (max-width: 103px) 100vw, 103px\" \/><\/a><a href=\"https:\/\/www.gymnasium-rhauderfehn.de\/wp-content\/uploads\/2017\/01\/Sustainable-Development-Goals_icons-08.jpg\"><img loading=\"lazy\" decoding=\"async\" class=\"wp-image-13963 alignleft\" src=\"https:\/\/www.gymnasium-rhauderfehn.de\/wp-content\/uploads\/2017\/01\/Sustainable-Development-Goals_icons-08-300x300.jpg\" alt=\"\" width=\"103\" height=\"103\" srcset=\"https:\/\/www.gymnasium-rhauderfehn.de\/wp-content\/uploads\/2017\/01\/Sustainable-Development-Goals_icons-08-300x300.jpg 300w, https:\/\/www.gymnasium-rhauderfehn.de\/wp-content\/uploads\/2017\/01\/Sustainable-Development-Goals_icons-08-150x150.jpg 150w, https:\/\/www.gymnasium-rhauderfehn.de\/wp-content\/uploads\/2017\/01\/Sustainable-Development-Goals_icons-08.jpg 886w\" sizes=\"auto, (max-width: 103px) 100vw, 103px\" \/><\/a>Bildrechte: Peter Kossen. Aufnahmeort: Coesfeld 9. Mai 2020<\/td>\n<td style=\"width: 12.5%; height: 553px;\">Erdkunde<\/td>\n<td style=\"width: 39.3032%; height: 553px;\"><a href=\"https:\/\/www.gymnasium-rhauderfehn.de\/wp-content\/uploads\/2020\/11\/20200219-2.jpg\"><img loading=\"lazy\" decoding=\"async\" class=\"alignnone wp-image-17373\" src=\"https:\/\/www.gymnasium-rhauderfehn.de\/wp-content\/uploads\/2020\/11\/20200219-2-300x225.jpg\" alt=\"\" width=\"225\" height=\"172\"><\/a><a href=\"https:\/\/www.gymnasium-rhauderfehn.de\/wp-content\/uploads\/2020\/11\/20200219.jpg\"><img loading=\"lazy\" decoding=\"async\" class=\"alignnone wp-image-17372\" src=\"https:\/\/www.gymnasium-rhauderfehn.de\/wp-content\/uploads\/2020\/11\/20200219-300x225.jpg\" alt=\"\" width=\"126\" height=\"165\"><\/a><a href=\"https:\/\/www.gymnasium-rhauderfehn.de\/wp-content\/uploads\/2020\/11\/2020-05-09-Pfarrer-Peter-Kossen-Protest-Coesfeld.jpg\"><img loading=\"lazy\" decoding=\"async\" class=\"alignnone wp-image-17371\" src=\"https:\/\/www.gymnasium-rhauderfehn.de\/wp-content\/uploads\/2020\/11\/2020-05-09-Pfarrer-Peter-Kossen-Protest-Coesfeld-300x199.jpg\" alt=\"\" width=\"237\" height=\"160\"><\/a><\/td>\n<\/tr>\n<tr>\n<td style=\"width: 11.6071%;\">Sept. 2019<\/td>\n<td style=\"width: 37.7232%;\"><strong>Das neue Logo <\/strong>des Team for Future wird von Haakon entworfen<\/td>\n<td style=\"width: 12.5%;\">&nbsp;<\/td>\n<td style=\"width: 39.3032%;\"><a href=\"https:\/\/www.gymnasium-rhauderfehn.de\/wp-content\/uploads\/2021\/04\/Vollbildaufzeichnung-07.04.2021-150436.jpg\"><img loading=\"lazy\" decoding=\"async\" class=\"wp-image-17927 aligncenter\" src=\"https:\/\/www.gymnasium-rhauderfehn.de\/wp-content\/uploads\/2021\/04\/Vollbildaufzeichnung-07.04.2021-150436-278x300.jpg\" alt=\"\" width=\"152\" height=\"163\" srcset=\"https:\/\/www.gymnasium-rhauderfehn.de\/wp-content\/uploads\/2021\/04\/Vollbildaufzeichnung-07.04.2021-150436-278x300.jpg 278w, https:\/\/www.gymnasium-rhauderfehn.de\/wp-content\/uploads\/2021\/04\/Vollbildaufzeichnung-07.04.2021-150436.jpg 659w\" sizes=\"auto, (max-width: 152px) 100vw, 152px\" \/><\/a><\/td>\n<\/tr>\n<tr style=\"height: 385px;\">\n<td style=\"width: 11.6071%; height: 385px;\">Juni 2019<\/td>\n<td style=\"width: 37.7232%; height: 385px;\"><strong>Gr\u00fcndung des Teams for Future<br \/>\n<\/strong>Lehrer:innen, Sch\u00fcler*innen und Eltern formulieren im Sinne des Whole School Approach gemeinsam Ziele f\u00fcr mehr Nachhaltigkeit im Schulalltag:Plastikreduzierung- Nachhaltig Kochen<a href=\"https:\/\/www.gymnasium-rhauderfehn.de\/wp-content\/uploads\/2017\/01\/Sustainable-Development-Goals_icons-13.jpg\"><img loading=\"lazy\" decoding=\"async\" class=\"alignnone wp-image-13968\" src=\"https:\/\/www.gymnasium-rhauderfehn.de\/wp-content\/uploads\/2017\/01\/Sustainable-Development-Goals_icons-13-300x300.jpg\" alt=\"\" width=\"85\" height=\"85\" srcset=\"https:\/\/www.gymnasium-rhauderfehn.de\/wp-content\/uploads\/2017\/01\/Sustainable-Development-Goals_icons-13-300x300.jpg 300w, https:\/\/www.gymnasium-rhauderfehn.de\/wp-content\/uploads\/2017\/01\/Sustainable-Development-Goals_icons-13-150x150.jpg 150w, https:\/\/www.gymnasium-rhauderfehn.de\/wp-content\/uploads\/2017\/01\/Sustainable-Development-Goals_icons-13.jpg 886w\" sizes=\"auto, (max-width: 85px) 100vw, 85px\" \/><\/a><a href=\"https:\/\/www.gymnasium-rhauderfehn.de\/wp-content\/uploads\/2017\/01\/Sustainable-Development-Goals_icons-04.jpg\"><img loading=\"lazy\" decoding=\"async\" class=\"alignnone wp-image-13959\" src=\"https:\/\/www.gymnasium-rhauderfehn.de\/wp-content\/uploads\/2017\/01\/Sustainable-Development-Goals_icons-04-300x300.jpg\" alt=\"\" width=\"83\" height=\"83\" srcset=\"https:\/\/www.gymnasium-rhauderfehn.de\/wp-content\/uploads\/2017\/01\/Sustainable-Development-Goals_icons-04-300x300.jpg 300w, https:\/\/www.gymnasium-rhauderfehn.de\/wp-content\/uploads\/2017\/01\/Sustainable-Development-Goals_icons-04-150x150.jpg 150w, https:\/\/www.gymnasium-rhauderfehn.de\/wp-content\/uploads\/2017\/01\/Sustainable-Development-Goals_icons-04.jpg 886w\" sizes=\"auto, (max-width: 83px) 100vw, 83px\" \/><\/a><a href=\"https:\/\/www.gymnasium-rhauderfehn.de\/wp-content\/uploads\/2017\/01\/Sustainable-Development-Goals_icons-03.jpg\"><img loading=\"lazy\" decoding=\"async\" class=\"alignnone wp-image-13958\" src=\"https:\/\/www.gymnasium-rhauderfehn.de\/wp-content\/uploads\/2017\/01\/Sustainable-Development-Goals_icons-03-300x300.jpg\" alt=\"\" width=\"86\" height=\"86\" srcset=\"https:\/\/www.gymnasium-rhauderfehn.de\/wp-content\/uploads\/2017\/01\/Sustainable-Development-Goals_icons-03-300x300.jpg 300w, https:\/\/www.gymnasium-rhauderfehn.de\/wp-content\/uploads\/2017\/01\/Sustainable-Development-Goals_icons-03-150x150.jpg 150w, https:\/\/www.gymnasium-rhauderfehn.de\/wp-content\/uploads\/2017\/01\/Sustainable-Development-Goals_icons-03.jpg 886w\" sizes=\"auto, (max-width: 86px) 100vw, 86px\" \/><\/a><\/td>\n<td style=\"width: 12.5%; height: 385px;\">Teamfor Future<\/td>\n<td style=\"width: 39.3032%; height: 385px;\"><a href=\"https:\/\/www.gymnasium-rhauderfehn.de\/wp-content\/uploads\/2020\/11\/IMG_3370.jpg\"><img loading=\"lazy\" decoding=\"async\" class=\"alignnone wp-image-17374\" src=\"https:\/\/www.gymnasium-rhauderfehn.de\/wp-content\/uploads\/2020\/11\/IMG_3370-300x225.jpg\" alt=\"\" width=\"167\" height=\"219\"><\/a><a href=\"https:\/\/www.gymnasium-rhauderfehn.de\/wp-content\/uploads\/2020\/11\/202020.jpg\"><img loading=\"lazy\" decoding=\"async\" class=\"alignnone wp-image-17375\" src=\"https:\/\/www.gymnasium-rhauderfehn.de\/wp-content\/uploads\/2020\/11\/202020-300x225.jpg\" alt=\"\" width=\"165\" height=\"125\" srcset=\"https:\/\/www.gymnasium-rhauderfehn.de\/wp-content\/uploads\/2020\/11\/202020-300x225.jpg 300w, https:\/\/www.gymnasium-rhauderfehn.de\/wp-content\/uploads\/2020\/11\/202020-768x576.jpg 768w, https:\/\/www.gymnasium-rhauderfehn.de\/wp-content\/uploads\/2020\/11\/202020-1024x768.jpg 1024w\" sizes=\"auto, (max-width: 165px) 100vw, 165px\" \/><\/a><\/td>\n<\/tr>\n<tr style=\"height: 237px;\">\n<td style=\"width: 11.6071%; height: 237px;\">2019<\/td>\n<td style=\"width: 37.7232%; height: 237px;\"><strong>Teilnahme unserer Sch\u00fcler*innen an der nachunterrichtlichen Fridays for Future Demonstration in Leer am 29.11.2019<br \/>\n<\/strong><a href=\"https:\/\/www.gymnasium-rhauderfehn.de\/wp-content\/uploads\/2017\/01\/Sustainable-Development-Goals_icons-04.jpg\"><img loading=\"lazy\" decoding=\"async\" class=\"alignnone wp-image-13959\" src=\"https:\/\/www.gymnasium-rhauderfehn.de\/wp-content\/uploads\/2017\/01\/Sustainable-Development-Goals_icons-04-300x300.jpg\" alt=\"\" width=\"103\" height=\"103\" srcset=\"https:\/\/www.gymnasium-rhauderfehn.de\/wp-content\/uploads\/2017\/01\/Sustainable-Development-Goals_icons-04-300x300.jpg 300w, https:\/\/www.gymnasium-rhauderfehn.de\/wp-content\/uploads\/2017\/01\/Sustainable-Development-Goals_icons-04-150x150.jpg 150w, https:\/\/www.gymnasium-rhauderfehn.de\/wp-content\/uploads\/2017\/01\/Sustainable-Development-Goals_icons-04.jpg 886w\" sizes=\"auto, (max-width: 103px) 100vw, 103px\" \/><\/a><\/td>\n<td style=\"width: 12.5%; height: 237px;\">&nbsp;<\/td>\n<td style=\"width: 39.3032%; height: 237px;\"><a href=\"https:\/\/www.gymnasium-rhauderfehn.de\/wp-content\/uploads\/2020\/11\/2020-01-Fridays-in-Leer.jpg\"><img loading=\"lazy\" decoding=\"async\" class=\"alignnone wp-image-17370\" src=\"https:\/\/www.gymnasium-rhauderfehn.de\/wp-content\/uploads\/2020\/11\/2020-01-Fridays-in-Leer-300x225.jpg\" alt=\"\" width=\"291\" height=\"222\"><\/a><\/td>\n<\/tr>\n<tr style=\"height: 492px;\">\n<td style=\"width: 11.6071%; height: 492px;\">&nbsp;<\/td>\n<td style=\"width: 37.7232%; height: 492px;\"><strong><a href=\"https:\/\/www.gymnasium-rhauderfehn.de\/wp-content\/uploads\/2017\/01\/Sustainable-Development-Goals_icons-15.jpg\"><img loading=\"lazy\" decoding=\"async\" class=\"alignnone wp-image-13970\" src=\"https:\/\/www.gymnasium-rhauderfehn.de\/wp-content\/uploads\/2017\/01\/Sustainable-Development-Goals_icons-15-300x300.jpg\" alt=\"\" width=\"106\" height=\"106\" srcset=\"https:\/\/www.gymnasium-rhauderfehn.de\/wp-content\/uploads\/2017\/01\/Sustainable-Development-Goals_icons-15-300x300.jpg 300w, https:\/\/www.gymnasium-rhauderfehn.de\/wp-content\/uploads\/2017\/01\/Sustainable-Development-Goals_icons-15-150x150.jpg 150w, https:\/\/www.gymnasium-rhauderfehn.de\/wp-content\/uploads\/2017\/01\/Sustainable-Development-Goals_icons-15.jpg 886w\" sizes=\"auto, (max-width: 106px) 100vw, 106px\" \/><\/a><a href=\"https:\/\/www.gymnasium-rhauderfehn.de\/wp-content\/uploads\/2017\/01\/Sustainable-Development-Goals_icons-12.jpg\"><img loading=\"lazy\" decoding=\"async\" class=\"alignnone wp-image-13967\" src=\"https:\/\/www.gymnasium-rhauderfehn.de\/wp-content\/uploads\/2017\/01\/Sustainable-Development-Goals_icons-12-300x300.jpg\" alt=\"\" width=\"104\" height=\"104\" srcset=\"https:\/\/www.gymnasium-rhauderfehn.de\/wp-content\/uploads\/2017\/01\/Sustainable-Development-Goals_icons-12-300x300.jpg 300w, https:\/\/www.gymnasium-rhauderfehn.de\/wp-content\/uploads\/2017\/01\/Sustainable-Development-Goals_icons-12-150x150.jpg 150w, https:\/\/www.gymnasium-rhauderfehn.de\/wp-content\/uploads\/2017\/01\/Sustainable-Development-Goals_icons-12.jpg 886w\" sizes=\"auto, (max-width: 104px) 100vw, 104px\" \/><\/a><a href=\"https:\/\/www.gymnasium-rhauderfehn.de\/wp-content\/uploads\/2017\/01\/Sustainable-Development-Goals_icons-08.jpg\"><img loading=\"lazy\" decoding=\"async\" class=\"alignnone wp-image-13963\" src=\"https:\/\/www.gymnasium-rhauderfehn.de\/wp-content\/uploads\/2017\/01\/Sustainable-Development-Goals_icons-08-300x300.jpg\" alt=\"\" width=\"104\" height=\"104\" srcset=\"https:\/\/www.gymnasium-rhauderfehn.de\/wp-content\/uploads\/2017\/01\/Sustainable-Development-Goals_icons-08-300x300.jpg 300w, https:\/\/www.gymnasium-rhauderfehn.de\/wp-content\/uploads\/2017\/01\/Sustainable-Development-Goals_icons-08-150x150.jpg 150w, https:\/\/www.gymnasium-rhauderfehn.de\/wp-content\/uploads\/2017\/01\/Sustainable-Development-Goals_icons-08.jpg 886w\" sizes=\"auto, (max-width: 104px) 100vw, 104px\" \/><\/a><\/strong><\/p>\n<p><strong>Betriebsbesichtigungen in verschiedenen Milchviebetrieben in der N\u00e4he des Schulstandortes<br \/>\n<\/strong><\/p>\n<p>Klassen 9 Fr\u00fchjahr\/ Sommer 2019<\/td>\n<td style=\"width: 12.5%; height: 492px;\">Erdkunde<\/td>\n<td style=\"width: 39.3032%; height: 492px;\"><a href=\"https:\/\/www.gymnasium-rhauderfehn.de\/wp-content\/uploads\/2019\/06\/09-IMG_2460-1.jpg\"><img loading=\"lazy\" decoding=\"async\" class=\"alignnone wp-image-15110\" src=\"https:\/\/www.gymnasium-rhauderfehn.de\/wp-content\/uploads\/2019\/06\/09-IMG_2460-1-300x225.jpg\" alt=\"\" width=\"197\" height=\"150\"><\/a><a href=\"https:\/\/www.gymnasium-rhauderfehn.de\/wp-content\/uploads\/2019\/06\/04-IMG_2440.jpg\"><img loading=\"lazy\" decoding=\"async\" class=\"alignnone wp-image-15100\" src=\"https:\/\/www.gymnasium-rhauderfehn.de\/wp-content\/uploads\/2019\/06\/04-IMG_2440-225x300.jpg\" alt=\"\" width=\"118\" height=\"154\"><\/a><a href=\"https:\/\/www.gymnasium-rhauderfehn.de\/wp-content\/uploads\/2019\/06\/07-IMG_2456.jpg\"><img loading=\"lazy\" decoding=\"async\" class=\"alignnone wp-image-15103\" src=\"https:\/\/www.gymnasium-rhauderfehn.de\/wp-content\/uploads\/2019\/06\/07-IMG_2456-300x225.jpg\" alt=\"\" width=\"168\" height=\"128\"><\/a><a href=\"https:\/\/www.gymnasium-rhauderfehn.de\/wp-content\/uploads\/2019\/06\/02-IMG_2447.jpg\"><img loading=\"lazy\" decoding=\"async\" class=\"alignnone wp-image-15101\" src=\"https:\/\/www.gymnasium-rhauderfehn.de\/wp-content\/uploads\/2019\/06\/02-IMG_2447-300x225.jpg\" alt=\"\" width=\"171\" height=\"131\"><\/a><\/td>\n<\/tr>\n<tr style=\"height: 849px;\">\n<td style=\"width: 11.6071%; height: 849px;\">2019<\/td>\n<td style=\"width: 37.7232%; height: 849px;\"><strong><a href=\"https:\/\/www.gymnasium-rhauderfehn.de\/wp-content\/uploads\/2019\/06\/P.P-Plastik-Piraten-Logo.jpg\"><img loading=\"lazy\" decoding=\"async\" class=\"alignnone wp-image-15120\" src=\"https:\/\/www.gymnasium-rhauderfehn.de\/wp-content\/uploads\/2019\/06\/P.P-Plastik-Piraten-Logo-300x212.jpg\" alt=\"\" width=\"261\" height=\"189\"><\/a><\/strong><\/p>\n<p><strong>CitizenScience- Projekt &#8222;Plastikpiraten&#8220;<br \/>\n<\/strong><\/p>\n<p>Klasse 7S3 Herbst- und Sommermessung 2019\/2020.<\/p>\n<p>Herbstmessung: Hauptfehnkanal<\/p>\n<p>Sommermessung: 1. S\u00fcdwieke<\/p>\n<p>&nbsp;<\/p>\n<p><a href=\"https:\/\/www.gymnasium-rhauderfehn.de\/wp-content\/uploads\/2017\/01\/Sustainable-Development-Goals_icons-06.jpg\"><img loading=\"lazy\" decoding=\"async\" class=\"alignnone wp-image-13961\" src=\"https:\/\/www.gymnasium-rhauderfehn.de\/wp-content\/uploads\/2017\/01\/Sustainable-Development-Goals_icons-06-300x300.jpg\" alt=\"\" width=\"97\" height=\"97\" srcset=\"https:\/\/www.gymnasium-rhauderfehn.de\/wp-content\/uploads\/2017\/01\/Sustainable-Development-Goals_icons-06-300x300.jpg 300w, https:\/\/www.gymnasium-rhauderfehn.de\/wp-content\/uploads\/2017\/01\/Sustainable-Development-Goals_icons-06-150x150.jpg 150w, https:\/\/www.gymnasium-rhauderfehn.de\/wp-content\/uploads\/2017\/01\/Sustainable-Development-Goals_icons-06.jpg 886w\" sizes=\"auto, (max-width: 97px) 100vw, 97px\" \/><\/a><a href=\"https:\/\/www.gymnasium-rhauderfehn.de\/wp-content\/uploads\/2017\/01\/Sustainable-Development-Goals_icons-14.jpg\"><img loading=\"lazy\" decoding=\"async\" class=\"alignnone wp-image-13969\" src=\"https:\/\/www.gymnasium-rhauderfehn.de\/wp-content\/uploads\/2017\/01\/Sustainable-Development-Goals_icons-14-300x300.jpg\" alt=\"\" width=\"95\" height=\"95\" srcset=\"https:\/\/www.gymnasium-rhauderfehn.de\/wp-content\/uploads\/2017\/01\/Sustainable-Development-Goals_icons-14-300x300.jpg 300w, https:\/\/www.gymnasium-rhauderfehn.de\/wp-content\/uploads\/2017\/01\/Sustainable-Development-Goals_icons-14-150x150.jpg 150w, https:\/\/www.gymnasium-rhauderfehn.de\/wp-content\/uploads\/2017\/01\/Sustainable-Development-Goals_icons-14.jpg 886w\" sizes=\"auto, (max-width: 95px) 100vw, 95px\" \/><\/a><\/p>\n<p>&nbsp;<\/td>\n<td style=\"width: 12.5%; height: 849px;\">Erdkunde<\/td>\n<td style=\"width: 39.3032%; height: 849px;\"><a href=\"https:\/\/www.gymnasium-rhauderfehn.de\/wp-content\/uploads\/2019\/06\/1-IMG_2164.jpg\"><img loading=\"lazy\" decoding=\"async\" class=\"alignnone wp-image-15123\" src=\"https:\/\/www.gymnasium-rhauderfehn.de\/wp-content\/uploads\/2019\/06\/1-IMG_2164-300x225.jpg\" alt=\"\" width=\"183\" height=\"141\"><\/a><a href=\"https:\/\/www.gymnasium-rhauderfehn.de\/wp-content\/uploads\/2019\/06\/2-IMG_2165.jpg\"><img loading=\"lazy\" decoding=\"async\" class=\"alignnone wp-image-15124\" src=\"https:\/\/www.gymnasium-rhauderfehn.de\/wp-content\/uploads\/2019\/06\/2-IMG_2165-300x225.jpg\" alt=\"\" width=\"166\" height=\"128\"><\/a><a href=\"https:\/\/www.gymnasium-rhauderfehn.de\/wp-content\/uploads\/2019\/06\/Unbenannt.png\"><img loading=\"lazy\" decoding=\"async\" class=\"alignnone wp-image-15125\" src=\"https:\/\/www.gymnasium-rhauderfehn.de\/wp-content\/uploads\/2019\/06\/Unbenannt-300x225.png\" alt=\"\" width=\"163\" height=\"125\"><\/a><a href=\"https:\/\/www.gymnasium-rhauderfehn.de\/wp-content\/uploads\/2019\/06\/5-IMG_2494.jpg\"><img loading=\"lazy\" decoding=\"async\" class=\"alignnone wp-image-15131\" src=\"https:\/\/www.gymnasium-rhauderfehn.de\/wp-content\/uploads\/2019\/06\/5-IMG_2494-300x225.jpg\" alt=\"\" width=\"160\" height=\"123\"><\/a><\/p>\n<p><a href=\"https:\/\/www.gymnasium-rhauderfehn.de\/wp-content\/uploads\/2019\/06\/1-IMG_2518-001.png\"><img loading=\"lazy\" decoding=\"async\" class=\"alignnone wp-image-15117\" src=\"https:\/\/www.gymnasium-rhauderfehn.de\/wp-content\/uploads\/2019\/06\/1-IMG_2518-001-300x150.png\" alt=\"\" width=\"286\" height=\"150\"><\/a><\/td>\n<\/tr>\n<tr style=\"height: 1332px;\">\n<td style=\"height: 1332px; width: 11.6071%;\">&nbsp;1. Juni bis 27. Juni 2018<\/td>\n<td style=\"height: 1332px; width: 37.7232%;\">&nbsp;<\/p>\n<p><img loading=\"lazy\" decoding=\"async\" class=\"\" title=\"\" src=\"https:\/\/www.gymnasium-rhauderfehn.de\/wp-content\/uploads\/2017\/01\/WJ16_17_Plastikpiraten_Webbanner.jpg\" alt=\"\" width=\"225\" height=\"190\"><\/p>\n<p><strong>&#8222;Plastikpiraten&#8220;, Wissenschaftsjahr 2018<\/strong><\/p>\n<p>vom 1. Juni bis zum Beginn der Sommerferien untersuchten die Klassen <strong>7N, 7S1, 7B und 7S3<\/strong> die umliegenden Gew\u00e4sser, sammelten Plastikm\u00fcll und beprobten die jeweiligen Gew\u00e4sser mit Mikroplastiknetzen, die anschlie\u00dfend an die Kieler Forschungswerkstatt gesandt wurden.<\/p>\n<p>Unsere Beitr\u00e4ge finden sich auf der Seite: https:\/\/bmbf-plastik.de\/plastikpiraten\/Ergebnisse<\/p>\n<p><img loading=\"lazy\" decoding=\"async\" title=\"\" src=\"https:\/\/www.gymnasium-rhauderfehn.de\/wp-content\/uploads\/2017\/01\/Sustainable-Development-Goals_icons-14.jpg\" alt=\"\" width=\"90\" height=\"90\">&nbsp; <img loading=\"lazy\" decoding=\"async\" src=\"https:\/\/www.gymnasium-rhauderfehn.de\/wp-content\/uploads\/2017\/01\/Sustainable-Development-Goals_icons-12.jpg\" alt=\"\" width=\"90\" height=\"90\">&nbsp; <img loading=\"lazy\" decoding=\"async\" title=\"\" src=\"https:\/\/www.gymnasium-rhauderfehn.de\/wp-content\/uploads\/2017\/01\/Sustainable-Development-Goals_icons-06.jpg\" alt=\"\" width=\"90\" height=\"90\"><\/td>\n<td style=\"height: 1332px; width: 12.5%;\">Erdk unde<\/p>\n<h2>&nbsp;<\/h2>\n<h2>&nbsp;<\/h2>\n<h2>&nbsp;<\/h2>\n<h2>&nbsp;<\/h2>\n<h2>&nbsp;<\/h2>\n<h2>&nbsp;<\/h2>\n<h2>&nbsp;<\/h2>\n<h2>&nbsp;<\/h2>\n<\/td>\n<td style=\"height: 1332px; width: 39.3032%;\"><img loading=\"lazy\" decoding=\"async\" title=\"\" src=\"https:\/\/www.gymnasium-rhauderfehn.de\/wp-content\/uploads\/2017\/01\/1-091-IMG_1614.jpg\" alt=\"\" width=\"300\" height=\"225\"><\/p>\n<p><img loading=\"lazy\" decoding=\"async\" title=\"\" src=\"https:\/\/www.gymnasium-rhauderfehn.de\/wp-content\/uploads\/2017\/01\/2-098-IMG_1621.jpg\" alt=\"\" width=\"100\" height=\"75\">&nbsp;<img loading=\"lazy\" decoding=\"async\" title=\"\" src=\"https:\/\/www.gymnasium-rhauderfehn.de\/wp-content\/uploads\/2017\/01\/3-097-IMG_1620.jpg\" alt=\"\" width=\"100\" height=\"75\">&nbsp;<img loading=\"lazy\" decoding=\"async\" title=\"\" src=\"https:\/\/www.gymnasium-rhauderfehn.de\/wp-content\/uploads\/2017\/01\/5-131-IMG_1654-001.jpg\" alt=\"\" width=\"100\" height=\"75\"><\/p>\n<p><img loading=\"lazy\" decoding=\"async\" title=\"\" src=\"https:\/\/www.gymnasium-rhauderfehn.de\/wp-content\/uploads\/2017\/01\/4-118-IMG_1641.jpg\" alt=\"\" width=\"300\" height=\"225\"><\/p>\n<figure id=\"attachment_13982\" aria-describedby=\"caption-attachment-13982\" style=\"width: 300px\" class=\"wp-caption alignnone\"><a href=\"https:\/\/www.gymnasium-rhauderfehn.de\/wp-content\/uploads\/2017\/01\/6-133-IMG_1656.jpg\"><img loading=\"lazy\" decoding=\"async\" class=\"size-medium wp-image-13982\" src=\"https:\/\/www.gymnasium-rhauderfehn.de\/wp-content\/uploads\/2017\/01\/6-133-IMG_1656-300x225.jpg\" alt=\"2018-06-14 Plastikpiraten 7N -KN\" width=\"300\" height=\"225\" srcset=\"https:\/\/www.gymnasium-rhauderfehn.de\/wp-content\/uploads\/2017\/01\/6-133-IMG_1656-300x225.jpg 300w, https:\/\/www.gymnasium-rhauderfehn.de\/wp-content\/uploads\/2017\/01\/6-133-IMG_1656.jpg 800w\" sizes=\"auto, (max-width: 300px) 100vw, 300px\" \/><\/a><figcaption id=\"caption-attachment-13982\" class=\"wp-caption-text\">2018-06-14 Plastikpiraten 7N -KN<\/figcaption><\/figure>\n<p><a href=\"https:\/\/www.gymnasium-rhauderfehn.de\/wp-content\/uploads\/2017\/01\/8-28-15-IMG_1675.jpg\"><img loading=\"lazy\" decoding=\"async\" class=\"alignnone size-medium wp-image-13983\" src=\"https:\/\/www.gymnasium-rhauderfehn.de\/wp-content\/uploads\/2017\/01\/8-28-15-IMG_1675-300x225.jpg\" alt=\"8-28-15-IMG_1675\" width=\"300\" height=\"225\" srcset=\"https:\/\/www.gymnasium-rhauderfehn.de\/wp-content\/uploads\/2017\/01\/8-28-15-IMG_1675-300x225.jpg 300w, https:\/\/www.gymnasium-rhauderfehn.de\/wp-content\/uploads\/2017\/01\/8-28-15-IMG_1675.jpg 800w\" sizes=\"auto, (max-width: 300px) 100vw, 300px\" \/><\/a><\/td>\n<\/tr>\n<tr style=\"height: 618px;\">\n<td style=\"height: 618px; width: 11.6071%;\">14. Mai bis 18. Mai&nbsp;2018<\/p>\n<p>&nbsp;<\/p>\n<p>&nbsp;<\/p>\n<p>&nbsp;<\/p>\n<p>&nbsp;<\/p>\n<p>&nbsp;<\/p>\n<p>&nbsp;<\/p>\n<p>&nbsp;<\/p>\n<p>&nbsp;<\/p>\n<p>&nbsp;<\/p>\n<p>&nbsp;<\/p>\n<p>&nbsp;<\/p>\n<p>&nbsp;<\/p>\n<p>&nbsp;<\/p>\n<p>&nbsp;<\/td>\n<td style=\"height: 618px; width: 37.7232%;\"><strong>&#8222;Milch reist nicht gerne,&nbsp;Milchbauern&nbsp;schon&#8220;:<\/strong> Ausstellung von<em> Misereor<\/em> und <em>Brot f\u00fcr die Welt<\/em>&nbsp;\u00fcber die globalen Zusammenh\u00e4ngen&nbsp;zwischen&nbsp;der Milchproduktion in der EU&nbsp;und der Armutsf\u00f6rderung in S\u00fcdamerika und Afrika.<\/p>\n<p>Auftaktveranstaltung mit Podiumsdiskussion und Fachvortr\u00e4ge&nbsp;von <strong>Uwe Becker<\/strong>, Referatsleiter von <strong>Brot f\u00fcr die Welt<\/strong> in Hannover, <strong>Ottmar Ilchmann<\/strong>, Landesvorsitzender der <strong>AbL<\/strong>&nbsp;und&nbsp;200 Sch\u00fclerinnen und Sch\u00fclern der Jahrg\u00e4nge 9 und 10.<\/p>\n<p>Der&nbsp;&nbsp;<a href=\"https:\/\/www.gymnasium-rhauderfehn.de\/wp-content\/uploads\/2017\/01\/GA-15-Mai-2018_Milch-reist-nicht-gerne.pdf\">General-Anzeiger<\/a>&nbsp;berichtete am 15.05.2018.<\/p>\n<p><img loading=\"lazy\" decoding=\"async\" title=\"\" src=\"http:\/\/gymnasium-rhauderfehn.eu\/wp-content\/uploads\/2017\/01\/abl_Logo_final_25_06_2008-558x428-300x230.jpg\" alt=\"\" width=\"100\" height=\"77\">&nbsp;&nbsp; <img decoding=\"async\" src=\"https:\/\/www.gymnasium-rhauderfehn.de\/wp-content\/uploads\/2017\/01\/preview1.jpg\" alt=\"\" width=\"150\"><\/p>\n<p><img loading=\"lazy\" decoding=\"async\" title=\"\" src=\"https:\/\/www.gymnasium-rhauderfehn.de\/wp-content\/uploads\/2017\/01\/Sustainable-Development-Goals_icons-01-e1533414326361.jpg\" alt=\"\" width=\"80\" height=\"80\">&nbsp;&nbsp; <img loading=\"lazy\" decoding=\"async\" src=\"https:\/\/www.gymnasium-rhauderfehn.de\/wp-content\/uploads\/2017\/01\/Sustainable-Development-Goals_icons-02.jpg\" alt=\"\" width=\"80\" height=\"80\"><\/td>\n<td style=\"height: 618px; width: 12.5%;\">Erdkunde<\/td>\n<td style=\"height: 618px; width: 39.3032%;\"><img loading=\"lazy\" decoding=\"async\" title=\"\" src=\"https:\/\/www.gymnasium-rhauderfehn.de\/wp-content\/uploads\/2017\/01\/2-DSC_1662.jpg\" alt=\"\" width=\"300\" height=\"169\"><\/p>\n<p>&nbsp;<\/p>\n<p><img loading=\"lazy\" decoding=\"async\" src=\"https:\/\/www.gymnasium-rhauderfehn.de\/wp-content\/uploads\/2017\/01\/1-2018-05-14-Milch-reist-nicht-gerne-KN-2.jpg\" alt=\"\" width=\"300\" height=\"170\"><\/td>\n<\/tr>\n<tr style=\"height: 466px;\">\n<td style=\"height: 466px; width: 11.6071%;\">&nbsp;September 2016<\/p>\n<p>&nbsp;<\/p>\n<p>&nbsp;<\/p>\n<p>&nbsp;<\/p>\n<p>&nbsp;<\/p>\n<p>&nbsp;<\/p>\n<p>&nbsp;<\/p>\n<p>&nbsp;<\/td>\n<td style=\"height: 466px; width: 37.7232%;\">Diskussion \u00fcber die Ursachen und <strong>Folgen des<\/strong><\/p>\n<p><strong>Strukturwandels in der Landwirtschaft<\/strong><\/p>\n<p>und des H\u00f6festerbens in Ostfriesland<\/p>\n<p>G\u00e4ste: Familie Geppert (Landwirte aus<\/p>\n<p>Klostermoor) und Ottmar Ilchmann (Landesvorsitzender der AbL, Niedersachsen)<\/p>\n<p><img loading=\"lazy\" decoding=\"async\" src=\"http:\/\/gymnasium-rhauderfehn.eu\/wp-content\/uploads\/2017\/01\/abl_Logo_final_25_06_2008-558x428-300x230.jpg\" alt=\"\" width=\"100\" height=\"77\"> &nbsp;&nbsp; <img loading=\"lazy\" decoding=\"async\" title=\"\" src=\"https:\/\/www.gymnasium-rhauderfehn.de\/wp-content\/uploads\/2017\/01\/Sustainable-Development-Goals_icons-01-e1533414326361.jpg\" alt=\"\" width=\"80\" height=\"80\"><\/td>\n<td style=\"height: 466px; width: 12.5%;\">Erdkunde<\/td>\n<td style=\"height: 466px; width: 39.3032%;\">\n<p><figure id=\"attachment_11283\" aria-describedby=\"caption-attachment-11283\" style=\"width: 300px\" class=\"wp-caption alignnone\"><a href=\"https:\/\/www.gymnasium-rhauderfehn.de\/wp-content\/uploads\/2017\/01\/IMG_2142.jpg\"><img loading=\"lazy\" decoding=\"async\" class=\"size-medium wp-image-11283\" src=\"https:\/\/www.gymnasium-rhauderfehn.de\/wp-content\/uploads\/2017\/01\/IMG_2142-300x180.jpg\" alt=\"Familie Geppert aus Klostermoor und Ottmar Ilchmann im Gespr\u00e4ch mit Sch\u00fclern und Sch\u00fclerinnen der 10. Klassen\" width=\"300\" height=\"180\"><\/a><figcaption id=\"caption-attachment-11283\" class=\"wp-caption-text\">Familie Geppert aus Klostermoor und Ottmar Ilchmann im Gespr\u00e4ch mit Sch\u00fclern und Sch\u00fclerinnen der 10. Klassen<\/figcaption><\/figure><\/td>\n<\/tr>\n<tr style=\"height: 300px;\">\n<td style=\"height: 300px; width: 11.6071%;\">9.12.2014<\/p>\n<p>&nbsp;<\/p>\n<p>&nbsp;<\/p>\n<p>&nbsp;<\/p>\n<p>&nbsp;<\/p>\n<p>&nbsp;<\/p>\n<p>&nbsp;<\/td>\n<td style=\"height: 300px; width: 37.7232%;\"><strong>Lesung<\/strong> von Wolfgang Schorlau aus seinem Roman<\/p>\n<p>&#8222;<strong>Am zw\u00f6lften Tag &#8211;&nbsp;Denglers&nbsp;siebter Fall<\/strong>&#8220; mit anschlie\u00dfender Diskussionsrunde&nbsp;mit Sch\u00fclerinnen und Sch\u00fclern der 10. Klassen des Gymnasiums und der Hauptschule.<\/p>\n<p>In seinem Roman reflektiert und verarbeitet Wolfgang Schorlau die&nbsp;Arbeits- und Produktionsbedingungen in der Fleischindustrie und&nbsp;bettet die Sachinformationen&nbsp;in eine spannenden Kriminalfall ein.<\/td>\n<td style=\"height: 300px; width: 12.5%;\">&nbsp;Erdkunde<\/td>\n<td style=\"height: 300px; width: 39.3032%;\">&nbsp;<img loading=\"lazy\" decoding=\"async\" class=\"alignnone size-medium wp-image-11414\" src=\"https:\/\/www.gymnasium-rhauderfehn.de\/wp-content\/uploads\/2017\/01\/ga-schorlau-2014-12-091-300x275.jpg\" alt=\"ga-schorlau-2014-12-09\" width=\"300\" height=\"275\" srcset=\"https:\/\/www.gymnasium-rhauderfehn.de\/wp-content\/uploads\/2017\/01\/ga-schorlau-2014-12-091-300x275.jpg 300w, https:\/\/www.gymnasium-rhauderfehn.de\/wp-content\/uploads\/2017\/01\/ga-schorlau-2014-12-091.jpg 625w\" sizes=\"auto, (max-width: 300px) 100vw, 300px\" \/><\/td>\n<\/tr>\n<tr style=\"height: 646px;\">\n<td style=\"height: 646px; width: 11.6071%;\">&nbsp;<\/p>\n<p>&nbsp;<\/p>\n<p>&nbsp;<\/p>\n<p>&nbsp;<\/p>\n<p>&nbsp;<\/p>\n<p>&nbsp;<\/p>\n<p>&nbsp;<\/p>\n<p>Januar 2014<\/p>\n<p>&nbsp;<\/p>\n<p>&nbsp;<\/p>\n<p>&nbsp;<\/p>\n<p>&nbsp;<\/p>\n<p>&nbsp;<\/p>\n<p>&nbsp;<\/p>\n<p>&nbsp;<\/p>\n<p>&nbsp;<\/p>\n<p>&nbsp;<\/p>\n<p>&nbsp;<\/p>\n<p>&nbsp;<\/p>\n<p>&nbsp;<\/td>\n<td style=\"height: 646px; width: 37.7232%;\">Frau Christiane Grauel-Teiser von der <strong>Welthungerhilfe<\/strong> (Aktionsgruppe Leer)<\/p>\n<p>berichtet Sch\u00fclerinnen und Sch\u00fclern in<\/p>\n<p>einer 9. Klasse \u00fcber die <strong>Probleme der Wasserversorgung<\/strong> weltweit und \u00fcber den Einfluss&nbsp;unseres t\u00e4glichen Einkaufs- und Konsumverhaltens auf die Wasser-<\/p>\n<p>Verf\u00fcgbarkeit.<\/p>\n<p>Anschaulich werden die Verbrauchs-<\/p>\n<p>unterschiede in unterschiedlichen L\u00e4ndern<\/p>\n<p>mit Hilfe von unterschiedlich gro\u00dfen B\u00e4llen<\/p>\n<p>dargestellt<\/p>\n<p><a href=\"https:\/\/www.gymnasium-rhauderfehn.de\/wp-content\/uploads\/2017\/01\/preview-welthungerhilfe.jpg\"><img loading=\"lazy\" decoding=\"async\" class=\"alignnone size-full wp-image-11632\" src=\"https:\/\/www.gymnasium-rhauderfehn.de\/wp-content\/uploads\/2017\/01\/preview-welthungerhilfe.jpg\" alt=\"preview welthungerhilfe\" width=\"120\" height=\"85\"><\/a>&nbsp;&nbsp;&nbsp; &nbsp;<img loading=\"lazy\" decoding=\"async\" src=\"https:\/\/www.gymnasium-rhauderfehn.de\/wp-content\/uploads\/2017\/01\/Sustainable-Development-Goals_icons-06.jpg\" alt=\"\" width=\"90\" height=\"90\"><\/td>\n<td style=\"height: 646px; width: 12.5%;\">&nbsp;Erdkunde<\/td>\n<td style=\"height: 646px; width: 39.3032%;\"><a href=\"https:\/\/www.gymnasium-rhauderfehn.de\/wp-content\/uploads\/2017\/01\/DSCI0098.jpg\"><img loading=\"lazy\" decoding=\"async\" class=\"alignnone wp-image-7093\" src=\"http:\/\/gymnasium-rhauderfehn.eu\/wp-content\/uploads\/2017\/01\/DSCI0098-300x225.jpg\" alt=\"20140123v1.0_welthungerhilfe\" width=\"183\" height=\"137\"><\/a><\/p>\n<p><a href=\"https:\/\/www.gymnasium-rhauderfehn.de\/wp-content\/uploads\/2017\/01\/1-DSCI0101.jpg\"><img loading=\"lazy\" decoding=\"async\" class=\"alignnone wp-image-7095\" src=\"http:\/\/gymnasium-rhauderfehn.eu\/wp-content\/uploads\/2017\/01\/1-DSCI0101-300x209.jpg\" alt=\"2014013_v1.0_erdkunde9\" width=\"186\" height=\"130\"><\/a><\/td>\n<\/tr>\n<tr style=\"height: 322px;\">\n<td style=\"height: 322px; width: 11.6071%;\">Januar 2014<\/p>\n<p>&nbsp;<\/p>\n<p>&nbsp;<\/p>\n<p>&nbsp;<\/p>\n<p>&nbsp;<\/p>\n<p>&nbsp;<\/p>\n<p>&nbsp;<\/p>\n<p>&nbsp;<\/td>\n<td style=\"height: 322px; width: 37.7232%;\">Ausstellung zum Thema <strong>Trinkwasserschutz<\/strong> des&nbsp;NLWKN (Nieders\u00e4chsischer Landesbetrieb<\/p>\n<p>f\u00fcr Wasserwirtschaft, K\u00fcsten- und Naturschutz)<\/p>\n<p>mit Beitr\u00e4gen des Wahlpflichtkurses von<\/p>\n<p>Frau Dr. Baumann<\/td>\n<td style=\"height: 322px; width: 12.5%;\">Erdkunde<\/p>\n<p>WPK Biologie<\/td>\n<td style=\"height: 322px; width: 39.3032%;\">&nbsp;<a href=\"https:\/\/www.gymnasium-rhauderfehn.de\/wp-content\/uploads\/2017\/01\/Ausstellung-zum-Thema-Trinkwasserschutz-Januar-2014-800x600.jpg\"><img loading=\"lazy\" decoding=\"async\" class=\"alignnone wp-image-7012\" src=\"http:\/\/gymnasium-rhauderfehn.eu\/wp-content\/uploads\/2017\/01\/Ausstellung-zum-Thema-Trinkwasserschutz-Januar-2014-800x600-300x225.jpg\" alt=\"20140105_v.1.0_Wasserausstellung.jpg\" width=\"167\" height=\"126\"><\/a>&nbsp;<a href=\"https:\/\/www.gymnasium-rhauderfehn.de\/wp-content\/uploads\/2017\/01\/DSCI0006-800x600.jpg\"><img loading=\"lazy\" decoding=\"async\" class=\"alignnone wp-image-7020\" src=\"http:\/\/gymnasium-rhauderfehn.eu\/wp-content\/uploads\/2017\/01\/DSCI0006-800x600-300x225.jpg\" alt=\"20141205_v1.0_Trinkwasser.jpg\" width=\"168\" height=\"126\"><\/a><\/td>\n<\/tr>\n<tr style=\"height: 439px;\">\n<td style=\"height: 439px; width: 11.6071%;\">12.06&nbsp;2013<\/p>\n<p>&nbsp;<\/p>\n<p>&nbsp;<\/p>\n<p>&nbsp;<\/p>\n<p>&nbsp;<\/p>\n<p>&nbsp;<\/p>\n<p>&nbsp;<\/td>\n<td style=\"height: 439px; width: 37.7232%;\">&nbsp;<strong>Pflanzung<\/strong> einer L\u00e4rche (Larix decidua)<\/p>\n<p>&#8222;Baum des Jahres&#8220; 2012 auf dem Schulgel\u00e4nde<\/p>\n<p>zum &#8222;<strong>Deutschen Aktionstag Nachhaltigkeit<\/strong>&#8220;<\/p>\n<p>des Rates f\u00fcr nachhaltige Entwicklung<\/p>\n<p><a href=\"http:\/\/gymnasium-rhauderfehn.eu\/wp-content\/uploads\/2017\/01\/RNE_DAN_Signet2017_rgb-800x400.jpg\"><img loading=\"lazy\" decoding=\"async\" class=\"wp-image-7180 alignleft\" src=\"http:\/\/gymnasium-rhauderfehn.eu\/wp-content\/uploads\/2017\/01\/RNE_DAN_Signet2017_rgb-800x400-300x150.jpg\" alt=\"20170109_v1.0_RNE_Signets_alle_noch Schrift_160801_b\" width=\"163\" height=\"86\"><\/a><img loading=\"lazy\" decoding=\"async\" title=\"\" src=\"https:\/\/www.gymnasium-rhauderfehn.de\/wp-content\/uploads\/2017\/01\/Sustainable-Development-Goals_icons-13.jpg\" alt=\"\" width=\"80\" height=\"80\"><\/td>\n<td style=\"height: 439px; width: 12.5%;\">Erdkunde<\/td>\n<td style=\"height: 439px; width: 39.3032%;\"><a href=\"https:\/\/www.gymnasium-rhauderfehn.de\/wp-content\/uploads\/2017\/01\/3-DSCI0018-600x800.jpg\"><img loading=\"lazy\" decoding=\"async\" class=\"alignnone wp-image-7022\" src=\"http:\/\/gymnasium-rhauderfehn.eu\/wp-content\/uploads\/2017\/01\/3-DSCI0018-600x800-225x300.jpg\" alt=\"20120612_v1.0_L\u00e4rche.jpg\" width=\"94\" height=\"126\"><\/a>&nbsp;&nbsp;<a href=\"https:\/\/www.gymnasium-rhauderfehn.de\/wp-content\/uploads\/2017\/01\/2-DSCI0012-800x600.jpg\"><img loading=\"lazy\" decoding=\"async\" class=\"alignnone wp-image-7023\" src=\"http:\/\/gymnasium-rhauderfehn.eu\/wp-content\/uploads\/2017\/01\/2-DSCI0012-800x600-300x225.jpg\" alt=\"20120625_v1.0_L\u00e4rchepflanzung.jpg\" width=\"165\" height=\"124\"><\/a><\/td>\n<\/tr>\n<tr style=\"height: 617px;\">\n<td style=\"height: 617px; width: 11.6071%;\">&nbsp;14.01.2013<\/p>\n<p>&nbsp;<\/p>\n<p>&nbsp;<\/p>\n<p>&nbsp;<\/p>\n<p>&nbsp;<\/p>\n<p>&nbsp;<\/p>\n<p>&nbsp;<\/p>\n<p>&nbsp;<\/p>\n<p>&nbsp;<\/p>\n<p>&nbsp;<\/p>\n<p>&nbsp;<\/p>\n<p>&nbsp;<\/p>\n<p>&nbsp;<\/td>\n<td style=\"height: 617px; width: 37.7232%;\">&nbsp;Ausstellung &#8222;<strong>Landraub &#8211; Profit.Macht.Hunger<\/strong>&#8220;<\/p>\n<p>und Podiumsdiskussion&nbsp;mit<\/p>\n<p>Ayikou\u00e9 Alognon (VEN), Ottmar Ilchmann (AbL), Georg Collmann (Kirchenkreis Rhauderfehn,<\/p>\n<p>Brot f\u00fcr die Welt)<\/p>\n<p>Mit finanzieller Unterst\u00fctzung des BMZ<\/p>\n<p><a href=\"http:\/\/gymnasium-rhauderfehn.eu\/wp-content\/uploads\/2017\/01\/abl_Logo_final_25_06_2008-558x428.jpg\"><img loading=\"lazy\" decoding=\"async\" class=\" wp-image-7192\" src=\"http:\/\/gymnasium-rhauderfehn.eu\/wp-content\/uploads\/2017\/01\/abl_Logo_final_25_06_2008-558x428-300x230.jpg\" alt=\"abl_Logo_final_25_06_2008\" width=\"66\" height=\"50\"><\/a>&nbsp;&nbsp;<a href=\"https:\/\/www.gymnasium-rhauderfehn.de\/wp-content\/uploads\/2017\/01\/preview1.jpg\"><img loading=\"lazy\" decoding=\"async\" class=\"alignnone wp-image-11408\" src=\"https:\/\/www.gymnasium-rhauderfehn.de\/wp-content\/uploads\/2017\/01\/preview1.jpg\" alt=\"preview\" width=\"94\" height=\"52\">&nbsp;<\/a> <a href=\"https:\/\/www.gymnasium-rhauderfehn.de\/wp-content\/uploads\/2017\/01\/VerbandEntwPol.png\"><img loading=\"lazy\" decoding=\"async\" class=\"alignnone wp-image-11411\" src=\"https:\/\/www.gymnasium-rhauderfehn.de\/wp-content\/uploads\/2017\/01\/VerbandEntwPol-300x84.png\" alt=\"20170116_v1.0_VerbandEntwPol\" width=\"143\" height=\"40\" srcset=\"https:\/\/www.gymnasium-rhauderfehn.de\/wp-content\/uploads\/2017\/01\/VerbandEntwPol-300x84.png 300w, https:\/\/www.gymnasium-rhauderfehn.de\/wp-content\/uploads\/2017\/01\/VerbandEntwPol-1024x287.png 1024w, https:\/\/www.gymnasium-rhauderfehn.de\/wp-content\/uploads\/2017\/01\/VerbandEntwPol.png 1772w\" sizes=\"auto, (max-width: 143px) 100vw, 143px\" \/><\/a>&nbsp;&nbsp;&nbsp;<img loading=\"lazy\" decoding=\"async\" class=\"wp-image-7009 alignnone\" src=\"http:\/\/gymnasium-rhauderfehn.eu\/wp-content\/uploads\/2017\/01\/BMZ-Logo-800x274-300x103.jpg\" alt=\"20121202_v0.1_BMZ\" width=\"174\" height=\"60\"><\/p>\n<p class=\"wp-caption-dt\">&nbsp;<img loading=\"lazy\" decoding=\"async\" title=\"\" src=\"https:\/\/www.gymnasium-rhauderfehn.de\/wp-content\/uploads\/2017\/01\/Sustainable-Development-Goals_icons-01-e1533414326361.jpg\" alt=\"\" width=\"80\" height=\"80\">&nbsp;<img loading=\"lazy\" decoding=\"async\" title=\"\" src=\"https:\/\/www.gymnasium-rhauderfehn.de\/wp-content\/uploads\/2017\/01\/Sustainable-Development-Goals_icons-02.jpg\" alt=\"\" width=\"80\" height=\"80\"><\/p>\n<\/td>\n<td style=\"height: 617px; width: 12.5%;\">&nbsp;Erdkunde<\/td>\n<td style=\"height: 617px; width: 39.3032%;\"><a href=\"https:\/\/www.gymnasium-rhauderfehn.de\/wp-content\/uploads\/2017\/01\/465645_383257158425564_450244996_o-800x533.jpg\"><img loading=\"lazy\" decoding=\"async\" class=\" wp-image-11409\" src=\"https:\/\/www.gymnasium-rhauderfehn.de\/wp-content\/uploads\/2017\/01\/465645_383257158425564_450244996_o-800x533-300x200.jpg\" alt=\" Ro Alognon. Berater in Klima- und Entwicklungspolitik\" width=\"225\" height=\"150\" srcset=\"https:\/\/www.gymnasium-rhauderfehn.de\/wp-content\/uploads\/2017\/01\/465645_383257158425564_450244996_o-800x533-300x200.jpg 300w, https:\/\/www.gymnasium-rhauderfehn.de\/wp-content\/uploads\/2017\/01\/465645_383257158425564_450244996_o-800x533.jpg 800w\" sizes=\"auto, (max-width: 225px) 100vw, 225px\" \/><\/a><\/p>\n<p class=\"wp-caption-dd\">Ro Alognon. Berater in Klima- und Entwicklungspolitik<\/p>\n<\/td>\n<\/tr>\n<tr style=\"height: 255px;\">\n<td style=\"height: 255px; width: 11.6071%;\">Sommer 2012<\/p>\n<p>&nbsp;<\/p>\n<p>&nbsp;<\/p>\n<p>&nbsp;<\/p>\n<p>&nbsp;<\/td>\n<td style=\"height: 255px; width: 37.7232%;\">Diskussions- und Pr\u00e4sentationsrunde mit<\/p>\n<p>Klimaschutz-Scouts der Historisch-\u00d6kologischen<\/p>\n<p>Bildungsst\u00e4tte (H\u00d6B), Papenburg<\/p>\n<p><img loading=\"lazy\" decoding=\"async\" title=\"\" src=\"https:\/\/www.gymnasium-rhauderfehn.de\/wp-content\/uploads\/2017\/01\/Sustainable-Development-Goals_icons-13.jpg\" alt=\"\" width=\"90\" height=\"90\"><\/td>\n<td style=\"height: 255px; width: 12.5%;\">&nbsp;Erdkunde<\/td>\n<td style=\"height: 255px; width: 39.3032%;\"><a href=\"https:\/\/www.gymnasium-rhauderfehn.de\/wp-content\/uploads\/2017\/01\/3-P5160009-800x600.jpg\"><img loading=\"lazy\" decoding=\"async\" class=\"alignnone wp-image-7024\" src=\"http:\/\/gymnasium-rhauderfehn.eu\/wp-content\/uploads\/2017\/01\/3-P5160009-800x600-300x225.jpg\" alt=\"20120522_v0.1_H\u00d6B.jpg\" width=\"217\" height=\"163\"><\/a><\/td>\n<\/tr>\n<tr style=\"height: 368px;\">\n<td style=\"height: 368px; width: 11.6071%;\">Februar 2012<\/p>\n<p>&nbsp;<\/p>\n<p>&nbsp;<\/p>\n<p>&nbsp;<\/p>\n<p>&nbsp;<\/p>\n<p>&nbsp;<\/p>\n<p>&nbsp;<\/p>\n<p>&nbsp;<\/td>\n<td style=\"height: 368px; width: 37.7232%;\">&nbsp;Ausstellung &#8222;<strong>Mensch.Macht.Milch<\/strong>&#8220; in<\/p>\n<p>Kooperation mit<\/p>\n<p><strong>Brot f\u00fcr die Welt<\/strong>, dem <strong>AbL<\/strong> und<\/p>\n<p><strong>Landwirten aus&nbsp;der Region<\/strong><\/p>\n<p style=\"padding-left: 60px;\"><a href=\"http:\/\/gymnasium-rhauderfehn.eu\/wp-content\/uploads\/2017\/01\/abl_Logo_final_25_06_2008-558x428.jpg\"><img loading=\"lazy\" decoding=\"async\" class=\" wp-image-7192\" src=\"http:\/\/gymnasium-rhauderfehn.eu\/wp-content\/uploads\/2017\/01\/abl_Logo_final_25_06_2008-558x428-300x230.jpg\" alt=\"abl_Logo_final_25_06_2008\" width=\"86\" height=\"66\"><\/a>&nbsp;&nbsp;&nbsp;<a href=\"https:\/\/www.gymnasium-rhauderfehn.de\/wp-content\/uploads\/2017\/01\/preview1.jpg\"><img loading=\"lazy\" decoding=\"async\" class=\"alignnone wp-image-11408\" src=\"https:\/\/www.gymnasium-rhauderfehn.de\/wp-content\/uploads\/2017\/01\/preview1.jpg\" alt=\"preview\" width=\"114\" height=\"63\"><\/a><\/p>\n<p class=\"wp-caption-dd\"><a href=\"http:\/\/gymnasium-rhauderfehn.eu\/wp-content\/uploads\/2017\/01\/logo.png\">&nbsp;<\/a><\/p>\n<\/td>\n<td style=\"height: 368px; width: 12.5%;\">Erdkunde<\/p>\n<p>Religion<\/td>\n<td style=\"height: 368px; width: 39.3032%;\"><a href=\"https:\/\/www.gymnasium-rhauderfehn.de\/wp-content\/uploads\/2017\/01\/2-P2210003-800x600.jpg\"><img loading=\"lazy\" decoding=\"async\" class=\"alignnone wp-image-7019\" src=\"http:\/\/gymnasium-rhauderfehn.eu\/wp-content\/uploads\/2017\/01\/2-P2210003-800x600-300x225.jpg\" alt=\"20120925_v.01_Menschmachtmilch.jpg\" width=\"219\" height=\"164\"><\/a><a href=\"https:\/\/www.gymnasium-rhauderfehn.de\/wp-content\/uploads\/2017\/01\/Mensch-Macht-Milch-Ausstellung-Feb.-2012-800x600.jpg\"><img loading=\"lazy\" decoding=\"async\" class=\"alignnone wp-image-7013\" src=\"http:\/\/gymnasium-rhauderfehn.eu\/wp-content\/uploads\/2017\/01\/Mensch-Macht-Milch-Ausstellung-Feb.-2012-800x600-300x225.jpg\" alt=\"OLYMPUS DIGITAL CAMERA\" width=\"220\" height=\"166\"><\/a><\/td>\n<\/tr>\n<tr style=\"height: 377px;\">\n<td style=\"height: 377px; width: 11.6071%;\">&nbsp; Juli 2012<\/p>\n<p>&nbsp;<\/p>\n<p>&nbsp;<\/p>\n<p>&nbsp;<\/p>\n<p>&nbsp;<\/p>\n<p>&nbsp;<\/p>\n<p>&nbsp;<\/p>\n<p>&nbsp;<\/p>\n<p>&nbsp;<\/p>\n<p>&nbsp;<\/td>\n<td style=\"height: 377px; width: 37.7232%;\">&nbsp;Sch\u00fclertagung in der Evangelischen Akademie<\/p>\n<p>in Rehburg\/Loccum<\/p>\n<p>&#8222;<strong>Klima.Camp Loccum<\/strong>&#8222;, 9. &#8211; 11.07.2012<\/p>\n<p>Teilnehmer: Klasse 10<\/p>\n<p><img loading=\"lazy\" decoding=\"async\" title=\"\" src=\"https:\/\/www.gymnasium-rhauderfehn.de\/wp-content\/uploads\/2017\/01\/Sustainable-Development-Goals_icons-13.jpg\" alt=\"\" width=\"60\" height=\"60\"><\/p>\n<p>&nbsp;<\/p>\n<p>Siehe auch:<\/p>\n<p><a href=\"http:\/\/shape-the-future.de\/blog\/klimacamp-loccum-9-1172012\">Fotos des Camps<\/a><\/td>\n<td style=\"height: 377px; width: 12.5%;\">&nbsp;Erdkunde<\/td>\n<td style=\"height: 377px; width: 39.3032%;\">&nbsp;<a href=\"https:\/\/www.gymnasium-rhauderfehn.de\/wp-content\/uploads\/2017\/01\/5-12-07-10-II-002-800x533.jpg\"><img loading=\"lazy\" decoding=\"async\" class=\"alignnone wp-image-7010\" src=\"http:\/\/gymnasium-rhauderfehn.eu\/wp-content\/uploads\/2017\/01\/5-12-07-10-II-002-800x533-300x200.jpg\" alt=\"20120705_v1.0_Loccum.jpg\" width=\"222\" height=\"148\"><\/a>&nbsp;<a href=\"https:\/\/www.gymnasium-rhauderfehn.de\/wp-content\/uploads\/2017\/01\/Fahrt-zur-Sch\u00fclerakademie-nach-Loccum-2012-800x533.jpg\"><img loading=\"lazy\" decoding=\"async\" class=\"alignnone wp-image-7011\" src=\"http:\/\/gymnasium-rhauderfehn.eu\/wp-content\/uploads\/2017\/01\/Fahrt-zur-Sch\u00fclerakademie-nach-Loccum-2012-800x533-300x200.jpg\" alt=\"20120705_v.01_Loccum.jpg\" width=\"225\" height=\"150\"><\/a><\/td>\n<\/tr>\n<tr style=\"height: 379px;\">\n<td style=\"height: 379px; width: 11.6071%;\">&nbsp;2011\/2012<\/p>\n<p>&nbsp;<\/td>\n<td style=\"height: 379px; width: 37.7232%;\">&nbsp;Bau und Inbetriebnahme einer <strong>Wetterh\u00fctte<\/strong><\/p>\n<p>nach DWD-Kriterien (Deutscher Wetterdienst),<\/p>\n<p>Klasse 6<\/p>\n<p>&nbsp;<\/td>\n<td style=\"height: 379px; width: 12.5%;\">&nbsp;Erdkunde<\/td>\n<td style=\"height: 379px; width: 39.3032%;\">&nbsp;<a href=\"https:\/\/www.gymnasium-rhauderfehn.de\/wp-content\/uploads\/2017\/01\/16-DSCF2076-800x600.jpg\"><img loading=\"lazy\" decoding=\"async\" class=\"alignnone wp-image-7004\" src=\"http:\/\/gymnasium-rhauderfehn.eu\/wp-content\/uploads\/2017\/01\/16-DSCF2076-800x600-300x225.jpg\" alt=\"16-DSCF2076 (800x600)\" width=\"225\" height=\"169\"><\/a>&nbsp;<a href=\"https:\/\/www.gymnasium-rhauderfehn.de\/wp-content\/uploads\/2017\/01\/074-DSCF2390-800x600.jpg\"><img loading=\"lazy\" decoding=\"async\" class=\"alignnone wp-image-7003\" src=\"http:\/\/gymnasium-rhauderfehn.eu\/wp-content\/uploads\/2017\/01\/074-DSCF2390-800x600-300x225.jpg\" alt=\"074-DSCF2390 (800x600)\" width=\"228\" height=\"171\"><\/a><\/td>\n<\/tr>\n<tr style=\"height: 180px;\">\n<td style=\"height: 180px; width: 11.6071%;\">&nbsp;November 2011<\/td>\n<td style=\"height: 180px; width: 37.7232%;\">Besuch im Landtag in Hannover auf Einladung von&nbsp;Frau Agrarministerin A. Grotel\u00fcschen .<\/p>\n<p>Die Sch\u00fclerinnen diskutierten mit der Ministerin \u00fcber den Wandel in der Landwirtschaft und die Folgen f\u00fcr Tiere und Menschen.<\/td>\n<td style=\"height: 180px; width: 12.5%;\">&nbsp;<\/td>\n<td style=\"height: 180px; width: 39.3032%;\">&nbsp;<\/td>\n<\/tr>\n<tr style=\"height: 374px;\">\n<td style=\"height: 374px; width: 11.6071%;\">2011\/2012<\/p>\n<p>&nbsp;<\/td>\n<td style=\"height: 374px; width: 37.7232%;\">Gr\u00fcndung einer &#8222;<strong>Plant-for-the-Planet<\/strong>&#8220;<\/p>\n<p>Pflanzgruppe und Pflanzung&nbsp;von Elsbeeren<\/p>\n<p>(Sorbus torminalis) &#8222;Baum&nbsp;des Jahres 2011&#8220;<\/p>\n<p>auf dem Schulgel\u00e4nde und<\/p>\n<p>in den Privatg\u00e4rten der Sch\u00fclerinnen<\/p>\n<p>Pflanzung auf dem Schulgel\u00e4nde anl\u00e4sslich der&nbsp;<strong>COP17 Klimakonferenz<\/strong> in&nbsp;Durban<\/td>\n<td style=\"height: 374px; width: 12.5%;\">&nbsp;Erdkunde<\/td>\n<td style=\"height: 374px; width: 39.3032%;\"><a href=\"https:\/\/www.gymnasium-rhauderfehn.de\/wp-content\/uploads\/2017\/01\/DSCF2052-800x600.jpg\"><img loading=\"lazy\" decoding=\"async\" class=\"alignnone wp-image-7005\" src=\"http:\/\/gymnasium-rhauderfehn.eu\/wp-content\/uploads\/2017\/01\/DSCF2052-800x600-300x225.jpg\" alt=\"20111203_v1.0_plantfortheplanet.jpg\" width=\"238\" height=\"179\"><\/a>&nbsp;<a href=\"https:\/\/www.gymnasium-rhauderfehn.de\/wp-content\/uploads\/2017\/01\/DSC02148-800x536.jpg\"><img loading=\"lazy\" decoding=\"async\" class=\"alignnone wp-image-7006\" src=\"http:\/\/gymnasium-rhauderfehn.eu\/wp-content\/uploads\/2017\/01\/DSC02148-800x536-300x201.jpg\" alt=\"SONY DSC\" width=\"234\" height=\"157\"><\/a><\/td>\n<\/tr>\n<tr style=\"height: 479px;\">\n<td style=\"height: 479px; width: 11.6071%;\">20.09.2011<\/p>\n<p>&nbsp;<\/td>\n<td style=\"height: 479px; width: 37.7232%;\">Die Europaschule nimmt am Projekt<\/p>\n<p>&#8222;<strong>AktionKlima<\/strong>&#8220; des BMU teil. Er\u00f6ffnung des Klimaschutzjahres am Gymnasium Rhauderfehn<\/p>\n<p>in Kooperation mit der Klimaschutzbeauftragten<\/p>\n<p>des Landkreises Leer, Frau Dipl. ing. Heike Kaufmann-Semmler<\/p>\n<p><img loading=\"lazy\" decoding=\"async\" class=\"alignnone size-full wp-image-1954\" src=\"http:\/\/www.ufu.de\/wp-content\/uploads\/2017\/03\/Logo_KSSA_blau.png\" alt=\"\" width=\"246\" height=\"141\"><\/p>\n<p>Siehe auch: https:\/\/www.klimaschutzschulenatlas.de\/der-Atlas<\/td>\n<td style=\"height: 479px; width: 12.5%;\">&nbsp;Erdkunde<\/td>\n<td style=\"height: 479px; width: 39.3032%;\">&nbsp;<a href=\"https:\/\/www.gymnasium-rhauderfehn.de\/wp-content\/uploads\/2017\/01\/3-DSCF2006-800x600-2.jpg\"><img loading=\"lazy\" decoding=\"async\" class=\"alignnone wp-image-7016\" src=\"http:\/\/gymnasium-rhauderfehn.eu\/wp-content\/uploads\/2017\/01\/3-DSCF2006-800x600-2-300x225.jpg\" alt=\"2011.09.29_v0.1_Klimaschutzjahr\" width=\"239\" height=\"179\"><\/a>&nbsp;&nbsp;<a href=\"https:\/\/www.gymnasium-rhauderfehn.de\/wp-content\/uploads\/2017\/01\/7-DSCF1998-800x600.jpg\"><img loading=\"lazy\" decoding=\"async\" class=\"alignnone wp-image-7017\" src=\"http:\/\/gymnasium-rhauderfehn.eu\/wp-content\/uploads\/2017\/01\/7-DSCF1998-800x600-300x225.jpg\" alt=\"20110929_v1.0_Klimakiste.jpg\" width=\"238\" height=\"179\"><\/a><\/td>\n<\/tr>\n<tr style=\"height: 294px;\">\n<td style=\"height: 294px; width: 11.6071%;\">3.&nbsp;und 4.11.2010<\/p>\n<p>&nbsp;<\/td>\n<td style=\"height: 294px; width: 37.7232%;\">&nbsp;&#8222;<strong>Klima on s&#8217;cooltour<\/strong>&#8220; (<a href=\"http:\/\/www.iibk.eu\/projekte\/on-scooltour.html\">on s&#8217;cooltour<\/a>),<\/p>\n<p><strong>Germanwatch<\/strong>&nbsp;<strong>Klimaexpedition<\/strong> f\u00fcr die<\/p>\n<p>9. Klassen<\/p>\n<p>Thema der Klimaexpedition ist der Blick auf die Erde vom Weltall aus und der Vergleich von Satellitenbildern mit aktuellen Ver\u00e4nderungen z.B. von Gletschern oder Seen.<\/p>\n<p>Das Projekt ist UN-Projekt im Rahmen der Dekade &#8222;Bildung f\u00fcr nachhaltige Entwicklung&#8220;.<\/td>\n<td style=\"height: 294px; width: 12.5%;\">Erdkund<\/p>\n<p>e<\/p>\n<p>&nbsp;<\/td>\n<td style=\"height: 294px; width: 39.3032%;\"><img loading=\"lazy\" decoding=\"async\" class=\"alignleft\" src=\"http:\/\/www.iibk.eu\/typo3temp\/pics\/dd5c9ba169.gif\" alt=\"\" width=\"127\" height=\"124\"><img loading=\"lazy\" decoding=\"async\" title=\"\" src=\"https:\/\/www.gymnasium-rhauderfehn.de\/wp-content\/uploads\/2017\/01\/Sustainable-Development-Goals_icons-02.jpg\" alt=\"\" width=\"80\" height=\"80\"><img loading=\"lazy\" decoding=\"async\" title=\"\" src=\"https:\/\/www.gymnasium-rhauderfehn.de\/wp-content\/uploads\/2017\/01\/Sustainable-Development-Goals_icons-01-e1533414326361.jpg\" alt=\"\" width=\"80\" height=\"80\"><\/td>\n<\/tr>\n<tr style=\"height: 22px;\">\n<td style=\"height: 22px; width: 11.6071%;\">&nbsp;<\/td>\n<td style=\"height: 22px; width: 37.7232%;\">\n<h2>Aktuelles aus dem Bereich BNE<\/h2>\n<p><div id=\"postlisting\"><div class=\"plposts\"><div class=\"plposthead\"><h3><a href=\"https:\/\/www.gymnasium-rhauderfehn.de\/?p=22661\">Erasmus+ Reise nach Italien<\/a><\/h3><p class=\"info\"><i class=\"fa fa-calendar\"><\/i> 12. April 2026 <i class=\"fa fa-user\"><\/i> Sabine Brunken<\/p><\/div><div class=\"plpostcontent\"><p class=\"content\">Die Vergangenheit verstehen, um die Zukunft verantwortungsvoll zu gestalten!\u00a0 Das war das Motto unserer Erasmus-Fahrt nach Italien und besser h\u00e4tten wir es nicht formulieren k\u00f6nnen. Im M\u00e4rz reisten acht Lateinlernende aus Jahrgang 10 nach Santa [&hellip;]<\/p><\/div><\/div><div class=\"plposts\"><div class=\"plposthead\"><h3><a href=\"https:\/\/www.gymnasium-rhauderfehn.de\/?p=21839\">AWG beim Stadtradeln 2025 \u2013 unsere J\u00fcngsten ganz vorn dabei<\/a><\/h3><p class=\"info\"><i class=\"fa fa-calendar\"><\/i> 25. Juni 2025 <i class=\"fa fa-user\"><\/i> Melanie Rolfes<\/p><\/div><div class=\"plpostcontent\"><p class=\"content\">Auch in diesem Jahr hat sich das Albrecht-Weinberg-Gymnasium im Rahmen des Erasmus+-Schwerpunktes \u201eNachhaltigkeit im Schulalltag\u201c erfolgreich am Stadtradeln beteiligt. Die Ergebnisse k\u00f6nnen sich sehen lassen: Besonders beeindruckend war das Engagement unserer j\u00fcngsten Radlerinnen und Radler. [&hellip;]<\/p><\/div><\/div><div class=\"plposts\"><div class=\"plposthead\"><h3><a href=\"https:\/\/www.gymnasium-rhauderfehn.de\/?p=20947\">Erasmus-Fortbildung in Island: Culture and Heritage<\/a><\/h3><p class=\"info\"><i class=\"fa fa-calendar\"><\/i> 23. Juli 2024 <i class=\"fa fa-user\"><\/i> Melanie Rolfes<\/p><\/div><div class=\"plpostcontent\"><p class=\"content\">Die Erasmus-Fortbildung zum Thema &#8222;Culture and Heritage&#8220; in Island, an der unsere Kollegin Katrin Marinesse im Juli teilnahm, bot eine einzigartige Gelegenheit, die reiche kulturelle und historische Landschaft des Landes zu erkunden und zu verstehen. [&hellip;]<\/p><\/div><\/div><div class=\"plposts\"><div class=\"plposthead\"><h3><a href=\"https:\/\/www.gymnasium-rhauderfehn.de\/?p=19520\">Endlich! Erasmus+ R\u00fcckbesuch in Schweden<\/a><\/h3><p class=\"info\"><i class=\"fa fa-calendar\"><\/i> 18. Oktober 2022 <i class=\"fa fa-user\"><\/i> Melanie Rolfes<\/p><\/div><div class=\"plpostcontent\"><p class=\"content\">Endlich wieder internationale Kontakte erm\u00f6glicht durch Erasmus+! 19 Sch\u00fclerinnen und Sch\u00fcler arbeiten mit ihren schwedischen Partnern nach dem Besuch im Mai bei uns nun in Schweden an unserem Projektziel &#8222;\u00f6kologische Nachhaltigkeit&#8220;. Nach langer Zeit coronabedingten [&hellip;]<\/p><\/div><\/div><div class=\"plposts\"><div class=\"plposthead\"><h3><a href=\"https:\/\/www.gymnasium-rhauderfehn.de\/?p=18072\">Bericht zum KlimaTalk am 25.03.2021<\/a><\/h3><p class=\"info\"><i class=\"fa fa-calendar\"><\/i> 22. April 2021 <i class=\"fa fa-user\"><\/i> Sabine Brunken<\/p><\/div><div class=\"plpostcontent\"><p class=\"content\">Am 25.03.2021 nahm der Biologie Kurs bi222 des Jahrgangs 12 an den KlimaTalks beim KlimaWissen2021 teil, in denen wir die M\u00f6glichkeit besa\u00dfen, einen intensiven Austausch mit den einzelnen Expert*innen zu erleben. KlimaWissen2021 ist neues Online-Angebot [&hellip;]<\/p><\/div><\/div><div class=\"plposts\"><div class=\"plposthead\"><h3><a href=\"https:\/\/www.gymnasium-rhauderfehn.de\/?p=11381\">Beitr\u00e4ge f\u00fcr eine Bildung f\u00fcr nachhaltige Entwicklung (BNE)<\/a><\/h3><p class=\"info\"><i class=\"fa fa-calendar\"><\/i> 15. Januar 2017 <i class=\"fa fa-user\"><\/i> Sabine Brunken<\/p><\/div><div class=\"plpostcontent\"><p class=\"content\">BILDUNG F\u00dcR NACHHALTIGE ENTWICKLUNG &#8211; was ist das? Was ist BNE? BNE ist die Abk\u00fcrzung von Bildung f\u00fcr nachhaltige Entwicklung. Gemeint ist eine Bildung, die Menschen zu zukunftsf\u00e4higem Denken und Handeln bef\u00e4higt: Wie beeinflussen meine [&hellip;]<\/p><\/div><\/div><\/div><\/td>\n<td style=\"height: 22px; width: 12.5%;\">&nbsp;<\/td>\n<td style=\"width: 39.3032%; height: 22px;\">&nbsp;<\/td>\n<\/tr>\n<tr>\n<td style=\"width: 11.6071%;\">&nbsp;<\/td>\n<td style=\"width: 37.7232%;\">&nbsp;<\/td>\n<td style=\"width: 12.5%;\">&nbsp;<\/td>\n<td style=\"width: 39.3032%;\">&nbsp;<\/td>\n<\/tr>\n<\/tbody>\n<\/table>\n","protected":false},"excerpt":{"rendered":"<p>BILDUNG F\u00dcR NACHHALTIGE ENTWICKLUNG &#8211; was ist das? &nbsp; &nbsp; BNE ist die Abk\u00fcrzung von Bildung f\u00fcr nachhaltige Entwicklung. Gemeint ist eine Bildung, die Menschen zu komplexem, zukunftsf\u00e4higem Denken und empathischem Handeln bef\u00e4higt: Wie beeinflussen [&hellip;]<\/p>\n","protected":false},"author":1,"featured_media":0,"parent":18957,"menu_order":1,"comment_status":"closed","ping_status":"closed","template":"","meta":{"ngg_post_thumbnail":0,"footnotes":""},"class_list":["post-11403","page","type-page","status-publish","hentry"],"_links":{"self":[{"href":"https:\/\/www.gymnasium-rhauderfehn.de\/index.php?rest_route=\/wp\/v2\/pages\/11403","targetHints":{"allow":["GET"]}}],"collection":[{"href":"https:\/\/www.gymnasium-rhauderfehn.de\/index.php?rest_route=\/wp\/v2\/pages"}],"about":[{"href":"https:\/\/www.gymnasium-rhauderfehn.de\/index.php?rest_route=\/wp\/v2\/types\/page"}],"author":[{"embeddable":true,"href":"https:\/\/www.gymnasium-rhauderfehn.de\/index.php?rest_route=\/wp\/v2\/users\/1"}],"replies":[{"embeddable":true,"href":"https:\/\/www.gymnasium-rhauderfehn.de\/index.php?rest_route=%2Fwp%2Fv2%2Fcomments&post=11403"}],"version-history":[{"count":24,"href":"https:\/\/www.gymnasium-rhauderfehn.de\/index.php?rest_route=\/wp\/v2\/pages\/11403\/revisions"}],"predecessor-version":[{"id":18686,"href":"https:\/\/www.gymnasium-rhauderfehn.de\/index.php?rest_route=\/wp\/v2\/pages\/11403\/revisions\/18686"}],"up":[{"embeddable":true,"href":"https:\/\/www.gymnasium-rhauderfehn.de\/index.php?rest_route=\/wp\/v2\/pages\/18957"}],"wp:attachment":[{"href":"https:\/\/www.gymnasium-rhauderfehn.de\/index.php?rest_route=%2Fwp%2Fv2%2Fmedia&parent=11403"}],"curies":[{"name":"wp","href":"https:\/\/api.w.org\/{rel}","templated":true}]}}