{"id":18492,"date":"2021-10-20T13:09:33","date_gmt":"2021-10-20T11:09:33","guid":{"rendered":"https:\/\/www.gymnasium-rhauderfehn.de\/?page_id=18492"},"modified":"2026-03-27T18:59:52","modified_gmt":"2026-03-27T17:59:52","slug":"akkreditierung-unser-ticket-fuer-europa","status":"publish","type":"page","link":"https:\/\/www.gymnasium-rhauderfehn.de\/?page_id=18492","title":{"rendered":"Akkreditierung &#8211; Unser Ticket f\u00fcr Europa!"},"content":{"rendered":"<p>&nbsp;<\/p>\n<figure id=\"attachment_18493\" aria-describedby=\"caption-attachment-18493\" style=\"width: 1007px\" class=\"wp-caption aligncenter\"><a href=\"https:\/\/www.gymnasium-rhauderfehn.de\/wp-content\/uploads\/2021\/10\/Auszeichnung_Akkreditierung.jpg\"><img loading=\"lazy\" decoding=\"async\" class=\"wp-image-18493 size-full\" src=\"https:\/\/www.gymnasium-rhauderfehn.de\/wp-content\/uploads\/2021\/10\/Auszeichnung_Akkreditierung.jpg\" alt=\"\" width=\"1007\" height=\"706\" srcset=\"https:\/\/www.gymnasium-rhauderfehn.de\/wp-content\/uploads\/2021\/10\/Auszeichnung_Akkreditierung.jpg 1007w, https:\/\/www.gymnasium-rhauderfehn.de\/wp-content\/uploads\/2021\/10\/Auszeichnung_Akkreditierung-300x210.jpg 300w, https:\/\/www.gymnasium-rhauderfehn.de\/wp-content\/uploads\/2021\/10\/Auszeichnung_Akkreditierung-768x538.jpg 768w\" sizes=\"auto, (max-width: 1007px) 100vw, 1007px\" \/><\/a><figcaption id=\"caption-attachment-18493\" class=\"wp-caption-text\">Auszeichnung als akkreditierte Erasmus+ Schule<\/figcaption><\/figure>\n<p>Auch in dieser Programmgeneration sind wir als Europaschule bei Erasmus+ vertreten. Als akkreditierte Schule verf\u00fcgen wir \u00fcber eine mehrj\u00e4hrige F\u00f6rderung, um zum Wohle der Sch\u00fclerinnen und Sch\u00fcler unserer Schulgemeinschaft europ\u00e4ische Projektfahrten durchzuf\u00fchren und das Kollegium gezielt weiterzubilden.<\/p>\n<p>Die Europaarbeit unserer Schule dient vor allem der ganzheitlichen Schulentwicklung verbunden mit den folgenden Zielen unseres Erasmusplans:<\/p>\n<p>(1) Pflege und Ausbau internationaler Kontakte<\/p>\n<p>(2) internationale Ausrichtung der Berufsorientierung<\/p>\n<p>(3) Verbesserter Einsatz digitaler Medien<\/p>\n<p>(4) Sensibilisierung f\u00fcr Bildung f\u00fcr nachhaltige Entwicklung (BNE) im Schulalltag<\/p>\n<p>(5) \u00d6ffnung des Unterrichts (Lernortgestaltung, Freiarbeit, \u2026)<\/p>\n<p>(6) Erinnerungskultur aktiv gestalten<\/p>\n<p>&nbsp;<\/p>\n<p>Unsere <strong>Sch\u00fclerinnen und Sch\u00fcler<\/strong> haben dadurch die M\u00f6glichkeit ohne finanziellen Aufwand beispielsweise an <strong>Austauschfahrten<\/strong> teilzunehmen oder ihr <strong>Betriebspraktikum<\/strong> im Ausland zu absolvieren. Auch <strong>l\u00e4ngere Schulbesuche im Ausland<\/strong> sind m\u00f6glich. Das Kollegium kann gezielt an <strong>Job-Shadowings<\/strong> oder <strong>Auslandsfortbildungen<\/strong> teilnehmen.<\/p>\n<p><strong>Wie wir das finden?<\/strong> Gro\u00dfartig! Diese Eindr\u00fccke haben wir zu den <strong>#ErasmusDays 2024 in einem Video<\/strong> gesammelt: <a href=\"https:\/\/www.youtube.com\/watch?v=qqoaz7hQPh8\">https:\/\/www.youtube.com\/watch?v=qqoaz7hQPh8<\/a><\/p>\n<p>Auf dieser <a href=\"https:\/\/www.taskcards.de\/#\/board\/c1b654a4-0aea-4925-a3f9-463c47d50d43?token=7dd64f90-1d7c-4a1e-83b9-f0e38261c2a7\">Pinnwand<\/a> zeigen wir den Projektfortschritt. Informationen zum <strong>Schulbesuch<\/strong> im Ausland findest du <a href=\"https:\/\/www.gymnasium-rhauderfehn.de\/?p=19315\">hier.<\/a><\/p>\n<p><strong data-start=\"1639\" data-end=\"1682\">Auszeichnung als Beispiel guter Praxis:<\/strong><\/p>\n<p>Das Albrecht-Weinberg-Gymnasium wurde 2025 f\u00fcr erfolgreiche Projektarbeit vom P\u00e4dagogischen Austauschdienst (PAD\/KMK) mit dem <em data-start=\"1780\" data-end=\"1822\">Erasmus+ Qualit\u00e4tssiegel im Schulbereich<\/em> ausgezeichnet.<\/p>\n<figure id=\"attachment_22218\" aria-describedby=\"caption-attachment-22218\" style=\"width: 600px\" class=\"wp-caption aligncenter\"><a href=\"https:\/\/www.gymnasium-rhauderfehn.de\/wp-content\/uploads\/2025\/12\/KA1_weiss_2025_600x375.jpg\"><img loading=\"lazy\" decoding=\"async\" class=\"wp-image-22218 size-full\" src=\"https:\/\/www.gymnasium-rhauderfehn.de\/wp-content\/uploads\/2025\/12\/KA1_weiss_2025_600x375.jpg\" alt=\"\" width=\"600\" height=\"375\" srcset=\"https:\/\/www.gymnasium-rhauderfehn.de\/wp-content\/uploads\/2025\/12\/KA1_weiss_2025_600x375.jpg 600w, https:\/\/www.gymnasium-rhauderfehn.de\/wp-content\/uploads\/2025\/12\/KA1_weiss_2025_600x375-300x188.jpg 300w\" sizes=\"auto, (max-width: 600px) 100vw, 600px\" \/><\/a><figcaption id=\"caption-attachment-22218\" class=\"wp-caption-text\">Qualit\u00e4tssiegel f\u00fcr das AWG<\/figcaption><\/figure>\n<p>&nbsp;<\/p>\n<p>Unter anderem pr\u00e4sentiert der P\u00e4dagogische Austauschdienst unseren <a href=\"https:\/\/www.instagram.com\/awg_rhauderfehn\/\">Instagramkanal<\/a> als Good-Practice-Beitrag auf <a href=\"https:\/\/erasmusplus.schule\/service\/oeffentlichkeitsarbeit\">erasmusplus.schule<\/a>.<\/p>\n<figure id=\"attachment_22224\" aria-describedby=\"caption-attachment-22224\" style=\"width: 640px\" class=\"wp-caption aligncenter\"><a href=\"https:\/\/www.gymnasium-rhauderfehn.de\/wp-content\/uploads\/2025\/12\/Gute-Praxis-komplett.png\"><img loading=\"lazy\" decoding=\"async\" class=\"wp-image-22224 size-large\" src=\"https:\/\/www.gymnasium-rhauderfehn.de\/wp-content\/uploads\/2025\/12\/Gute-Praxis-komplett-1024x797.png\" alt=\"\" width=\"640\" height=\"498\" srcset=\"https:\/\/www.gymnasium-rhauderfehn.de\/wp-content\/uploads\/2025\/12\/Gute-Praxis-komplett-1024x797.png 1024w, https:\/\/www.gymnasium-rhauderfehn.de\/wp-content\/uploads\/2025\/12\/Gute-Praxis-komplett-300x234.png 300w, https:\/\/www.gymnasium-rhauderfehn.de\/wp-content\/uploads\/2025\/12\/Gute-Praxis-komplett-768x598.png 768w, https:\/\/www.gymnasium-rhauderfehn.de\/wp-content\/uploads\/2025\/12\/Gute-Praxis-komplett-1536x1196.png 1536w, https:\/\/www.gymnasium-rhauderfehn.de\/wp-content\/uploads\/2025\/12\/Gute-Praxis-komplett.png 1607w\" sizes=\"auto, (max-width: 640px) 100vw, 640px\" \/><\/a><figcaption id=\"caption-attachment-22224\" class=\"wp-caption-text\">Screenshot der Webseite erasmusplus.schule \u2013 \u00a9 P\u00e4dagogischer Austauschdienst (PAD), KMK \u2013 https:\/\/www.erasmusplus.schule<\/figcaption><\/figure>\n<div class=\"mceTemp\"><\/div>\n<p>&nbsp;<\/p>\n<p>Weitere Informationen erteilt die Projektkoordinatorin <a href=\"mailto:melanie.rolfes@gymnasium-rhauderfehn.eu\">Melanie Rolfes<\/a>.<\/p>\n<p><a href=\"https:\/\/www.gymnasium-rhauderfehn.de\/wp-content\/uploads\/2021\/10\/DE_V_Kofinanziert_von_der_Europaeischen_Union_Web_blau.jpg\"><img loading=\"lazy\" decoding=\"async\" class=\"alignnone size-medium wp-image-18496\" src=\"https:\/\/www.gymnasium-rhauderfehn.de\/wp-content\/uploads\/2021\/10\/DE_V_Kofinanziert_von_der_Europaeischen_Union_Web_blau-296x300.jpg\" alt=\"\" width=\"296\" height=\"300\" srcset=\"https:\/\/www.gymnasium-rhauderfehn.de\/wp-content\/uploads\/2021\/10\/DE_V_Kofinanziert_von_der_Europaeischen_Union_Web_blau-296x300.jpg 296w, https:\/\/www.gymnasium-rhauderfehn.de\/wp-content\/uploads\/2021\/10\/DE_V_Kofinanziert_von_der_Europaeischen_Union_Web_blau-768x778.jpg 768w, https:\/\/www.gymnasium-rhauderfehn.de\/wp-content\/uploads\/2021\/10\/DE_V_Kofinanziert_von_der_Europaeischen_Union_Web_blau.jpg 910w\" sizes=\"auto, (max-width: 296px) 100vw, 296px\" \/><\/a><a href=\"https:\/\/www.gymnasium-rhauderfehn.de\/wp-content\/uploads\/2024\/10\/Erasmus_with_baseline-right_pos_RGB_EN.png\"><img loading=\"lazy\" decoding=\"async\" class=\"alignnone wp-image-20997 size-large\" src=\"https:\/\/www.gymnasium-rhauderfehn.de\/wp-content\/uploads\/2024\/10\/Erasmus_with_baseline-right_pos_RGB_EN-1024x351.png\" alt=\"\" width=\"640\" height=\"219\" srcset=\"https:\/\/www.gymnasium-rhauderfehn.de\/wp-content\/uploads\/2024\/10\/Erasmus_with_baseline-right_pos_RGB_EN-1024x351.png 1024w, https:\/\/www.gymnasium-rhauderfehn.de\/wp-content\/uploads\/2024\/10\/Erasmus_with_baseline-right_pos_RGB_EN-300x103.png 300w, https:\/\/www.gymnasium-rhauderfehn.de\/wp-content\/uploads\/2024\/10\/Erasmus_with_baseline-right_pos_RGB_EN-768x263.png 768w, https:\/\/www.gymnasium-rhauderfehn.de\/wp-content\/uploads\/2024\/10\/Erasmus_with_baseline-right_pos_RGB_EN-1536x526.png 1536w, https:\/\/www.gymnasium-rhauderfehn.de\/wp-content\/uploads\/2024\/10\/Erasmus_with_baseline-right_pos_RGB_EN-2048x702.png 2048w\" sizes=\"auto, (max-width: 640px) 100vw, 640px\" \/><\/a><\/p>\n<p>&nbsp;<\/p>\n<hr \/>\n<div id=\"postlisting\"><h1>Aktuelles \u00fcber das Thema Akkreditierung<\/h1><div class=\"plposts\"><div class=\"plposthead\"><h3><a href=\"https:\/\/www.gymnasium-rhauderfehn.de\/?p=22661\">Erasmus+ Reise nach Italien<\/a><\/h3><p class=\"info\"><i class=\"fa fa-calendar\"><\/i> 12. April 2026 <i class=\"fa fa-user\"><\/i> Sabine Brunken<\/p><\/div><div class=\"plpostcontent\"><p class=\"content\">Die Vergangenheit verstehen, um die Zukunft verantwortungsvoll zu gestalten!\u00a0 Das war das Motto unserer Erasmus-Fahrt nach Italien und besser h\u00e4tten wir es nicht formulieren k\u00f6nnen. Im M\u00e4rz reisten acht Lateinlernende aus Jahrgang 10 nach Santa [&hellip;]<\/p><\/div><\/div><div class=\"plposts\"><div class=\"plposthead\"><h3><a href=\"https:\/\/www.gymnasium-rhauderfehn.de\/?p=22401\">Northern Lights &#8211; Women Who Inspire: Schwedenaustausch am AWG<\/a><\/h3><p class=\"info\"><i class=\"fa fa-calendar\"><\/i> 4. Februar 2026 <i class=\"fa fa-user\"><\/i> Melanie Rolfes<\/p><\/div><div class=\"plpostcontent\"><p class=\"content\">Hej och hejda! Der erste Teil des Schwedenaustausch fing doch gerade erst an, und jetzt ist er schon wieder vorbei. Zur\u00fcck bleiben wir mit vielen Emotionen und Erinnerungen an unseren Besuch aus Mariestad und das [&hellip;]<\/p><\/div><\/div><div class=\"plposts\"><div class=\"plposthead\"><h3><a href=\"https:\/\/www.gymnasium-rhauderfehn.de\/?p=22384\">#WeRemember<\/a><\/h3><p class=\"info\"><i class=\"fa fa-calendar\"><\/i> 26. Januar 2026 <i class=\"fa fa-user\"><\/i> Anke Chudzinski-Schubert<\/p><\/div><div class=\"plpostcontent\"><p class=\"content\">\u00a0Gemeinsam mit Albrecht Weinberg gedenken wir am 27. Januar, dem internationalen Holocaust-Gedenktag, der Opfer des Holocaust. #WeRemember<\/p><\/div><\/div><div class=\"plposts\"><div class=\"plposthead\"><h3><a href=\"https:\/\/www.gymnasium-rhauderfehn.de\/?p=22368\">Der deutsch-franz\u00f6sische Tag<\/a><\/h3><p class=\"info\"><i class=\"fa fa-calendar\"><\/i> 25. Januar 2026 <i class=\"fa fa-user\"><\/i> Sabine Brunken<\/p><\/div><div class=\"plpostcontent\"><p class=\"content\">Der Deutsch-franz\u00f6sische Tag (La journ\u00e9e franco-allemande) wird jedes Jahr am 22. Januar aus Anlass des Jahrestages der Unterzeichnung des \u00c9lys\u00e9e-Vertrages (1963) begangen. Er soll die Jugendlichen in Frankreich und Deutschland mit ihrem Nachbarland bekanntmachen und [&hellip;]<\/p><\/div><\/div><div class=\"plposts\"><div class=\"plposthead\"><h3><a href=\"https:\/\/www.gymnasium-rhauderfehn.de\/?p=22348\">Jg. 11 teilt Praktikumserfahrungen<\/a><\/h3><p class=\"info\"><i class=\"fa fa-calendar\"><\/i> 16. Januar 2026 <i class=\"fa fa-user\"><\/i> Imke Noormann<\/p><\/div><div class=\"plpostcontent\"><p class=\"content\">Im vergangenen Herbst haben die 11. Klassen ihr Betriebspraktikum absolviert. Zu den dort gewonnen Erfahrungen haben die Elftkl\u00e4ssler*innen digitale Pr\u00e4sentationen, Flyer, Videos und Podcasts erstellt und im Zuge der diesj\u00e4hrigen Praktikumsmesse ausgestellt. Die Praktikumsmesse wurde [&hellip;]<\/p><\/div><\/div><div class=\"plposts\"><div class=\"plposthead\"><h3><a href=\"https:\/\/www.gymnasium-rhauderfehn.de\/?p=22344\">Fortbildung: Gefahren f\u00fcr die Demokratie<\/a><\/h3><p class=\"info\"><i class=\"fa fa-calendar\"><\/i> 15. Januar 2026 <i class=\"fa fa-user\"><\/i> Imke Noormann<\/p><\/div><div class=\"plpostcontent\"><p class=\"content\">Der Nachmittag des 14.01.2026 stand ganz im Sinne der Demokratiebildung, die eine Querschnittsaufgabe von Schulen ist. So hei\u00dft es im Erlass \u201eSt\u00e4rkung der Demokratiebildung an \u00f6ffentlichen allgemein bildenden und berufsbildenden Schulen sowie Schulen in freier [&hellip;]<\/p><\/div><\/div><div class=\"plposts\"><div class=\"plposthead\"><h3><a href=\"https:\/\/www.gymnasium-rhauderfehn.de\/?p=22346\">Extremismuspr\u00e4vention in Jg. 10<\/a><\/h3><p class=\"info\"><i class=\"fa fa-calendar\"><\/i> 15. Januar 2026 <i class=\"fa fa-user\"><\/i> Imke Noormann<\/p><\/div><div class=\"plpostcontent\"><p class=\"content\">Was bedeutet &#8222;freiheitliche demokratische Grundordnung&#8220;? Warum gilt es, sie zu sch\u00fctzen? Und welchen Gefahren ist sie ausgesetzt? Um diese Fragen ging es beim dreist\u00fcndigen Workshop mit dem Nieders\u00e4chsischen Verfassungsschutz zur Extremismus, den das AWG jedes [&hellip;]<\/p><\/div><\/div><div class=\"plposts\"><div class=\"plposthead\"><h3><a href=\"https:\/\/www.gymnasium-rhauderfehn.de\/?p=22320\">Mein Auslandsaufenthalt mit Erasmus+ an der IES Rascanya (Valencia, Spanien)<\/a><\/h3><p class=\"info\"><i class=\"fa fa-calendar\"><\/i> 2. Januar 2026 <i class=\"fa fa-user\"><\/i> Melanie Rolfes<\/p><\/div><div class=\"plpostcontent\"><p class=\"content\">Ich bin dieses Jahr von Oktober bis Mitte Januar mit Erasmus+ nach Valencia in Spanien gereist. Dort habe ich als Sch\u00fclerin die IES Rascanya besucht. Um ehrlich zu sein, wusste ich nicht ganz, was mich [&hellip;]<\/p><\/div><\/div><div class=\"plposts\"><div class=\"plposthead\"><h3><a href=\"https:\/\/www.gymnasium-rhauderfehn.de\/?p=22302\">Europ\u00e4ische Werte sichtbar gemacht &#8211; Mitmach-Ausstellungsreihe des Seminarfachs &#8222;Europa&#8220;<\/a><\/h3><p class=\"info\"><i class=\"fa fa-calendar\"><\/i> 2. Januar 2026 <i class=\"fa fa-user\"><\/i> Melanie Rolfes<\/p><\/div><div class=\"plpostcontent\"><p class=\"content\">Im November und Dezember hat das Seminarfach Europa (Jahrgang 12) eine Mitmach-Ausstellungsreihe im Schulfoyer gestaltet. In der eigens eingerichteten \u201eEuropa-Ecke\u201c griffen die Sch\u00fclerinnen und Sch\u00fcler \u00fcber mehrere Wochen hinweg europ\u00e4ische Thementage auf und luden die [&hellip;]<\/p><\/div><\/div><div class=\"plposts\"><div class=\"plposthead\"><h3><a href=\"https:\/\/www.gymnasium-rhauderfehn.de\/?p=22271\">Learning from the Past \u2013 Acting for Europe\u2019s Future<\/a><\/h3><p class=\"info\"><i class=\"fa fa-calendar\"><\/i> 16. Dezember 2025 <i class=\"fa fa-user\"><\/i> Melanie Rolfes<\/p><\/div><div class=\"plpostcontent\"><p class=\"content\">Besuch der italienischen Partnerschule ISSIS Amaldi-Nevio am Albrecht-Weinberg-Gymnasium Unter dem Motto \u201eLearning from the Past \u2013 Acting for Europe\u2019s Future\u201c konnten wir in der vergangenen Woche Sch\u00fclerinnen und Sch\u00fcler unserer italienischen Partnerschule ISSIS Amaldi-Nevio aus [&hellip;]<\/p><\/div><\/div><div class=\"plposts\"><div class=\"plposthead\"><h3><a href=\"https:\/\/www.gymnasium-rhauderfehn.de\/?p=22220\">AWG erh\u00e4lt Erasmus+ Qualit\u00e4tssiegel im Schulbereich<\/a><\/h3><p class=\"info\"><i class=\"fa fa-calendar\"><\/i> 1. Dezember 2025 <i class=\"fa fa-user\"><\/i> Melanie Rolfes<\/p><\/div><div class=\"plpostcontent\"><p class=\"content\">Wir freuen uns sehr: Das Albrecht-Weinberg-Gymnasium wurde mit dem Erasmus+ Qualit\u00e4tssiegel im Schulbereich ausgezeichnet und gilt damit offiziell als \u201eBeispiel guter Praxis\u201c im europ\u00e4ischen Bildungsprogramm. Das Siegel wird vom P\u00e4dagogischen Austauschdienst der Kultusministerkonferenz an Schulen [&hellip;]<\/p><\/div><\/div><div class=\"plposts\"><div class=\"plposthead\"><h3><a href=\"https:\/\/www.gymnasium-rhauderfehn.de\/?p=22177\">Erasmus+ Auslandspraktika 2025 \u2013 AWG-Sch\u00fcler:innen sammeln europaweite Berufserfahrungen<\/a><\/h3><p class=\"info\"><i class=\"fa fa-calendar\"><\/i> 19. November 2025 <i class=\"fa fa-user\"><\/i> Melanie Rolfes<\/p><\/div><div class=\"plpostcontent\"><p class=\"content\">13 Sch\u00fcler:innen des Albrecht-Weinberg-Gymnasiums kehrten nach zwei- bis vierw\u00f6chigen Erasmus+-Praktika aus sieben europ\u00e4ischen L\u00e4ndern zur\u00fcck. Die Einsatzstellen zeigten eindrucksvoll, wie vielf\u00e4ltig berufliche Lernorte in Europa sein k\u00f6nnen:In Al\u00e8s (Frankreich) sammelten Marie, Laura, Julia und Charlotte [&hellip;]<\/p><\/div><\/div><div class=\"plposts\"><div class=\"plposthead\"><h3><a href=\"https:\/\/www.gymnasium-rhauderfehn.de\/?p=22125\">The Musical Resilience Project \u2013 Musik, die zusammenh\u00e4lt<\/a><\/h3><p class=\"info\"><i class=\"fa fa-calendar\"><\/i> 12. November 2025 <i class=\"fa fa-user\"><\/i> Melanie Rolfes<\/p><\/div><div class=\"plpostcontent\"><p class=\"content\">Wie klingt Europa, wenn Jugendliche aus zwei L\u00e4ndern gemeinsam musizieren? Diese Frage stand im Mittelpunkt des Erasmus+-Projekts \u201eThe Musical Resilience Project\u201c, das die Concert Band des Albrecht-Weinberg-Gymnasiums gemeinsam mit der Deutschen Schule Tinglev in D\u00e4nemark [&hellip;]<\/p><\/div><\/div><div class=\"plposts\"><div class=\"plposthead\"><h3><a href=\"https:\/\/www.gymnasium-rhauderfehn.de\/?p=22065\">Tschechischer Besuch<\/a><\/h3><p class=\"info\"><i class=\"fa fa-calendar\"><\/i> 29. Oktober 2025 <i class=\"fa fa-user\"><\/i> Sabine Brunken<\/p><\/div><div class=\"plpostcontent\"><p class=\"content\">Im Juni reisten neben der Schulleiterin U. Janssen die Kollegen A. Chudzinski-Schubert und Erk Schubert zum Slezk\u00e9 gymn\u00e1zium Opava\/Tschechien, um dort im Rahmen unserer Akkreditierung bei Erasmus+ zu hospitieren (&#8222;Job Shadowing&#8220;). In dieser letzten Oktoberwoche [&hellip;]<\/p><\/div><\/div><div class=\"plposts\"><div class=\"plposthead\"><h3><a href=\"https:\/\/www.gymnasium-rhauderfehn.de\/?p=21841\">Erasmus+ Job-Shadowing: Italienische Kolleg:innen zu Gast am Albrecht-Weinberg-Gymnasium<\/a><\/h3><p class=\"info\"><i class=\"fa fa-calendar\"><\/i> 29. Oktober 2025 <i class=\"fa fa-user\"><\/i> Melanie Rolfes<\/p><\/div><div class=\"plpostcontent\"><p class=\"content\">Gleich zwei G\u00e4ste von unserer Partnerschule in Santa Maria Capua Vetere (Italien) waren in den vergangenen Wochen bei uns zu Besuch:Im Rahmen von Erasmus+ absolvierten die italienischen Lehrkr\u00e4fte Susie und Roberto jeweils ein einw\u00f6chiges Job-Shadowing [&hellip;]<\/p><\/div><\/div><div class=\"plposts\"><div class=\"plposthead\"><h3><a href=\"https:\/\/www.gymnasium-rhauderfehn.de\/?p=21992\">Throwback zum Europ\u00e4ischen Tag der Sprachen am 26.09.2025<\/a><\/h3><p class=\"info\"><i class=\"fa fa-calendar\"><\/i> 29. Oktober 2025 <i class=\"fa fa-user\"><\/i> Melanie Rolfes<\/p><\/div><div class=\"plpostcontent\"><p class=\"content\">Im Kurs fr 228 wurde es international \u2013 und lecker! \ud83d\ude0b Unsere Sch\u00fcler*innen, die Englisch und Franz\u00f6sisch lernen, haben zum Anlass des Tages Scones \ud83c\uddec\ud83c\udde7 und Madeleines \ud83c\uddeb\ud83c\uddf7 gebacken \u2013 stellvertretend f\u00fcr die Sprachen und [&hellip;]<\/p><\/div><\/div><div class=\"plposts\"><div class=\"plposthead\"><h3><a href=\"https:\/\/www.gymnasium-rhauderfehn.de\/?p=21973\">Erasmus+ Fortbildung in Helsinki<\/a><\/h3><p class=\"info\"><i class=\"fa fa-calendar\"><\/i> 25. Oktober 2025 <i class=\"fa fa-user\"><\/i> Melanie Rolfes<\/p><\/div><div class=\"plpostcontent\"><p class=\"content\">Im Oktober 2025 nahm Frau Marinesse an der Erasmus+ Fortbildung \u201eIntroduction to Finnish Education Model\u201c\u00a0in Helsinki teil. Ziel der Teilnahme war es, Einblicke in das finnische Bildungssystem zu gewinnen und zu verstehen, wie zentrale Elemente [&hellip;]<\/p><\/div><\/div><div class=\"plposts\"><div class=\"plposthead\"><h3><a href=\"https:\/\/www.gymnasium-rhauderfehn.de\/?p=21954\">ErasmusDays2025: Platt &#038; Proud &#8211; Rhauderfehn in Europa<\/a><\/h3><p class=\"info\"><i class=\"fa fa-calendar\"><\/i> 10. Oktober 2025 <i class=\"fa fa-user\"><\/i> Melanie Rolfes<\/p><\/div><div class=\"plpostcontent\"><p class=\"content\">Im Rahmen der ErasmusDays 2025 beteiligten sich Sch\u00fclerinnen und Sch\u00fcler der Jahrg\u00e4nge 9 bis 13 des Albrecht-Weinberg-Gymnasiums mit dem Projekt \u201ePlatt &amp; Proud \u2013 Rhauderfehn in Europa\u201c. Ziel war es, die eigene Region aus einer [&hellip;]<\/p><\/div><\/div><div class=\"plposts\"><div class=\"plposthead\"><h3><a href=\"https:\/\/www.gymnasium-rhauderfehn.de\/?p=21923\">\u2728 Wir sind dabei \u2013 #ErasmusDays 2025 \u2728<\/a><\/h3><p class=\"info\"><i class=\"fa fa-calendar\"><\/i> 24. September 2025 <i class=\"fa fa-user\"><\/i> Melanie Rolfes<\/p><\/div><div class=\"plpostcontent\"><p class=\"content\">Auch in diesem Jahr nimmt das Albrecht-Weinberg-Gymnasium an den #ErasmusDays teil! Unter dem Titel \u201ePlatt &amp; Proud \u2013 Rhauderfehn in Europa\u201c zeigen Sch\u00fclerinnen und Sch\u00fcler der Jahrg\u00e4nge 9\u201313, was unsere Region ausmacht \u2013 von gr\u00fcnen [&hellip;]<\/p><\/div><\/div><div class=\"plposts\"><div class=\"plposthead\"><h3><a href=\"https:\/\/www.gymnasium-rhauderfehn.de\/?p=21901\">Interkultureller Austausch<\/a><\/h3><p class=\"info\"><i class=\"fa fa-calendar\"><\/i> 22. September 2025 <i class=\"fa fa-user\"><\/i> Melanie Rolfes<\/p><\/div><div class=\"plpostcontent\"><p class=\"content\">Der P\u00e4dagogische Austauschdienst hat Jannick Hoek &#8211; der im letzten Jahr im Rahmen von Erasmus+ drei Monate in Santa Maria Capua Vetere (S\u00fcditalien) verbracht hat &#8211; und Frau Rolfes als Experten zum diesj\u00e4hrigen interkulturellen Vorbereitungsseminar [&hellip;]<\/p><\/div><\/div><div class=\"plposts\"><div class=\"plposthead\"><h3><a href=\"https:\/\/www.gymnasium-rhauderfehn.de\/?p=21894\">\u2728 Europa feiern \u2013 Auszeichnung f\u00fcr das AWG! \u2728<\/a><\/h3><p class=\"info\"><i class=\"fa fa-calendar\"><\/i> 22. September 2025 <i class=\"fa fa-user\"><\/i> Melanie Rolfes<\/p><\/div><div class=\"plpostcontent\"><p class=\"content\">Heute durfte unsere Schule im historischen Friedenssaal des Osnabr\u00fccker Rathauses \u2013 dem Ort, an dem 1648 der Westf\u00e4lische Frieden beschlossen wurde \u2013 die Rezertifizierung als Europaschule in Niedersachsen entgegennehmen. \ud83c\udf89 Die Urkunde wurde unserer Europabeauftragten [&hellip;]<\/p><\/div><\/div><div class=\"plposts\"><div class=\"plposthead\"><h3><a href=\"https:\/\/www.gymnasium-rhauderfehn.de\/?p=21839\">AWG beim Stadtradeln 2025 \u2013 unsere J\u00fcngsten ganz vorn dabei<\/a><\/h3><p class=\"info\"><i class=\"fa fa-calendar\"><\/i> 25. Juni 2025 <i class=\"fa fa-user\"><\/i> Melanie Rolfes<\/p><\/div><div class=\"plpostcontent\"><p class=\"content\">Auch in diesem Jahr hat sich das Albrecht-Weinberg-Gymnasium im Rahmen des Erasmus+-Schwerpunktes \u201eNachhaltigkeit im Schulalltag\u201c erfolgreich am Stadtradeln beteiligt. Die Ergebnisse k\u00f6nnen sich sehen lassen: Besonders beeindruckend war das Engagement unserer j\u00fcngsten Radlerinnen und Radler. [&hellip;]<\/p><\/div><\/div><div class=\"plposts\"><div class=\"plposthead\"><h3><a href=\"https:\/\/www.gymnasium-rhauderfehn.de\/?p=21837\">Zwischen Gedenktafel und Gastfamilie: Europa im Alltag<\/a><\/h3><p class=\"info\"><i class=\"fa fa-calendar\"><\/i> 25. Juni 2025 <i class=\"fa fa-user\"><\/i> Melanie Rolfes<\/p><\/div><div class=\"plpostcontent\"><p class=\"content\">Im Rahmen des Erasmus+-Programms hatte eine Gruppe von 19 Sch\u00fcler:innen des 8. Jahrgangs vom Albrecht-Weinberg-Gymnasium Rhauderfehn die Gelegenheit, das Leben in unserem Nachbarland Frankreich hautnah zu erleben. Vom 24. M\u00e4rz bis zum 2. April 2025 [&hellip;]<\/p><\/div><\/div><div class=\"plposts\"><div class=\"plposthead\"><h3><a href=\"https:\/\/www.gymnasium-rhauderfehn.de\/?p=21835\">Nachhaltige Stadt der Zukunft \u2013 Erasmus+-Projektfahrt nach Apeldoorn<\/a><\/h3><p class=\"info\"><i class=\"fa fa-calendar\"><\/i> 25. Juni 2025 <i class=\"fa fa-user\"><\/i> Melanie Rolfes<\/p><\/div><div class=\"plpostcontent\"><p class=\"content\">Was macht eine Stadt eigentlich lebenswert \u2013 heute und in der Zukunft? Dieser spannenden Frage gingen Sch\u00fclerinnen und Sch\u00fcler unserer Schule im Rahmen einer Erasmus+-Projektfahrt nach Apeldoorn (Niederlande) nach. Eine Woche lang arbeiteten sie dort [&hellip;]<\/p><\/div><\/div><div class=\"plposts\"><div class=\"plposthead\"><h3><a href=\"https:\/\/www.gymnasium-rhauderfehn.de\/?p=21832\">Europass-Verleihung am Albrecht-Weinberg-Gymnasium<\/a><\/h3><p class=\"info\"><i class=\"fa fa-calendar\"><\/i> 25. Juni 2025 <i class=\"fa fa-user\"><\/i> Melanie Rolfes<\/p><\/div><div class=\"plpostcontent\"><p class=\"content\">Im Rahmen unseres Erasmus+ Programms absolvierten im Laufe des Schuljahres mehrere Lehrkr\u00e4fte des Albrecht-Weinberg-Gymnasiums Fortbildungen und Job-Shadowings an europ\u00e4ischen Partnerschulen und Bildungseinrichtungen. Frau Boveland, Frau Marinesse, Frau Rolfes, Frau Sch\u00e4fer, Frau Ritz, Frau Redenius, Frau [&hellip;]<\/p><\/div><\/div><\/div>\n","protected":false},"excerpt":{"rendered":"<p>&nbsp; Auch in dieser Programmgeneration sind wir als Europaschule bei Erasmus+ vertreten. Als akkreditierte Schule verf\u00fcgen wir \u00fcber eine mehrj\u00e4hrige F\u00f6rderung, um zum Wohle der Sch\u00fclerinnen und Sch\u00fcler unserer Schulgemeinschaft europ\u00e4ische Projektfahrten durchzuf\u00fchren und das [&hellip;]<\/p>\n","protected":false},"author":41,"featured_media":0,"parent":6911,"menu_order":0,"comment_status":"closed","ping_status":"closed","template":"","meta":{"ngg_post_thumbnail":0,"footnotes":""},"class_list":["post-18492","page","type-page","status-publish","hentry"],"_links":{"self":[{"href":"https:\/\/www.gymnasium-rhauderfehn.de\/index.php?rest_route=\/wp\/v2\/pages\/18492","targetHints":{"allow":["GET"]}}],"collection":[{"href":"https:\/\/www.gymnasium-rhauderfehn.de\/index.php?rest_route=\/wp\/v2\/pages"}],"about":[{"href":"https:\/\/www.gymnasium-rhauderfehn.de\/index.php?rest_route=\/wp\/v2\/types\/page"}],"author":[{"embeddable":true,"href":"https:\/\/www.gymnasium-rhauderfehn.de\/index.php?rest_route=\/wp\/v2\/users\/41"}],"replies":[{"embeddable":true,"href":"https:\/\/www.gymnasium-rhauderfehn.de\/index.php?rest_route=%2Fwp%2Fv2%2Fcomments&post=18492"}],"version-history":[{"count":18,"href":"https:\/\/www.gymnasium-rhauderfehn.de\/index.php?rest_route=\/wp\/v2\/pages\/18492\/revisions"}],"predecessor-version":[{"id":22647,"href":"https:\/\/www.gymnasium-rhauderfehn.de\/index.php?rest_route=\/wp\/v2\/pages\/18492\/revisions\/22647"}],"up":[{"embeddable":true,"href":"https:\/\/www.gymnasium-rhauderfehn.de\/index.php?rest_route=\/wp\/v2\/pages\/6911"}],"wp:attachment":[{"href":"https:\/\/www.gymnasium-rhauderfehn.de\/index.php?rest_route=%2Fwp%2Fv2%2Fmedia&parent=18492"}],"curies":[{"name":"wp","href":"https:\/\/api.w.org\/{rel}","templated":true}]}}