{"id":224,"date":"2015-09-03T15:01:11","date_gmt":"2015-09-03T13:01:11","guid":{"rendered":"http:\/\/192.168.2.108:8888\/wordpress\/?page_id=224"},"modified":"2025-11-20T08:57:41","modified_gmt":"2025-11-20T07:57:41","slug":"internationale-beziehungen","status":"publish","type":"page","link":"https:\/\/www.gymnasium-rhauderfehn.de\/?page_id=224","title":{"rendered":"Europaschule"},"content":{"rendered":"<p><iframe loading=\"lazy\" class=\"wp-embedded-content\" sandbox=\"allow-scripts\" security=\"restricted\" title=\"Europaschule\" src=\"https:\/\/www.canva.com\/design\/DAGdYsHSxBE\/7SkTenYCks6tO3BvTDhNxQ\/view?embed&#038;meta#?secret=yFutFUhleV\" data-secret=\"yFutFUhleV\" height=\"360\" width=\"640\"><\/iframe><\/p>\n<p>&nbsp;<\/p>\n<blockquote>\n<p style=\"margin: 0in; font-family: Calibri; font-size: 11.0pt;\"><strong>&#8222;Europaschulen in Niedersachsen vermitteln ihren Sch\u00fclerinnen und Sch\u00fclern ein umfassendes Wissen \u00fcber Europa und tragen zur St\u00e4rkung der gemeinsamen europ\u00e4ischen Grundwerte und zum Verst\u00e4ndnis f\u00fcr die europ\u00e4ische Kultur und Vielfalt bei. Sie bieten ihren Sch\u00fclerinnen und Sch\u00fclern vielf\u00e4ltige M\u00f6glichkeiten, Europakompetenzen zu entwickeln, und bereiten damit auf das Leben und Arbeiten in Europa vor.&#8220;<\/strong> (RdErl. d. MK v. 29.6.2018 \u2013 21-80108\/1-1 &#8211; VORIS 22410)<\/p>\n<\/blockquote>\n<p>Europa ist keine Selbstverst\u00e4ndlichkeit. Junge Menschen von den Vorteilen einer europ\u00e4ischen Gemeinschaft zu \u00fcberzeugen, halten wir als Schule in Europa f\u00fcr unsere Pflicht. Europabildung hat deshalb einen festen Platz in unserem Unterricht und Schulleben. Darum tragen wir seit 2012 die besondere Auszeichnung <strong><em>Europaschule in Niedersachsen<\/em><\/strong>.<\/p>\n<p>&nbsp;<\/p>\n<figure id=\"attachment_21896\" aria-describedby=\"caption-attachment-21896\" style=\"width: 300px\" class=\"wp-caption alignnone\"><a href=\"https:\/\/www.gymnasium-rhauderfehn.de\/wp-content\/uploads\/2025\/09\/4f8c9db6-c2c4-48b5-a281-a09653a9c35b.jpg\"><img loading=\"lazy\" decoding=\"async\" class=\"wp-image-21896 size-medium\" src=\"https:\/\/www.gymnasium-rhauderfehn.de\/wp-content\/uploads\/2025\/09\/4f8c9db6-c2c4-48b5-a281-a09653a9c35b-300x300.jpg\" alt=\"\" width=\"300\" height=\"300\" srcset=\"https:\/\/www.gymnasium-rhauderfehn.de\/wp-content\/uploads\/2025\/09\/4f8c9db6-c2c4-48b5-a281-a09653a9c35b-300x300.jpg 300w, https:\/\/www.gymnasium-rhauderfehn.de\/wp-content\/uploads\/2025\/09\/4f8c9db6-c2c4-48b5-a281-a09653a9c35b-1024x1024.jpg 1024w, https:\/\/www.gymnasium-rhauderfehn.de\/wp-content\/uploads\/2025\/09\/4f8c9db6-c2c4-48b5-a281-a09653a9c35b-150x150.jpg 150w, https:\/\/www.gymnasium-rhauderfehn.de\/wp-content\/uploads\/2025\/09\/4f8c9db6-c2c4-48b5-a281-a09653a9c35b-768x768.jpg 768w, https:\/\/www.gymnasium-rhauderfehn.de\/wp-content\/uploads\/2025\/09\/4f8c9db6-c2c4-48b5-a281-a09653a9c35b.jpg 1080w\" sizes=\"auto, (max-width: 300px) 100vw, 300px\" \/><\/a><figcaption id=\"caption-attachment-21896\" class=\"wp-caption-text\">Zur Rezertifizierung als Europaschule im September 2025 gratulieren Melanie Walter (Nieders\u00e4chsische Ministerin f\u00fcr Europa und Regionale Landesentwicklung), Jens Gieseke (MdEP) und Dr. Heike Roy (schulfachliche Dezernentin).<\/figcaption><\/figure>\n<p style=\"color: #333333; font-style: normal;\"><img loading=\"lazy\" decoding=\"async\" class=\"aligncenter wp-image-101 size-full\" style=\"color: #333333; font-style: normal;\" src=\"https:\/\/www.gymnasium-rhauderfehn.de\/wp-content\/uploads\/2015\/08\/Europaschule.jpg\" alt=\"Europaschule\" width=\"394\" height=\"128\" srcset=\"https:\/\/www.gymnasium-rhauderfehn.de\/wp-content\/uploads\/2015\/08\/Europaschule.jpg 394w, https:\/\/www.gymnasium-rhauderfehn.de\/wp-content\/uploads\/2015\/08\/Europaschule-300x97.jpg 300w\" sizes=\"auto, (max-width: 394px) 100vw, 394px\" \/><\/p>\n<p>&nbsp;<\/p>\n<p>Die Koordination der Aufgaben rund um Europa und Leitung des Europa-Teams \u00fcbernimmt Frau <a href=\"mailto:melanie.rolfes@gymnasium-rhauderfehn.eu\">Melanie Rolfes.<\/a><\/p>\n<p><a href=\"https:\/\/www.gymnasium-rhauderfehn.de\/wp-content\/uploads\/2025\/01\/Das-AWG-in-Europa-2.jpg\"><img loading=\"lazy\" decoding=\"async\" class=\"size-medium wp-image-21231 aligncenter\" src=\"https:\/\/www.gymnasium-rhauderfehn.de\/wp-content\/uploads\/2025\/01\/Das-AWG-in-Europa-2-300x300.jpg\" alt=\"\" width=\"300\" height=\"300\" srcset=\"https:\/\/www.gymnasium-rhauderfehn.de\/wp-content\/uploads\/2025\/01\/Das-AWG-in-Europa-2-300x300.jpg 300w, https:\/\/www.gymnasium-rhauderfehn.de\/wp-content\/uploads\/2025\/01\/Das-AWG-in-Europa-2-1024x1024.jpg 1024w, https:\/\/www.gymnasium-rhauderfehn.de\/wp-content\/uploads\/2025\/01\/Das-AWG-in-Europa-2-150x150.jpg 150w, https:\/\/www.gymnasium-rhauderfehn.de\/wp-content\/uploads\/2025\/01\/Das-AWG-in-Europa-2-768x768.jpg 768w, https:\/\/www.gymnasium-rhauderfehn.de\/wp-content\/uploads\/2025\/01\/Das-AWG-in-Europa-2.jpg 1500w\" sizes=\"auto, (max-width: 300px) 100vw, 300px\" \/><\/a><\/p>\n<hr>\n<h1>Weiterf\u00fchrende Links<\/h1><ul><li><a href = \"https:\/\/www.gymnasium-rhauderfehn.de\/?page_id=6911\">Erasmus+ und Comenius<\/a><\/li><li><a href = \"https:\/\/www.gymnasium-rhauderfehn.de\/?page_id=7590\">Internationale Kontakte<\/a><\/li><\/ul>\n<hr>\n<div id=\"postlisting\"><h1>Aktuelles \u00fcber das Thema Europaschule<\/h1><div class=\"plposts\"><div class=\"plposthead\"><h3><a href=\"https:\/\/www.gymnasium-rhauderfehn.de\/?p=22661\">Erasmus+ Reise nach Italien<\/a><\/h3><p class=\"info\"><i class=\"fa fa-calendar\"><\/i> 12. April 2026 <i class=\"fa fa-user\"><\/i> Sabine Brunken<\/p><\/div><div class=\"plpostcontent\"><p class=\"content\">Die Vergangenheit verstehen, um die Zukunft verantwortungsvoll zu gestalten!\u00a0 Das war das Motto unserer Erasmus-Fahrt nach Italien und besser h\u00e4tten wir es nicht formulieren k\u00f6nnen. Im M\u00e4rz reisten acht Lateinlernende aus Jahrgang 10 nach Santa [&hellip;]<\/p><\/div><\/div><div class=\"plposts\"><div class=\"plposthead\"><h3><a href=\"https:\/\/www.gymnasium-rhauderfehn.de\/?p=22401\">Northern Lights &#8211; Women Who Inspire: Schwedenaustausch am AWG<\/a><\/h3><p class=\"info\"><i class=\"fa fa-calendar\"><\/i> 4. Februar 2026 <i class=\"fa fa-user\"><\/i> Melanie Rolfes<\/p><\/div><div class=\"plpostcontent\"><p class=\"content\">Hej och hejda! Der erste Teil des Schwedenaustausch fing doch gerade erst an, und jetzt ist er schon wieder vorbei. Zur\u00fcck bleiben wir mit vielen Emotionen und Erinnerungen an unseren Besuch aus Mariestad und das [&hellip;]<\/p><\/div><\/div><div class=\"plposts\"><div class=\"plposthead\"><h3><a href=\"https:\/\/www.gymnasium-rhauderfehn.de\/?p=22384\">#WeRemember<\/a><\/h3><p class=\"info\"><i class=\"fa fa-calendar\"><\/i> 26. Januar 2026 <i class=\"fa fa-user\"><\/i> Anke Chudzinski-Schubert<\/p><\/div><div class=\"plpostcontent\"><p class=\"content\">\u00a0Gemeinsam mit Albrecht Weinberg gedenken wir am 27. Januar, dem internationalen Holocaust-Gedenktag, der Opfer des Holocaust. #WeRemember<\/p><\/div><\/div><div class=\"plposts\"><div class=\"plposthead\"><h3><a href=\"https:\/\/www.gymnasium-rhauderfehn.de\/?p=22368\">Der deutsch-franz\u00f6sische Tag<\/a><\/h3><p class=\"info\"><i class=\"fa fa-calendar\"><\/i> 25. Januar 2026 <i class=\"fa fa-user\"><\/i> Sabine Brunken<\/p><\/div><div class=\"plpostcontent\"><p class=\"content\">Der Deutsch-franz\u00f6sische Tag (La journ\u00e9e franco-allemande) wird jedes Jahr am 22. Januar aus Anlass des Jahrestages der Unterzeichnung des \u00c9lys\u00e9e-Vertrages (1963) begangen. Er soll die Jugendlichen in Frankreich und Deutschland mit ihrem Nachbarland bekanntmachen und [&hellip;]<\/p><\/div><\/div><div class=\"plposts\"><div class=\"plposthead\"><h3><a href=\"https:\/\/www.gymnasium-rhauderfehn.de\/?p=22346\">Extremismuspr\u00e4vention in Jg. 10<\/a><\/h3><p class=\"info\"><i class=\"fa fa-calendar\"><\/i> 15. Januar 2026 <i class=\"fa fa-user\"><\/i> Imke Noormann<\/p><\/div><div class=\"plpostcontent\"><p class=\"content\">Was bedeutet &#8222;freiheitliche demokratische Grundordnung&#8220;? Warum gilt es, sie zu sch\u00fctzen? Und welchen Gefahren ist sie ausgesetzt? Um diese Fragen ging es beim dreist\u00fcndigen Workshop mit dem Nieders\u00e4chsischen Verfassungsschutz zur Extremismus, den das AWG jedes [&hellip;]<\/p><\/div><\/div><div class=\"plposts\"><div class=\"plposthead\"><h3><a href=\"https:\/\/www.gymnasium-rhauderfehn.de\/?p=22320\">Mein Auslandsaufenthalt mit Erasmus+ an der IES Rascanya (Valencia, Spanien)<\/a><\/h3><p class=\"info\"><i class=\"fa fa-calendar\"><\/i> 2. Januar 2026 <i class=\"fa fa-user\"><\/i> Melanie Rolfes<\/p><\/div><div class=\"plpostcontent\"><p class=\"content\">Ich bin dieses Jahr von Oktober bis Mitte Januar mit Erasmus+ nach Valencia in Spanien gereist. Dort habe ich als Sch\u00fclerin die IES Rascanya besucht. Um ehrlich zu sein, wusste ich nicht ganz, was mich [&hellip;]<\/p><\/div><\/div><div class=\"plposts\"><div class=\"plposthead\"><h3><a href=\"https:\/\/www.gymnasium-rhauderfehn.de\/?p=22302\">Europ\u00e4ische Werte sichtbar gemacht &#8211; Mitmach-Ausstellungsreihe des Seminarfachs &#8222;Europa&#8220;<\/a><\/h3><p class=\"info\"><i class=\"fa fa-calendar\"><\/i> 2. Januar 2026 <i class=\"fa fa-user\"><\/i> Melanie Rolfes<\/p><\/div><div class=\"plpostcontent\"><p class=\"content\">Im November und Dezember hat das Seminarfach Europa (Jahrgang 12) eine Mitmach-Ausstellungsreihe im Schulfoyer gestaltet. In der eigens eingerichteten \u201eEuropa-Ecke\u201c griffen die Sch\u00fclerinnen und Sch\u00fcler \u00fcber mehrere Wochen hinweg europ\u00e4ische Thementage auf und luden die [&hellip;]<\/p><\/div><\/div><div class=\"plposts\"><div class=\"plposthead\"><h3><a href=\"https:\/\/www.gymnasium-rhauderfehn.de\/?p=22271\">Learning from the Past \u2013 Acting for Europe\u2019s Future<\/a><\/h3><p class=\"info\"><i class=\"fa fa-calendar\"><\/i> 16. Dezember 2025 <i class=\"fa fa-user\"><\/i> Melanie Rolfes<\/p><\/div><div class=\"plpostcontent\"><p class=\"content\">Besuch der italienischen Partnerschule ISSIS Amaldi-Nevio am Albrecht-Weinberg-Gymnasium Unter dem Motto \u201eLearning from the Past \u2013 Acting for Europe\u2019s Future\u201c konnten wir in der vergangenen Woche Sch\u00fclerinnen und Sch\u00fcler unserer italienischen Partnerschule ISSIS Amaldi-Nevio aus [&hellip;]<\/p><\/div><\/div><div class=\"plposts\"><div class=\"plposthead\"><h3><a href=\"https:\/\/www.gymnasium-rhauderfehn.de\/?p=22220\">AWG erh\u00e4lt Erasmus+ Qualit\u00e4tssiegel im Schulbereich<\/a><\/h3><p class=\"info\"><i class=\"fa fa-calendar\"><\/i> 1. Dezember 2025 <i class=\"fa fa-user\"><\/i> Melanie Rolfes<\/p><\/div><div class=\"plpostcontent\"><p class=\"content\">Wir freuen uns sehr: Das Albrecht-Weinberg-Gymnasium wurde mit dem Erasmus+ Qualit\u00e4tssiegel im Schulbereich ausgezeichnet und gilt damit offiziell als \u201eBeispiel guter Praxis\u201c im europ\u00e4ischen Bildungsprogramm. Das Siegel wird vom P\u00e4dagogischen Austauschdienst der Kultusministerkonferenz an Schulen [&hellip;]<\/p><\/div><\/div><div class=\"plposts\"><div class=\"plposthead\"><h3><a href=\"https:\/\/www.gymnasium-rhauderfehn.de\/?p=22177\">Erasmus+ Auslandspraktika 2025 \u2013 AWG-Sch\u00fcler:innen sammeln europaweite Berufserfahrungen<\/a><\/h3><p class=\"info\"><i class=\"fa fa-calendar\"><\/i> 19. November 2025 <i class=\"fa fa-user\"><\/i> Melanie Rolfes<\/p><\/div><div class=\"plpostcontent\"><p class=\"content\">13 Sch\u00fcler:innen des Albrecht-Weinberg-Gymnasiums kehrten nach zwei- bis vierw\u00f6chigen Erasmus+-Praktika aus sieben europ\u00e4ischen L\u00e4ndern zur\u00fcck. Die Einsatzstellen zeigten eindrucksvoll, wie vielf\u00e4ltig berufliche Lernorte in Europa sein k\u00f6nnen:In Al\u00e8s (Frankreich) sammelten Marie, Laura, Julia und Charlotte [&hellip;]<\/p><\/div><\/div><div class=\"plposts\"><div class=\"plposthead\"><h3><a href=\"https:\/\/www.gymnasium-rhauderfehn.de\/?p=22125\">The Musical Resilience Project \u2013 Musik, die zusammenh\u00e4lt<\/a><\/h3><p class=\"info\"><i class=\"fa fa-calendar\"><\/i> 12. November 2025 <i class=\"fa fa-user\"><\/i> Melanie Rolfes<\/p><\/div><div class=\"plpostcontent\"><p class=\"content\">Wie klingt Europa, wenn Jugendliche aus zwei L\u00e4ndern gemeinsam musizieren? Diese Frage stand im Mittelpunkt des Erasmus+-Projekts \u201eThe Musical Resilience Project\u201c, das die Concert Band des Albrecht-Weinberg-Gymnasiums gemeinsam mit der Deutschen Schule Tinglev in D\u00e4nemark [&hellip;]<\/p><\/div><\/div><div class=\"plposts\"><div class=\"plposthead\"><h3><a href=\"https:\/\/www.gymnasium-rhauderfehn.de\/?p=22070\">Gr\u00fcndung der Albrecht-Weinberg-Gesellschaft<\/a><\/h3><p class=\"info\"><i class=\"fa fa-calendar\"><\/i> 3. November 2025 <i class=\"fa fa-user\"><\/i> Sabine Brunken<\/p><\/div><div class=\"plpostcontent\"><p class=\"content\">Am Samstag wurde nach monatelanger Vorarbeit eine \u201eAlbrecht-Weinberg-Gesellschaft\u201c gegr\u00fcndet. Da die Erinnerungskultur nicht allein eine Aufgabe unserer Schule ist, sondern vielmehr eine breitere gesellschaftliche Grundlage hat, haben sich nun Vertreter*innen unserer Schule, der Gemeinde Rhauderfehn [&hellip;]<\/p><\/div><\/div><div class=\"plposts\"><div class=\"plposthead\"><h3><a href=\"https:\/\/www.gymnasium-rhauderfehn.de\/?p=22065\">Tschechischer Besuch<\/a><\/h3><p class=\"info\"><i class=\"fa fa-calendar\"><\/i> 29. Oktober 2025 <i class=\"fa fa-user\"><\/i> Sabine Brunken<\/p><\/div><div class=\"plpostcontent\"><p class=\"content\">Im Juni reisten neben der Schulleiterin U. Janssen die Kollegen A. Chudzinski-Schubert und Erk Schubert zum Slezk\u00e9 gymn\u00e1zium Opava\/Tschechien, um dort im Rahmen unserer Akkreditierung bei Erasmus+ zu hospitieren (&#8222;Job Shadowing&#8220;). In dieser letzten Oktoberwoche [&hellip;]<\/p><\/div><\/div><div class=\"plposts\"><div class=\"plposthead\"><h3><a href=\"https:\/\/www.gymnasium-rhauderfehn.de\/?p=21841\">Erasmus+ Job-Shadowing: Italienische Kolleg:innen zu Gast am Albrecht-Weinberg-Gymnasium<\/a><\/h3><p class=\"info\"><i class=\"fa fa-calendar\"><\/i> 29. Oktober 2025 <i class=\"fa fa-user\"><\/i> Melanie Rolfes<\/p><\/div><div class=\"plpostcontent\"><p class=\"content\">Gleich zwei G\u00e4ste von unserer Partnerschule in Santa Maria Capua Vetere (Italien) waren in den vergangenen Wochen bei uns zu Besuch:Im Rahmen von Erasmus+ absolvierten die italienischen Lehrkr\u00e4fte Susie und Roberto jeweils ein einw\u00f6chiges Job-Shadowing [&hellip;]<\/p><\/div><\/div><div class=\"plposts\"><div class=\"plposthead\"><h3><a href=\"https:\/\/www.gymnasium-rhauderfehn.de\/?p=21992\">Throwback zum Europ\u00e4ischen Tag der Sprachen am 26.09.2025<\/a><\/h3><p class=\"info\"><i class=\"fa fa-calendar\"><\/i> 29. Oktober 2025 <i class=\"fa fa-user\"><\/i> Melanie Rolfes<\/p><\/div><div class=\"plpostcontent\"><p class=\"content\">Im Kurs fr 228 wurde es international \u2013 und lecker! \ud83d\ude0b Unsere Sch\u00fcler*innen, die Englisch und Franz\u00f6sisch lernen, haben zum Anlass des Tages Scones \ud83c\uddec\ud83c\udde7 und Madeleines \ud83c\uddeb\ud83c\uddf7 gebacken \u2013 stellvertretend f\u00fcr die Sprachen und [&hellip;]<\/p><\/div><\/div><div class=\"plposts\"><div class=\"plposthead\"><h3><a href=\"https:\/\/www.gymnasium-rhauderfehn.de\/?p=21973\">Erasmus+ Fortbildung in Helsinki<\/a><\/h3><p class=\"info\"><i class=\"fa fa-calendar\"><\/i> 25. Oktober 2025 <i class=\"fa fa-user\"><\/i> Melanie Rolfes<\/p><\/div><div class=\"plpostcontent\"><p class=\"content\">Im Oktober 2025 nahm Frau Marinesse an der Erasmus+ Fortbildung \u201eIntroduction to Finnish Education Model\u201c\u00a0in Helsinki teil. Ziel der Teilnahme war es, Einblicke in das finnische Bildungssystem zu gewinnen und zu verstehen, wie zentrale Elemente [&hellip;]<\/p><\/div><\/div><div class=\"plposts\"><div class=\"plposthead\"><h3><a href=\"https:\/\/www.gymnasium-rhauderfehn.de\/?p=21954\">ErasmusDays2025: Platt &#038; Proud &#8211; Rhauderfehn in Europa<\/a><\/h3><p class=\"info\"><i class=\"fa fa-calendar\"><\/i> 10. Oktober 2025 <i class=\"fa fa-user\"><\/i> Melanie Rolfes<\/p><\/div><div class=\"plpostcontent\"><p class=\"content\">Im Rahmen der ErasmusDays 2025 beteiligten sich Sch\u00fclerinnen und Sch\u00fcler der Jahrg\u00e4nge 9 bis 13 des Albrecht-Weinberg-Gymnasiums mit dem Projekt \u201ePlatt &amp; Proud \u2013 Rhauderfehn in Europa\u201c. Ziel war es, die eigene Region aus einer [&hellip;]<\/p><\/div><\/div><div class=\"plposts\"><div class=\"plposthead\"><h3><a href=\"https:\/\/www.gymnasium-rhauderfehn.de\/?p=21923\">\u2728 Wir sind dabei \u2013 #ErasmusDays 2025 \u2728<\/a><\/h3><p class=\"info\"><i class=\"fa fa-calendar\"><\/i> 24. September 2025 <i class=\"fa fa-user\"><\/i> Melanie Rolfes<\/p><\/div><div class=\"plpostcontent\"><p class=\"content\">Auch in diesem Jahr nimmt das Albrecht-Weinberg-Gymnasium an den #ErasmusDays teil! Unter dem Titel \u201ePlatt &amp; Proud \u2013 Rhauderfehn in Europa\u201c zeigen Sch\u00fclerinnen und Sch\u00fcler der Jahrg\u00e4nge 9\u201313, was unsere Region ausmacht \u2013 von gr\u00fcnen [&hellip;]<\/p><\/div><\/div><div class=\"plposts\"><div class=\"plposthead\"><h3><a href=\"https:\/\/www.gymnasium-rhauderfehn.de\/?p=21901\">Interkultureller Austausch<\/a><\/h3><p class=\"info\"><i class=\"fa fa-calendar\"><\/i> 22. September 2025 <i class=\"fa fa-user\"><\/i> Melanie Rolfes<\/p><\/div><div class=\"plpostcontent\"><p class=\"content\">Der P\u00e4dagogische Austauschdienst hat Jannick Hoek &#8211; der im letzten Jahr im Rahmen von Erasmus+ drei Monate in Santa Maria Capua Vetere (S\u00fcditalien) verbracht hat &#8211; und Frau Rolfes als Experten zum diesj\u00e4hrigen interkulturellen Vorbereitungsseminar [&hellip;]<\/p><\/div><\/div><div class=\"plposts\"><div class=\"plposthead\"><h3><a href=\"https:\/\/www.gymnasium-rhauderfehn.de\/?p=21894\">\u2728 Europa feiern \u2013 Auszeichnung f\u00fcr das AWG! \u2728<\/a><\/h3><p class=\"info\"><i class=\"fa fa-calendar\"><\/i> 22. September 2025 <i class=\"fa fa-user\"><\/i> Melanie Rolfes<\/p><\/div><div class=\"plpostcontent\"><p class=\"content\">Heute durfte unsere Schule im historischen Friedenssaal des Osnabr\u00fccker Rathauses \u2013 dem Ort, an dem 1648 der Westf\u00e4lische Frieden beschlossen wurde \u2013 die Rezertifizierung als Europaschule in Niedersachsen entgegennehmen. \ud83c\udf89 Die Urkunde wurde unserer Europabeauftragten [&hellip;]<\/p><\/div><\/div><div class=\"plposts\"><div class=\"plposthead\"><h3><a href=\"https:\/\/www.gymnasium-rhauderfehn.de\/?p=21839\">AWG beim Stadtradeln 2025 \u2013 unsere J\u00fcngsten ganz vorn dabei<\/a><\/h3><p class=\"info\"><i class=\"fa fa-calendar\"><\/i> 25. Juni 2025 <i class=\"fa fa-user\"><\/i> Melanie Rolfes<\/p><\/div><div class=\"plpostcontent\"><p class=\"content\">Auch in diesem Jahr hat sich das Albrecht-Weinberg-Gymnasium im Rahmen des Erasmus+-Schwerpunktes \u201eNachhaltigkeit im Schulalltag\u201c erfolgreich am Stadtradeln beteiligt. Die Ergebnisse k\u00f6nnen sich sehen lassen: Besonders beeindruckend war das Engagement unserer j\u00fcngsten Radlerinnen und Radler. [&hellip;]<\/p><\/div><\/div><div class=\"plposts\"><div class=\"plposthead\"><h3><a href=\"https:\/\/www.gymnasium-rhauderfehn.de\/?p=21837\">Zwischen Gedenktafel und Gastfamilie: Europa im Alltag<\/a><\/h3><p class=\"info\"><i class=\"fa fa-calendar\"><\/i> 25. Juni 2025 <i class=\"fa fa-user\"><\/i> Melanie Rolfes<\/p><\/div><div class=\"plpostcontent\"><p class=\"content\">Im Rahmen des Erasmus+-Programms hatte eine Gruppe von 19 Sch\u00fcler:innen des 8. Jahrgangs vom Albrecht-Weinberg-Gymnasium Rhauderfehn die Gelegenheit, das Leben in unserem Nachbarland Frankreich hautnah zu erleben. Vom 24. M\u00e4rz bis zum 2. April 2025 [&hellip;]<\/p><\/div><\/div><div class=\"plposts\"><div class=\"plposthead\"><h3><a href=\"https:\/\/www.gymnasium-rhauderfehn.de\/?p=21835\">Nachhaltige Stadt der Zukunft \u2013 Erasmus+-Projektfahrt nach Apeldoorn<\/a><\/h3><p class=\"info\"><i class=\"fa fa-calendar\"><\/i> 25. Juni 2025 <i class=\"fa fa-user\"><\/i> Melanie Rolfes<\/p><\/div><div class=\"plpostcontent\"><p class=\"content\">Was macht eine Stadt eigentlich lebenswert \u2013 heute und in der Zukunft? Dieser spannenden Frage gingen Sch\u00fclerinnen und Sch\u00fcler unserer Schule im Rahmen einer Erasmus+-Projektfahrt nach Apeldoorn (Niederlande) nach. Eine Woche lang arbeiteten sie dort [&hellip;]<\/p><\/div><\/div><div class=\"plposts\"><div class=\"plposthead\"><h3><a href=\"https:\/\/www.gymnasium-rhauderfehn.de\/?p=21832\">Europass-Verleihung am Albrecht-Weinberg-Gymnasium<\/a><\/h3><p class=\"info\"><i class=\"fa fa-calendar\"><\/i> 25. Juni 2025 <i class=\"fa fa-user\"><\/i> Melanie Rolfes<\/p><\/div><div class=\"plpostcontent\"><p class=\"content\">Im Rahmen unseres Erasmus+ Programms absolvierten im Laufe des Schuljahres mehrere Lehrkr\u00e4fte des Albrecht-Weinberg-Gymnasiums Fortbildungen und Job-Shadowings an europ\u00e4ischen Partnerschulen und Bildungseinrichtungen. Frau Boveland, Frau Marinesse, Frau Rolfes, Frau Sch\u00e4fer, Frau Ritz, Frau Redenius, Frau [&hellip;]<\/p><\/div><\/div><div class=\"plposts\"><div class=\"plposthead\"><h3><a href=\"https:\/\/www.gymnasium-rhauderfehn.de\/?p=21814\">Zwischen alten Steinen und drohender Lawa<\/a><\/h3><p class=\"info\"><i class=\"fa fa-calendar\"><\/i> 25. Juni 2025 <i class=\"fa fa-user\"><\/i> Melanie Rolfes<\/p><\/div><div class=\"plpostcontent\"><p class=\"content\">Mein Job-Shadowing in Santa Maria Capua Vetere oder wie funktioniert Lateinunterricht am Originalschauplatz \u2013 zwischen alten Steinen und drohender Lawa? Vom 8.4. bis 15.4.2025 habe ich quasi eine Zeitreise in eine andere Epoche unternommen, ich [&hellip;]<\/p><\/div><\/div><\/div>\n","protected":false},"excerpt":{"rendered":"<p>&nbsp; &#8222;Europaschulen in Niedersachsen vermitteln ihren Sch\u00fclerinnen und Sch\u00fclern ein umfassendes Wissen \u00fcber Europa und tragen zur St\u00e4rkung der gemeinsamen europ\u00e4ischen Grundwerte und zum Verst\u00e4ndnis f\u00fcr die europ\u00e4ische Kultur und Vielfalt bei. Sie bieten ihren [&hellip;]<\/p>\n","protected":false},"author":1,"featured_media":0,"parent":18970,"menu_order":1,"comment_status":"closed","ping_status":"closed","template":"","meta":{"ngg_post_thumbnail":0,"footnotes":""},"class_list":["post-224","page","type-page","status-publish","hentry"],"_links":{"self":[{"href":"https:\/\/www.gymnasium-rhauderfehn.de\/index.php?rest_route=\/wp\/v2\/pages\/224","targetHints":{"allow":["GET"]}}],"collection":[{"href":"https:\/\/www.gymnasium-rhauderfehn.de\/index.php?rest_route=\/wp\/v2\/pages"}],"about":[{"href":"https:\/\/www.gymnasium-rhauderfehn.de\/index.php?rest_route=\/wp\/v2\/types\/page"}],"author":[{"embeddable":true,"href":"https:\/\/www.gymnasium-rhauderfehn.de\/index.php?rest_route=\/wp\/v2\/users\/1"}],"replies":[{"embeddable":true,"href":"https:\/\/www.gymnasium-rhauderfehn.de\/index.php?rest_route=%2Fwp%2Fv2%2Fcomments&post=224"}],"version-history":[{"count":41,"href":"https:\/\/www.gymnasium-rhauderfehn.de\/index.php?rest_route=\/wp\/v2\/pages\/224\/revisions"}],"predecessor-version":[{"id":22190,"href":"https:\/\/www.gymnasium-rhauderfehn.de\/index.php?rest_route=\/wp\/v2\/pages\/224\/revisions\/22190"}],"up":[{"embeddable":true,"href":"https:\/\/www.gymnasium-rhauderfehn.de\/index.php?rest_route=\/wp\/v2\/pages\/18970"}],"wp:attachment":[{"href":"https:\/\/www.gymnasium-rhauderfehn.de\/index.php?rest_route=%2Fwp%2Fv2%2Fmedia&parent=224"}],"curies":[{"name":"wp","href":"https:\/\/api.w.org\/{rel}","templated":true}]}}