{"id":7922,"date":"2015-11-16T15:58:43","date_gmt":"2015-11-16T14:58:43","guid":{"rendered":"https:\/\/www.gymnasium-rhauderfehn.de\/?page_id=7922"},"modified":"2025-11-06T21:12:43","modified_gmt":"2025-11-06T20:12:43","slug":"aktivitaeten","status":"publish","type":"page","link":"https:\/\/www.gymnasium-rhauderfehn.de\/?page_id=7922","title":{"rendered":"Aktivit\u00e4ten"},"content":{"rendered":"<h2 style=\"text-align: center;\">Was macht die SV?<\/h2>\n<figure id=\"attachment_18815\" aria-describedby=\"caption-attachment-18815\" style=\"width: 225px\" class=\"wp-caption alignright\"><a href=\"https:\/\/www.gymnasium-rhauderfehn.de\/wp-content\/uploads\/2022\/03\/IMG_4742-scaled.jpg\"><img loading=\"lazy\" decoding=\"async\" class=\"wp-image-18815 size-medium\" src=\"https:\/\/www.gymnasium-rhauderfehn.de\/wp-content\/uploads\/2022\/03\/IMG_4742-225x300.jpg\" alt=\"\" width=\"225\" height=\"300\" srcset=\"https:\/\/www.gymnasium-rhauderfehn.de\/wp-content\/uploads\/2022\/03\/IMG_4742-225x300.jpg 225w, https:\/\/www.gymnasium-rhauderfehn.de\/wp-content\/uploads\/2022\/03\/IMG_4742-768x1024.jpg 768w, https:\/\/www.gymnasium-rhauderfehn.de\/wp-content\/uploads\/2022\/03\/IMG_4742-1152x1536.jpg 1152w, https:\/\/www.gymnasium-rhauderfehn.de\/wp-content\/uploads\/2022\/03\/IMG_4742-1536x2048.jpg 1536w, https:\/\/www.gymnasium-rhauderfehn.de\/wp-content\/uploads\/2022\/03\/IMG_4742-scaled.jpg 1920w\" sizes=\"auto, (max-width: 225px) 100vw, 225px\" \/><\/a><figcaption id=\"caption-attachment-18815\" class=\"wp-caption-text\">Die SV Mitglieder bei der Arbeit \ud83d\ude09<\/figcaption><\/figure>\n<p>Die Sch\u00fclervertretung am Albrecht-Weinberg-Gymnasium ist sehr aktiv und versucht, durch verschiedene Projekte und Aktionen das Schulleben zu gestalten und zu bereichern. Unsere Aufgabe, die Sch\u00fcler*innenschaft an unserer Schule zu vertreten, nehmen wir sehr ernst. Das Bedeutet allerdings auch, dass die Mitglieder der Sprecherrates gemeinsam mit der SV-Beratungslehrerin, Frau Rademacher, oft &#8222;\u00dcberstunden&#8220; machen. Es bleibt nicht bei den regelm\u00e4\u00dfigen SV-Pausen. Einmal im Monat treffen wir uns zu einer SV-Doppelstunde. Der verpasste Unterricht muss selbstst\u00e4ndig nachgearbeitet werden. Au\u00dferdem treffen wir uns, wenn es n\u00f6tig wird, auch am Nachmittag um Aktionen zu organisieren, Reden zu schreiben, Ideen auszuarbeiten oder um einfach mal zu reflektieren, was gerade so los ist.<\/p>\n<p>Unsere Liste mit Vorhaben, Dingen die wir ansprechen und ver\u00e4ndern wollen, Ideen von Mitsch\u00fcler*innen, Anregungen von Lehrer*innen und j\u00e4hrlich wiederkehrenden Aktivit\u00e4ten ist lang und wir werden weiter engagiert f\u00fcr unsere Schule arbeiten.<\/p>\n<p>J\u00e4hrlich wiederkehrende Aktivit\u00e4ten sind zum Beispiel<\/p>\n<ul>\n<li>der <strong>Rosenverkauf am Valentinstag<\/strong>. Du m\u00f6chtest jemanden eine Freude machen? Dein Freund\/deine Freundin hat ein sch\u00f6nes Geschenk am Tag der Liebe verdient? Die SV macht das m\u00f6glich und verteilt Rosen mit netten Botschaften<\/li>\n<li><strong>Weihnachtspost vom Albrecht-Weinberg-Gymnasium<\/strong> ist etwas, was uns besonders am Herzen liegt. Die Schulgemeinschaft ist Eingeladen, weihnachtliche Gr\u00fc\u00dfe f\u00fcr die Senioren in Rhauderfehn, Ostrhauderfehn und Westoverledingen zu schreiben. Diese werden dann an verschiedene Einrichtungen verteilt.<\/li>\n<li>der <strong>Weihnachtsmannverkauf<\/strong> vor den Weihnachtsferien. Eine kleine Aufmerksamkeit vor Weihnachten f\u00fcr einen besonderen Menschen? Etwas Schokolade f\u00fcr die Nerven? Auch hier kann die SV helfen und verteilt Schokoweihnachtsm\u00e4nner mit sch\u00f6nen Botschaften<\/li>\n<li>der <strong>Weihnachtsbasar<\/strong>. In der Adventszeit wird es an unserer Schule wuselig. Die SV plant und organisiert einen Weihnachtsbasar zu Gunsten gemeinn\u00fctziger Organisationen. Alle Sch\u00fcler*innen unserer Schule fertigen am Vormittag sch\u00f6ne Basteleien, die am Nachmittag beim \u00f6ffentlichen Basar verkauft werden. Ein ganz besonderer Tag f\u00fcr uns und die ganze Schulgemeinschaft. Ganz besonders freuen wir uns \u00fcber die vielen fr\u00f6hlichen Gesichter und die leuchtenden Augen derer, die unsere Spenden erhalten. Bisher wurden zum Beispiel das Kinderhospiz L\u00f6wenherz, Leukin und das Kinderheim Leer mit Spenden bedacht.<\/li>\n<li>unsere Aktivit\u00e4ten am . An diesem Tag der offenen T\u00fcr wollen wir unsere zuk\u00fcnftigen Sch\u00fcler*innen an unserer Schule begr\u00fc\u00dfen. Hierf\u00fcr denken wir uns jedes Jahr eine lustige Aktion aus.<\/li>\n<\/ul>\n<p>Und wenn gerade nicht Weihnachten oder Valentinstag ist?Dann haben wir trotzdem immer genug zu tun.Hier ein kleiner Auszug aus dem, was in den letzten Jahren so passiert ist:<\/p>\n<figure id=\"attachment_22083\" aria-describedby=\"caption-attachment-22083\" style=\"width: 285px\" class=\"wp-caption alignleft\"><a href=\"https:\/\/www.gymnasium-rhauderfehn.de\/wp-content\/uploads\/2025\/11\/PHOTO-2025-03-13-17-09-02.jpg\"><img loading=\"lazy\" decoding=\"async\" class=\" wp-image-22083\" src=\"https:\/\/www.gymnasium-rhauderfehn.de\/wp-content\/uploads\/2025\/11\/PHOTO-2025-03-13-17-09-02-300x225.jpg\" alt=\"Der Sprecherrat gratuliert Albrecht Weinberg zum 100. Geburtstag\" width=\"285\" height=\"214\" srcset=\"https:\/\/www.gymnasium-rhauderfehn.de\/wp-content\/uploads\/2025\/11\/PHOTO-2025-03-13-17-09-02-300x225.jpg 300w, https:\/\/www.gymnasium-rhauderfehn.de\/wp-content\/uploads\/2025\/11\/PHOTO-2025-03-13-17-09-02-1024x768.jpg 1024w, https:\/\/www.gymnasium-rhauderfehn.de\/wp-content\/uploads\/2025\/11\/PHOTO-2025-03-13-17-09-02-768x576.jpg 768w, https:\/\/www.gymnasium-rhauderfehn.de\/wp-content\/uploads\/2025\/11\/PHOTO-2025-03-13-17-09-02-1536x1152.jpg 1536w, https:\/\/www.gymnasium-rhauderfehn.de\/wp-content\/uploads\/2025\/11\/PHOTO-2025-03-13-17-09-02.jpg 2048w\" sizes=\"auto, (max-width: 285px) 100vw, 285px\" \/><\/a><figcaption id=\"caption-attachment-22083\" class=\"wp-caption-text\">Der Sprecherrat gratuliert Albrecht Weinberg zum 100. Geburtstag<\/figcaption><\/figure>\n<ul>\n<li>Im Jahr 2019 haben wir angefangen, uns f\u00fcr die Umbenennung unserer Schule (ehemals Gymnasium Rhauderfehn) stark zu machen und hatten damit Erfolg. Darauf sind wir besonders stolz!<\/li>\n<li>Nat\u00fcrlich haben wir auch an der Implementierung des neuen Schulnamens im Schulalltag z.B. durch ein neues Logo mitgearbeitet.<\/li>\n<li>Wir haben uns in der Fridays for Future Bewegung engagiert und die Teilnahme an Demonstrationen organisiert.<\/li>\n<li>Wir haben uns f\u00fcr mehr Sitzm\u00f6glichkeiten im Schulgeb\u00e4ude eingesetzt.<\/li>\n<li>Wir haben uns f\u00fcr den Bustransfer Freitags nach der achten Stunde stark gemacht.\n<p><figure id=\"attachment_18711\" aria-describedby=\"caption-attachment-18711\" style=\"width: 300px\" class=\"wp-caption alignright\"><a href=\"https:\/\/www.gymnasium-rhauderfehn.de\/wp-content\/uploads\/2022\/03\/DJI_0001.00_03_54_08.Standbild016-scaled.jpg\"><img loading=\"lazy\" decoding=\"async\" class=\"size-medium wp-image-18711\" src=\"https:\/\/www.gymnasium-rhauderfehn.de\/wp-content\/uploads\/2022\/03\/DJI_0001.00_03_54_08.Standbild016-300x169.jpg\" alt=\"\" width=\"300\" height=\"169\" srcset=\"https:\/\/www.gymnasium-rhauderfehn.de\/wp-content\/uploads\/2022\/03\/DJI_0001.00_03_54_08.Standbild016-300x169.jpg 300w, https:\/\/www.gymnasium-rhauderfehn.de\/wp-content\/uploads\/2022\/03\/DJI_0001.00_03_54_08.Standbild016-1024x576.jpg 1024w, https:\/\/www.gymnasium-rhauderfehn.de\/wp-content\/uploads\/2022\/03\/DJI_0001.00_03_54_08.Standbild016-768x432.jpg 768w, https:\/\/www.gymnasium-rhauderfehn.de\/wp-content\/uploads\/2022\/03\/DJI_0001.00_03_54_08.Standbild016-1536x864.jpg 1536w, https:\/\/www.gymnasium-rhauderfehn.de\/wp-content\/uploads\/2022\/03\/DJI_0001.00_03_54_08.Standbild016-2048x1152.jpg 2048w\" sizes=\"auto, (max-width: 300px) 100vw, 300px\" \/><\/a><figcaption id=\"caption-attachment-18711\" class=\"wp-caption-text\">Protestaktion f\u00fcr den Frieden<\/figcaption><\/figure><\/li>\n<li>In Rahmen des Homeschoolings w\u00e4hrend der Pandemie haben wir die R\u00fcckmeldungen der Sch\u00fclerschaft zum Distanzlernen organisiert und an die Schulleitung weitergegeben. Eine wirklich tolle und zielorientierte Zusammenarbeit.<\/li>\n<li>Im Jahr 2022 haben wir, ersch\u00fcttert von den Geschehnissen in der Ukraine, eine Schulweite Aktion f\u00fcr den Frieden gestartet und haben au\u00dferdem Sachspenden f\u00fcr die Kriegsopfer in der Ukraine gesammelt.<\/li>\n<li>Seit 2023 sind wir, durch das Bestreben der Sch\u00fclervertretung, Mitglied im Netzwerk &#8222;Schule ohne Rassismus, Schule mit Courage.\n<p><figure id=\"attachment_22084\" aria-describedby=\"caption-attachment-22084\" style=\"width: 140px\" class=\"wp-caption alignleft\"><a href=\"https:\/\/www.gymnasium-rhauderfehn.de\/wp-content\/uploads\/2025\/11\/PHOTO-2025-09-28-13-09-38.jpg\"><img loading=\"lazy\" decoding=\"async\" class=\" wp-image-22084\" src=\"https:\/\/www.gymnasium-rhauderfehn.de\/wp-content\/uploads\/2025\/11\/PHOTO-2025-09-28-13-09-38-169x300.jpg\" alt=\"\" width=\"140\" height=\"249\" srcset=\"https:\/\/www.gymnasium-rhauderfehn.de\/wp-content\/uploads\/2025\/11\/PHOTO-2025-09-28-13-09-38-169x300.jpg 169w, https:\/\/www.gymnasium-rhauderfehn.de\/wp-content\/uploads\/2025\/11\/PHOTO-2025-09-28-13-09-38-576x1024.jpg 576w, https:\/\/www.gymnasium-rhauderfehn.de\/wp-content\/uploads\/2025\/11\/PHOTO-2025-09-28-13-09-38-768x1365.jpg 768w, https:\/\/www.gymnasium-rhauderfehn.de\/wp-content\/uploads\/2025\/11\/PHOTO-2025-09-28-13-09-38-864x1536.jpg 864w, https:\/\/www.gymnasium-rhauderfehn.de\/wp-content\/uploads\/2025\/11\/PHOTO-2025-09-28-13-09-38.jpg 1080w\" sizes=\"auto, (max-width: 140px) 100vw, 140px\" \/><\/a><figcaption id=\"caption-attachment-22084\" class=\"wp-caption-text\">Glow Up &#8211; die Projektwoche zum Erwachsen werden<\/figcaption><\/figure><\/li>\n<li>Im Jahr 2025 fand eine Projektwoche statt, die von der Sch\u00fclervertretung angeregt und ma\u00dfgeblich mitgestaltet wurde. Ein Woche, in der es um uns Sch\u00fcler*innen und das Erwachsen werden ging.<\/li>\n<\/ul>\n<p>&nbsp;<\/p>\n<p><strong>Ihr habt Ideen? Ihr wollt unbedingt etwas los werden? Ihr m\u00f6chtet uns bei einer Aktion helfen? Meldet euch gern unter unserer Mailadresse oder in den SV-Pausen bei uns.<\/strong><\/p>\n<p>&nbsp;<\/p>\n<hr \/>\n<div id=\"postlisting\"><h1>Aktuelle Beitr\u00e4ge der SV<\/h1><div class=\"plposts\"><div class=\"plposthead\"><h3><a href=\"https:\/\/www.gymnasium-rhauderfehn.de\/?p=22271\">Learning from the Past \u2013 Acting for Europe\u2019s Future<\/a><\/h3><p class=\"info\"><i class=\"fa fa-calendar\"><\/i> 16. Dezember 2025 <i class=\"fa fa-user\"><\/i> Melanie Rolfes<\/p><\/div><div class=\"plpostcontent\"><p class=\"content\">Besuch der italienischen Partnerschule ISSIS Amaldi-Nevio am Albrecht-Weinberg-Gymnasium Unter dem Motto \u201eLearning from the Past \u2013 Acting for Europe\u2019s Future\u201c konnten wir in der vergangenen Woche Sch\u00fclerinnen und Sch\u00fcler unserer italienischen Partnerschule ISSIS Amaldi-Nevio aus [&hellip;]<\/p><\/div><\/div><div class=\"plposts\"><div class=\"plposthead\"><h3><a href=\"https:\/\/www.gymnasium-rhauderfehn.de\/?p=21873\">Die SV pflanzt einen Apfelbaum<\/a><\/h3><p class=\"info\"><i class=\"fa fa-calendar\"><\/i> 12. September 2025 <i class=\"fa fa-user\"><\/i> Ulrike Janssen<\/p><\/div><div class=\"plpostcontent\"><p class=\"content\">Die Sch\u00fclervertretung unserer Schule hat die Herausforderung des Max-Windm\u00fcller-Gymnasiums und der Kreisrealschule Overledingerland angenommen und auf dem Schulgel\u00e4nde einen Apfelbaum gepflanzt. Diese &#8222;Challenge&#8220; macht zurzeit auf Instagram die Runde. Die Kosten f\u00fcr das Apfelb\u00e4umchen \u00fcbernahm [&hellip;]<\/p><\/div><\/div><div class=\"plposts\"><div class=\"plposthead\"><h3><a href=\"https:\/\/www.gymnasium-rhauderfehn.de\/?p=21342\">Rosen zum Valentinstag<\/a><\/h3><p class=\"info\"><i class=\"fa fa-calendar\"><\/i> 24. Februar 2025 <i class=\"fa fa-user\"><\/i> Wiebke Rademacher<\/p><\/div><div class=\"plpostcontent\"><p class=\"content\">&nbsp; Am 14. Februar ist Valentinstag. Nat\u00fcrlich hat die SV auch in diesem Jahr f\u00fcr Liebe auf den Fluren und in den Klassenzimmern gesorgt und hat \u00fcber 200 Rosen an viele gl\u00fcckliche Empf\u00e4nger und Empf\u00e4ngerinnen [&hellip;]<\/p><\/div><\/div><div class=\"plposts\"><div class=\"plposthead\"><h3><a href=\"https:\/\/www.gymnasium-rhauderfehn.de\/?p=21118\">SV-Aktion: Weihnachtsgr\u00fc\u00dfe an Senior*innen<\/a><\/h3><p class=\"info\"><i class=\"fa fa-calendar\"><\/i> 15. Dezember 2024 <i class=\"fa fa-user\"><\/i> Ulrike Janssen<\/p><\/div><div class=\"plpostcontent\"><p class=\"content\">Die Sch\u00fclervertretung unserer Schule hat mit Unterst\u00fctzung der SV-Lehrerin Wiebke Rademacher wieder eine tolle Aktion initiiert: Sch\u00fcler*innen aller Klassen k\u00f6nnen nach eigenen Ideen Weihnachtskarten f\u00fcr Bewohner*innen von Altenheimen im Overledingerland basteln und schreiben. Die Karten [&hellip;]<\/p><\/div><\/div><div class=\"plposts\"><div class=\"plposthead\"><h3><a href=\"https:\/\/www.gymnasium-rhauderfehn.de\/?p=19797\">Rosen zum Valentinstag<\/a><\/h3><p class=\"info\"><i class=\"fa fa-calendar\"><\/i> 15. Februar 2023 <i class=\"fa fa-user\"><\/i> Wiebke Rademacher<\/p><\/div><div class=\"plpostcontent\"><p class=\"content\">&nbsp; Am 14. Februar war Valentinstag und auch an unserer Schule lag Liebe in der Luft. Nachdem es in der Woche vor dem Valentinstag die M\u00f6glichkeit gab, bei der SV eine Rose zu bestellen und [&hellip;]<\/p><\/div><\/div><div class=\"plposts\"><div class=\"plposthead\"><h3><a href=\"https:\/\/www.gymnasium-rhauderfehn.de\/?p=19604\">Kampagne &#8222;Schule ohne Rassismus &#8211; Schule f\u00fcr Courage&#8220; &#8211; Abstimmung erfolgreich beendet<\/a><\/h3><p class=\"info\"><i class=\"fa fa-calendar\"><\/i> 16. November 2022 <i class=\"fa fa-user\"><\/i> Ulrike Janssen<\/p><\/div><div class=\"plpostcontent\"><p class=\"content\">In den vergangenen Tagen fand unter allen Sch\u00fcler*innen, Lehrer*innen und weiteren Mitarbeiter*innen eine Abstimmung \u00fcber die Frage statt, ob das Albrecht-Weinberg-Gymnasium sich der Kampagne &#8222;Schule ohne Rassismus &#8211; Schule f\u00fcr Courage&#8220; anschlie\u00dfen soll. Heute Nachmittag [&hellip;]<\/p><\/div><\/div><div class=\"plposts\"><div class=\"plposthead\"><h3><a href=\"https:\/\/www.gymnasium-rhauderfehn.de\/?p=19393\">Die SV besucht den Kultusminister<\/a><\/h3><p class=\"info\"><i class=\"fa fa-calendar\"><\/i> 14. Juli 2022 <i class=\"fa fa-user\"><\/i> Wiebke Rademacher<\/p><\/div><div class=\"plpostcontent\"><p class=\"content\">W\u00e4hrend seines Besuchs am Albrecht-Weinberg-Gymnasium Rhauderfehn hatte der nieders\u00e4chsische Kultusminister, Grant Hendrik Tonne, die Sch\u00fclervertretung ins Kultusministerium eingeladen. Am letzten Schultag war es dann so weit: mit einer Abordnung von 5 Mitgliedern des Sprecherrates und [&hellip;]<\/p><\/div><\/div><div class=\"plposts\"><div class=\"plposthead\"><h3><a href=\"https:\/\/www.gymnasium-rhauderfehn.de\/?p=19296\">Kultusminister zu Besuch am Albrecht-Weinberg-Gymnasium<\/a><\/h3><p class=\"info\"><i class=\"fa fa-calendar\"><\/i> 7. Juni 2022 <i class=\"fa fa-user\"><\/i> Ulrike Janssen<\/p><\/div><div class=\"plpostcontent\"><p class=\"content\">Am vergangenen Donnerstag erhielt unsere Schule Besuch von allerh\u00f6chster Stelle: der nieders\u00e4chsische Kultusminister Grant Hendrik Tonne hatte sein Kommen angek\u00fcndigt. Angeschlossen haben sich diesem Besuch Frau Dr. Roy als schulfachliche Dezernentin beim Regionalen Landesamt f\u00fcr [&hellip;]<\/p><\/div><\/div><div class=\"plposts\"><div class=\"plposthead\"><h3><a href=\"https:\/\/www.gymnasium-rhauderfehn.de\/?p=18810\">Spendensammlung f\u00fcr die Kriegsopfer<\/a><\/h3><p class=\"info\"><i class=\"fa fa-calendar\"><\/i> 17. M\u00e4rz 2022 <i class=\"fa fa-user\"><\/i> Wiebke Rademacher<\/p><\/div><div class=\"plpostcontent\"><p class=\"content\">In der vergangenen Woche hatte die Sch\u00fclervertretung zur Spendensammlung f\u00fcr die Kriegsopfer in der Ukraine aufgerufen. Viele Sch\u00fcler*innen, Eltern und Lehrer*innen sind diesem Aufruf gefolgt und haben Sachspenden im SV Raum abgegeben. Am Dienstag gab [&hellip;]<\/p><\/div><\/div><div class=\"plposts\"><div class=\"plposthead\"><h3><a href=\"https:\/\/www.gymnasium-rhauderfehn.de\/?p=18695\">Herzlichen Gl\u00fcckwunsch, Albrecht Weinberg<\/a><\/h3><p class=\"info\"><i class=\"fa fa-calendar\"><\/i> 7. M\u00e4rz 2022 <i class=\"fa fa-user\"><\/i> Wiebke Rademacher<\/p><\/div><div class=\"plpostcontent\"><p class=\"content\">Am heutigen Montag, den 7. M\u00e4rz 2022 feierte unser Schulnamensgeber Albrecht Weinberg seinen 97. Geburstag. Zusammen mit Gerda D\u00e4nekas besuchte er auch an diesem besonderen Tag unsere Schule, um gemeinsam mit allen Sch\u00fclerinnen und Sch\u00fclern [&hellip;]<\/p><\/div><\/div><div class=\"plposts\"><div class=\"plposthead\"><h3><a href=\"https:\/\/www.gymnasium-rhauderfehn.de\/?p=18586\">Internationaler Holocaust-Gedenktag am Albrecht-Weinberg-Gymnasium<\/a><\/h3><p class=\"info\"><i class=\"fa fa-calendar\"><\/i> 27. Januar 2022 <i class=\"fa fa-user\"><\/i> Ulrike Janssen<\/p><\/div><div class=\"plpostcontent\"><p class=\"content\">Am Donnerstag, 27. Januar 2022 gedachten Sch\u00fcler*innen und Lehrer*innen auf dem Schulhof gemeinsam der Opfer des Holocaust.&nbsp; Sch\u00fclersprecher Leo L\u00fcken und Schulleiterin Frau Janssen erl\u00e4uterten den Hintergrund des Gedenkens: Vor 77 Jahren wurde das Vernichtungslager [&hellip;]<\/p><\/div><\/div><div class=\"plposts\"><div class=\"plposthead\"><h3><a href=\"https:\/\/www.gymnasium-rhauderfehn.de\/?p=18353\">Verabschiedung der Sch\u00fclersprecher<\/a><\/h3><p class=\"info\"><i class=\"fa fa-calendar\"><\/i> 13. Juli 2021 <i class=\"fa fa-user\"><\/i> Anke Chudzinski-Schubert<\/p><\/div><div class=\"plpostcontent\"><p class=\"content\">Ein wichtiger Lebensabschnitt ging f\u00fcr die Sch\u00fcler:innen des 13. Jahrgangs unserer Schule vorbei. Die Entlassungsfeier der Abiturient:innen f\u00fchrte bei Sch\u00fcler:innen, Eltern als auch bei Lehrer:innen f\u00fcr weinende aber auch lachende Augen. Auch im Sprecherrat m\u00fcssen [&hellip;]<\/p><\/div><\/div><div class=\"plposts\"><div class=\"plposthead\"><h3><a href=\"https:\/\/www.gymnasium-rhauderfehn.de\/?p=18296\">Ehrenabitur f\u00fcr Albrecht Weinberg<\/a><\/h3><p class=\"info\"><i class=\"fa fa-calendar\"><\/i> 4. Juli 2021 <i class=\"fa fa-user\"><\/i> Ulrike Janssen<\/p><\/div><div class=\"plpostcontent\"><p class=\"content\">Im Rahmen der diesj\u00e4hrigen Abiturfeierlichkeiten an \u201eseinem\u201c Gymnasium wurde dem Namensgeber Albrecht Weinberg am 3. Juli 2021 das Ehrenabitur verliehen. Herr Weinberg, dem in seiner Jugend ein Schulabschluss aufgrund der mit der Nazi-Gewaltherrschaft einhergehenden Judenverfolgung [&hellip;]<\/p><\/div><\/div><div class=\"plposts\"><div class=\"plposthead\"><h3><a href=\"https:\/\/www.gymnasium-rhauderfehn.de\/?p=17835\">Herzlichen Gl\u00fcckwunsch, Albrecht Weinberg<\/a><\/h3><p class=\"info\"><i class=\"fa fa-calendar\"><\/i> 7. M\u00e4rz 2021 <i class=\"fa fa-user\"><\/i> Wiebke Rademacher<\/p><\/div><div class=\"plpostcontent\"><p class=\"content\">Heute, am 7. M\u00e4rz 2021 feiert der Namensgeber unserer Schule, Albrecht Weinberg, seinen 96. Geburtstag. Nachdem sich die Sch\u00fclervertretung seit 2019 f\u00fcr die \u00c4nderung des Schulnamens eingesetzt hatte, freuen wir uns nat\u00fcrlich besonders, dass wir [&hellip;]<\/p><\/div><\/div><\/div>\n<p>&nbsp;<\/p>\n","protected":false},"excerpt":{"rendered":"<p>Was macht die SV? Die Sch\u00fclervertretung am Albrecht-Weinberg-Gymnasium ist sehr aktiv und versucht, durch verschiedene Projekte und Aktionen das Schulleben zu gestalten und zu bereichern. Unsere Aufgabe, die Sch\u00fcler*innenschaft an unserer Schule zu vertreten, nehmen [&hellip;]<\/p>\n","protected":false},"author":1,"featured_media":0,"parent":7272,"menu_order":2,"comment_status":"closed","ping_status":"closed","template":"","meta":{"ngg_post_thumbnail":0,"footnotes":""},"class_list":["post-7922","page","type-page","status-publish","hentry"],"_links":{"self":[{"href":"https:\/\/www.gymnasium-rhauderfehn.de\/index.php?rest_route=\/wp\/v2\/pages\/7922","targetHints":{"allow":["GET"]}}],"collection":[{"href":"https:\/\/www.gymnasium-rhauderfehn.de\/index.php?rest_route=\/wp\/v2\/pages"}],"about":[{"href":"https:\/\/www.gymnasium-rhauderfehn.de\/index.php?rest_route=\/wp\/v2\/types\/page"}],"author":[{"embeddable":true,"href":"https:\/\/www.gymnasium-rhauderfehn.de\/index.php?rest_route=\/wp\/v2\/users\/1"}],"replies":[{"embeddable":true,"href":"https:\/\/www.gymnasium-rhauderfehn.de\/index.php?rest_route=%2Fwp%2Fv2%2Fcomments&post=7922"}],"version-history":[{"count":13,"href":"https:\/\/www.gymnasium-rhauderfehn.de\/index.php?rest_route=\/wp\/v2\/pages\/7922\/revisions"}],"predecessor-version":[{"id":22085,"href":"https:\/\/www.gymnasium-rhauderfehn.de\/index.php?rest_route=\/wp\/v2\/pages\/7922\/revisions\/22085"}],"up":[{"embeddable":true,"href":"https:\/\/www.gymnasium-rhauderfehn.de\/index.php?rest_route=\/wp\/v2\/pages\/7272"}],"wp:attachment":[{"href":"https:\/\/www.gymnasium-rhauderfehn.de\/index.php?rest_route=%2Fwp%2Fv2%2Fmedia&parent=7922"}],"curies":[{"name":"wp","href":"https:\/\/api.w.org\/{rel}","templated":true}]}}